{"id":88,"date":"2022-10-01T22:18:44","date_gmt":"2022-10-01T20:18:44","guid":{"rendered":"http:\/\/foyer.test\/index.php\/couture\/"},"modified":"2026-03-27T17:21:39","modified_gmt":"2026-03-27T16:21:39","slug":"couture","status":"publish","type":"page","link":"https:\/\/foyer-laique-verfeil.fr\/index.php\/couture\/","title":{"rendered":"Couture Saison 2025 \/ 2026"},"content":{"rendered":"\n<div class=\"wp-block-columns is-layout-flex wp-container-core-columns-is-layout-9d6595d7 wp-block-columns-is-layout-flex\">\n<div class=\"wp-block-column has-pale-ocean-gradient-background has-background is-layout-flow wp-block-column-is-layout-flow\" style=\"flex-basis:40%\">\n<h4 class=\"wp-block-heading\">Agenda Couture<\/h4>\n\n\n\n<iframe loading=\"lazy\" src=\"https:\/\/calendar.google.com\/calendar\/embed?src=3a4a04a78138ce2a56eac724d9f32313d316675ba84ca8dace2022bdcd8c7d12%40group.calendar.google.com&#038;ctz=Europe%2FParis\" style=\"border: 0\" width=\"800\" height=\"600\" frameborder=\"0\" scrolling=\"no\"><\/iframe>\n<\/div>\n\n\n\n<div class=\"wp-block-column has-background is-layout-flow wp-block-column-is-layout-flow\" style=\"background-color:#fcb90036;flex-basis:20%\">\n<h4 class=\"wp-block-heading has-text-align-center\">Infos Activit\u00e9<\/h4>\n\n\n\n<p class=\"has-text-align-center has-text-color\" style=\"color:#b71414\"><strong><em>RDV <\/em>: <\/strong><em><strong>1 jeudi sur 2<br>de 14H \u00e0 17H<\/strong><br>hors vacances scolaires<strong><br>Salle du Foyer<\/strong><\/em><\/p>\n\n\n\n<p class=\"has-text-align-center has-text-color\" style=\"color:#16117b\"><strong><em>Contact :<br>Martine S\u00c9BASTIEN<br>06 17 73 10 67<\/em><\/strong><\/p>\n\n\n\n<p class=\"has-text-align-center has-text-color\" style=\"color:#129c14\"><strong>R\u00e9serv\u00e9 aux adh\u00e9rents (effectif limit\u00e9)<\/strong><\/p>\n\n\n\n<p class=\"has-text-align-center has-vivid-red-color has-text-color has-medium-font-size\"><strong>PROCHAINS<br>RENDEZ-VOUS<br>Jeudi 11 Septembre<\/strong><\/p>\n<\/div>\n\n\n\n<div class=\"wp-block-column has-pale-ocean-gradient-background has-background is-layout-flow wp-block-column-is-layout-flow\" style=\"flex-basis:40%\">\n<h4 class=\"wp-block-heading\">Comment venir au foyer ?<\/h4>\n\n\n\n<iframe src=\"https:\/\/www.google.com\/maps\/embed?pb=!1m18!1m12!1m3!1d2886.4609011493276!2d1.6619259154979529!3d43.65938337912113!2m3!1f0!2f0!3f0!3m2!1i1024!2i768!4f13.1!3m3!1m2!1s0xb73404760218077%3A0xed2cdbc176974289!2sFOYER%20LAIQUE!5e0!3m2!1sfr!2sfr!4v1664627997095!5m2!1sfr!2sfr\" style=\"border:0;\" allowfullscreen=\"\" loading=\"lazy\" referrerpolicy=\"no-referrer-when-downgrade\" width=\"600\" height=\"450\"><\/iframe>\n<\/div>\n<\/div>\n\n\n\n<div class=\"wp-block-columns is-layout-flex wp-container-core-columns-is-layout-9d6595d7 wp-block-columns-is-layout-flex\">\n<div class=\"wp-block-column is-layout-flow wp-block-column-is-layout-flow\" style=\"flex-basis:33.33%\">\n<h3 class=\"wp-block-heading\">Carnaval pour finir l&rsquo;hiver et toujours une bonne ambiance !<br>Nous cherchons encore un(e) intervenant(e) pour la saison prochaine.<br>Venez \u00e0 la rencontre du groupe pour vous convaincre de p\u00e9renniser cet atelier. <\/h3>\n<\/div>\n\n\n\n<div class=\"wp-block-column is-layout-flow wp-block-column-is-layout-flow\" style=\"flex-basis:66.66%\">\n<figure class=\"wp-block-gallery has-nested-images columns-4 is-cropped wp-block-gallery-1 is-layout-flex wp-block-gallery-is-layout-flex\">\n<figure class=\"wp-block-image size-large\"><a href=\"https:\/\/foyer-laique-verfeil.fr\/wp-content\/uploads\/2026\/03\/2026-03-26-7.jpeg\" data-lbwps-gid=\"2\" data-lbwps-width=\"1200\" data-lbwps-height=\"1600\" data-lbwps-srcsmall=\"https:\/\/foyer-laique-verfeil.fr\/wp-content\/uploads\/2026\/03\/2026-03-26-7-225x300.jpeg\"><img loading=\"lazy\" decoding=\"async\" width=\"768\" height=\"1024\" data-id=\"40253\" src=\"https:\/\/foyer-laique-verfeil.fr\/wp-content\/uploads\/2026\/03\/2026-03-26-7-768x1024.jpeg\" alt=\"\" class=\"wp-image-40253\" srcset=\"https:\/\/foyer-laique-verfeil.fr\/wp-content\/uploads\/2026\/03\/2026-03-26-7-768x1024.jpeg 768w, https:\/\/foyer-laique-verfeil.fr\/wp-content\/uploads\/2026\/03\/2026-03-26-7-225x300.jpeg 225w, https:\/\/foyer-laique-verfeil.fr\/wp-content\/uploads\/2026\/03\/2026-03-26-7-1152x1536.jpeg 1152w, https:\/\/foyer-laique-verfeil.fr\/wp-content\/uploads\/2026\/03\/2026-03-26-7-1140x1520.jpeg 1140w, https:\/\/foyer-laique-verfeil.fr\/wp-content\/uploads\/2026\/03\/2026-03-26-7.jpeg 1200w\" sizes=\"auto, (max-width: 768px) 100vw, 768px\" \/><\/a><\/figure>\n\n\n\n<figure class=\"wp-block-image size-large\"><a href=\"https:\/\/foyer-laique-verfeil.fr\/wp-content\/uploads\/2026\/03\/2026-03-26-8.jpeg\" data-lbwps-gid=\"2\" data-lbwps-width=\"1200\" data-lbwps-height=\"1600\" data-lbwps-srcsmall=\"https:\/\/foyer-laique-verfeil.fr\/wp-content\/uploads\/2026\/03\/2026-03-26-8-225x300.jpeg\"><img loading=\"lazy\" decoding=\"async\" width=\"768\" height=\"1024\" data-id=\"40254\" src=\"https:\/\/foyer-laique-verfeil.fr\/wp-content\/uploads\/2026\/03\/2026-03-26-8-768x1024.jpeg\" alt=\"\" class=\"wp-image-40254\" srcset=\"https:\/\/foyer-laique-verfeil.fr\/wp-content\/uploads\/2026\/03\/2026-03-26-8-768x1024.jpeg 768w, https:\/\/foyer-laique-verfeil.fr\/wp-content\/uploads\/2026\/03\/2026-03-26-8-225x300.jpeg 225w, https:\/\/foyer-laique-verfeil.fr\/wp-content\/uploads\/2026\/03\/2026-03-26-8-1152x1536.jpeg 1152w, https:\/\/foyer-laique-verfeil.fr\/wp-content\/uploads\/2026\/03\/2026-03-26-8-1140x1520.jpeg 1140w, https:\/\/foyer-laique-verfeil.fr\/wp-content\/uploads\/2026\/03\/2026-03-26-8.jpeg 1200w\" sizes=\"auto, (max-width: 768px) 100vw, 768px\" \/><\/a><\/figure>\n\n\n\n<figure class=\"wp-block-image size-large\"><a href=\"https:\/\/foyer-laique-verfeil.fr\/wp-content\/uploads\/2026\/03\/2026-03-26-5.jpeg\" data-lbwps-gid=\"2\" data-lbwps-width=\"1200\" data-lbwps-height=\"1600\" data-lbwps-srcsmall=\"https:\/\/foyer-laique-verfeil.fr\/wp-content\/uploads\/2026\/03\/2026-03-26-5-225x300.jpeg\"><img loading=\"lazy\" decoding=\"async\" width=\"768\" height=\"1024\" data-id=\"40251\" src=\"https:\/\/foyer-laique-verfeil.fr\/wp-content\/uploads\/2026\/03\/2026-03-26-5-768x1024.jpeg\" alt=\"\" class=\"wp-image-40251\" srcset=\"https:\/\/foyer-laique-verfeil.fr\/wp-content\/uploads\/2026\/03\/2026-03-26-5-768x1024.jpeg 768w, https:\/\/foyer-laique-verfeil.fr\/wp-content\/uploads\/2026\/03\/2026-03-26-5-225x300.jpeg 225w, https:\/\/foyer-laique-verfeil.fr\/wp-content\/uploads\/2026\/03\/2026-03-26-5-1152x1536.jpeg 1152w, https:\/\/foyer-laique-verfeil.fr\/wp-content\/uploads\/2026\/03\/2026-03-26-5-1140x1520.jpeg 1140w, https:\/\/foyer-laique-verfeil.fr\/wp-content\/uploads\/2026\/03\/2026-03-26-5.jpeg 1200w\" sizes=\"auto, (max-width: 768px) 100vw, 768px\" \/><\/a><\/figure>\n\n\n\n<figure class=\"wp-block-image size-large\"><a href=\"https:\/\/foyer-laique-verfeil.fr\/wp-content\/uploads\/2026\/03\/2026-03-26-6.jpeg\" data-lbwps-gid=\"2\" data-lbwps-width=\"1125\" data-lbwps-height=\"1500\" data-lbwps-srcsmall=\"https:\/\/foyer-laique-verfeil.fr\/wp-content\/uploads\/2026\/03\/2026-03-26-6-225x300.jpeg\"><img loading=\"lazy\" decoding=\"async\" width=\"768\" height=\"1024\" data-id=\"40252\" src=\"https:\/\/foyer-laique-verfeil.fr\/wp-content\/uploads\/2026\/03\/2026-03-26-6-768x1024.jpeg\" alt=\"\" class=\"wp-image-40252\" srcset=\"https:\/\/foyer-laique-verfeil.fr\/wp-content\/uploads\/2026\/03\/2026-03-26-6-768x1024.jpeg 768w, https:\/\/foyer-laique-verfeil.fr\/wp-content\/uploads\/2026\/03\/2026-03-26-6-225x300.jpeg 225w, https:\/\/foyer-laique-verfeil.fr\/wp-content\/uploads\/2026\/03\/2026-03-26-6.jpeg 1125w\" sizes=\"auto, (max-width: 768px) 100vw, 768px\" \/><\/a><\/figure>\n\n\n\n<figure class=\"wp-block-image size-large\"><a href=\"https:\/\/foyer-laique-verfeil.fr\/wp-content\/uploads\/2026\/03\/2026-03-26-4.jpeg\" data-lbwps-gid=\"2\" data-lbwps-width=\"1600\" data-lbwps-height=\"1200\" data-lbwps-srcsmall=\"https:\/\/foyer-laique-verfeil.fr\/wp-content\/uploads\/2026\/03\/2026-03-26-4-300x225.jpeg\"><img loading=\"lazy\" decoding=\"async\" width=\"1024\" height=\"768\" data-id=\"40250\" src=\"https:\/\/foyer-laique-verfeil.fr\/wp-content\/uploads\/2026\/03\/2026-03-26-4-1024x768.jpeg\" alt=\"\" class=\"wp-image-40250\" srcset=\"https:\/\/foyer-laique-verfeil.fr\/wp-content\/uploads\/2026\/03\/2026-03-26-4-1024x768.jpeg 1024w, https:\/\/foyer-laique-verfeil.fr\/wp-content\/uploads\/2026\/03\/2026-03-26-4-300x225.jpeg 300w, https:\/\/foyer-laique-verfeil.fr\/wp-content\/uploads\/2026\/03\/2026-03-26-4-768x576.jpeg 768w, https:\/\/foyer-laique-verfeil.fr\/wp-content\/uploads\/2026\/03\/2026-03-26-4-1536x1152.jpeg 1536w, https:\/\/foyer-laique-verfeil.fr\/wp-content\/uploads\/2026\/03\/2026-03-26-4-1140x855.jpeg 1140w, https:\/\/foyer-laique-verfeil.fr\/wp-content\/uploads\/2026\/03\/2026-03-26-4.jpeg 1600w\" sizes=\"auto, (max-width: 1024px) 100vw, 1024px\" \/><\/a><\/figure>\n\n\n\n<figure class=\"wp-block-image size-large\"><a href=\"https:\/\/foyer-laique-verfeil.fr\/wp-content\/uploads\/2026\/03\/2026-03-26-3.jpeg\" data-lbwps-gid=\"2\" data-lbwps-width=\"1200\" data-lbwps-height=\"1600\" data-lbwps-srcsmall=\"https:\/\/foyer-laique-verfeil.fr\/wp-content\/uploads\/2026\/03\/2026-03-26-3-225x300.jpeg\"><img loading=\"lazy\" decoding=\"async\" width=\"768\" height=\"1024\" data-id=\"40249\" src=\"https:\/\/foyer-laique-verfeil.fr\/wp-content\/uploads\/2026\/03\/2026-03-26-3-768x1024.jpeg\" alt=\"\" class=\"wp-image-40249\" srcset=\"https:\/\/foyer-laique-verfeil.fr\/wp-content\/uploads\/2026\/03\/2026-03-26-3-768x1024.jpeg 768w, https:\/\/foyer-laique-verfeil.fr\/wp-content\/uploads\/2026\/03\/2026-03-26-3-225x300.jpeg 225w, https:\/\/foyer-laique-verfeil.fr\/wp-content\/uploads\/2026\/03\/2026-03-26-3-1152x1536.jpeg 1152w, https:\/\/foyer-laique-verfeil.fr\/wp-content\/uploads\/2026\/03\/2026-03-26-3-1140x1520.jpeg 1140w, https:\/\/foyer-laique-verfeil.fr\/wp-content\/uploads\/2026\/03\/2026-03-26-3.jpeg 1200w\" sizes=\"auto, (max-width: 768px) 100vw, 768px\" \/><\/a><\/figure>\n\n\n\n<figure class=\"wp-block-image size-large\"><a href=\"https:\/\/foyer-laique-verfeil.fr\/wp-content\/uploads\/2026\/03\/2026-03-26-2.jpeg\" data-lbwps-gid=\"2\" data-lbwps-width=\"1200\" data-lbwps-height=\"1600\" data-lbwps-srcsmall=\"https:\/\/foyer-laique-verfeil.fr\/wp-content\/uploads\/2026\/03\/2026-03-26-2-225x300.jpeg\"><img loading=\"lazy\" decoding=\"async\" width=\"768\" height=\"1024\" data-id=\"40248\" src=\"https:\/\/foyer-laique-verfeil.fr\/wp-content\/uploads\/2026\/03\/2026-03-26-2-768x1024.jpeg\" alt=\"\" class=\"wp-image-40248\" srcset=\"https:\/\/foyer-laique-verfeil.fr\/wp-content\/uploads\/2026\/03\/2026-03-26-2-768x1024.jpeg 768w, https:\/\/foyer-laique-verfeil.fr\/wp-content\/uploads\/2026\/03\/2026-03-26-2-225x300.jpeg 225w, https:\/\/foyer-laique-verfeil.fr\/wp-content\/uploads\/2026\/03\/2026-03-26-2-1152x1536.jpeg 1152w, https:\/\/foyer-laique-verfeil.fr\/wp-content\/uploads\/2026\/03\/2026-03-26-2-1140x1520.jpeg 1140w, https:\/\/foyer-laique-verfeil.fr\/wp-content\/uploads\/2026\/03\/2026-03-26-2.jpeg 1200w\" sizes=\"auto, (max-width: 768px) 100vw, 768px\" \/><\/a><\/figure>\n\n\n\n<figure class=\"wp-block-image size-large\"><a href=\"https:\/\/foyer-laique-verfeil.fr\/wp-content\/uploads\/2026\/03\/2026-03-26-1.jpeg\" data-lbwps-gid=\"2\" data-lbwps-width=\"1200\" data-lbwps-height=\"1600\" data-lbwps-srcsmall=\"https:\/\/foyer-laique-verfeil.fr\/wp-content\/uploads\/2026\/03\/2026-03-26-1-225x300.jpeg\"><img loading=\"lazy\" decoding=\"async\" width=\"768\" height=\"1024\" data-id=\"40247\" src=\"https:\/\/foyer-laique-verfeil.fr\/wp-content\/uploads\/2026\/03\/2026-03-26-1-768x1024.jpeg\" alt=\"\" class=\"wp-image-40247\" srcset=\"https:\/\/foyer-laique-verfeil.fr\/wp-content\/uploads\/2026\/03\/2026-03-26-1-768x1024.jpeg 768w, https:\/\/foyer-laique-verfeil.fr\/wp-content\/uploads\/2026\/03\/2026-03-26-1-225x300.jpeg 225w, https:\/\/foyer-laique-verfeil.fr\/wp-content\/uploads\/2026\/03\/2026-03-26-1-1152x1536.jpeg 1152w, https:\/\/foyer-laique-verfeil.fr\/wp-content\/uploads\/2026\/03\/2026-03-26-1-1140x1520.jpeg 1140w, https:\/\/foyer-laique-verfeil.fr\/wp-content\/uploads\/2026\/03\/2026-03-26-1.jpeg 1200w\" sizes=\"auto, (max-width: 768px) 100vw, 768px\" \/><\/a><\/figure>\n<\/figure>\n<\/div>\n<\/div>\n\n\n\n<h3 class=\"wp-block-heading has-text-align-center has-background\" style=\"background-color:#d5f78f61\">Des paquets cadeaux, des centres de tables, une veste pour l&rsquo;hiver<br>et un acompte de douceurs partag\u00e9 pour finir 2025<\/h3>\n\n\n\n<figure class=\"wp-block-gallery has-nested-images columns-7 is-cropped wp-block-gallery-2 is-layout-flex wp-block-gallery-is-layout-flex\">\n<figure class=\"wp-block-image size-large\"><a href=\"https:\/\/foyer-laique-verfeil.fr\/wp-content\/uploads\/2025\/12\/Pochette-cadeau-2.jpeg\" data-lbwps-gid=\"3\" data-lbwps-width=\"1200\" data-lbwps-height=\"1600\" data-lbwps-srcsmall=\"https:\/\/foyer-laique-verfeil.fr\/wp-content\/uploads\/2025\/12\/Pochette-cadeau-2-225x300.jpeg\"><img loading=\"lazy\" decoding=\"async\" width=\"768\" height=\"1024\" data-id=\"40063\" src=\"https:\/\/foyer-laique-verfeil.fr\/wp-content\/uploads\/2025\/12\/Pochette-cadeau-2-768x1024.jpeg\" alt=\"\" class=\"wp-image-40063\" srcset=\"https:\/\/foyer-laique-verfeil.fr\/wp-content\/uploads\/2025\/12\/Pochette-cadeau-2-768x1024.jpeg 768w, https:\/\/foyer-laique-verfeil.fr\/wp-content\/uploads\/2025\/12\/Pochette-cadeau-2-225x300.jpeg 225w, https:\/\/foyer-laique-verfeil.fr\/wp-content\/uploads\/2025\/12\/Pochette-cadeau-2-1152x1536.jpeg 1152w, https:\/\/foyer-laique-verfeil.fr\/wp-content\/uploads\/2025\/12\/Pochette-cadeau-2-1140x1520.jpeg 1140w, https:\/\/foyer-laique-verfeil.fr\/wp-content\/uploads\/2025\/12\/Pochette-cadeau-2.jpeg 1200w\" sizes=\"auto, (max-width: 768px) 100vw, 768px\" \/><\/a><\/figure>\n\n\n\n<figure class=\"wp-block-image size-large\"><a href=\"https:\/\/foyer-laique-verfeil.fr\/wp-content\/uploads\/2025\/12\/Pochette-cadeau-1.jpeg\" data-lbwps-gid=\"3\" data-lbwps-width=\"1200\" data-lbwps-height=\"1600\" data-lbwps-srcsmall=\"https:\/\/foyer-laique-verfeil.fr\/wp-content\/uploads\/2025\/12\/Pochette-cadeau-1-225x300.jpeg\"><img loading=\"lazy\" decoding=\"async\" width=\"768\" height=\"1024\" data-id=\"40062\" src=\"https:\/\/foyer-laique-verfeil.fr\/wp-content\/uploads\/2025\/12\/Pochette-cadeau-1-768x1024.jpeg\" alt=\"\" class=\"wp-image-40062\" srcset=\"https:\/\/foyer-laique-verfeil.fr\/wp-content\/uploads\/2025\/12\/Pochette-cadeau-1-768x1024.jpeg 768w, https:\/\/foyer-laique-verfeil.fr\/wp-content\/uploads\/2025\/12\/Pochette-cadeau-1-225x300.jpeg 225w, https:\/\/foyer-laique-verfeil.fr\/wp-content\/uploads\/2025\/12\/Pochette-cadeau-1-1152x1536.jpeg 1152w, https:\/\/foyer-laique-verfeil.fr\/wp-content\/uploads\/2025\/12\/Pochette-cadeau-1-1140x1520.jpeg 1140w, https:\/\/foyer-laique-verfeil.fr\/wp-content\/uploads\/2025\/12\/Pochette-cadeau-1.jpeg 1200w\" sizes=\"auto, (max-width: 768px) 100vw, 768px\" \/><\/a><\/figure>\n\n\n\n<figure class=\"wp-block-image size-large\"><a href=\"https:\/\/foyer-laique-verfeil.fr\/wp-content\/uploads\/2025\/12\/Centre-de-table-7.jpeg\" data-lbwps-gid=\"3\" data-lbwps-width=\"1200\" data-lbwps-height=\"1599\" data-lbwps-srcsmall=\"https:\/\/foyer-laique-verfeil.fr\/wp-content\/uploads\/2025\/12\/Centre-de-table-7-225x300.jpeg\"><img loading=\"lazy\" decoding=\"async\" width=\"768\" height=\"1024\" data-id=\"40061\" src=\"https:\/\/foyer-laique-verfeil.fr\/wp-content\/uploads\/2025\/12\/Centre-de-table-7-768x1024.jpeg\" alt=\"\" class=\"wp-image-40061\" srcset=\"https:\/\/foyer-laique-verfeil.fr\/wp-content\/uploads\/2025\/12\/Centre-de-table-7-768x1023.jpeg 768w, https:\/\/foyer-laique-verfeil.fr\/wp-content\/uploads\/2025\/12\/Centre-de-table-7-225x300.jpeg 225w, https:\/\/foyer-laique-verfeil.fr\/wp-content\/uploads\/2025\/12\/Centre-de-table-7-1153x1536.jpeg 1153w, https:\/\/foyer-laique-verfeil.fr\/wp-content\/uploads\/2025\/12\/Centre-de-table-7-1140x1519.jpeg 1140w, https:\/\/foyer-laique-verfeil.fr\/wp-content\/uploads\/2025\/12\/Centre-de-table-7.jpeg 1200w\" sizes=\"auto, (max-width: 768px) 100vw, 768px\" \/><\/a><\/figure>\n\n\n\n<figure class=\"wp-block-image size-large\"><a href=\"https:\/\/foyer-laique-verfeil.fr\/wp-content\/uploads\/2025\/12\/Centre-de-table-6.jpeg\" data-lbwps-gid=\"3\" data-lbwps-width=\"1200\" data-lbwps-height=\"1600\" data-lbwps-srcsmall=\"https:\/\/foyer-laique-verfeil.fr\/wp-content\/uploads\/2025\/12\/Centre-de-table-6-225x300.jpeg\"><img loading=\"lazy\" decoding=\"async\" width=\"768\" height=\"1024\" data-id=\"40060\" src=\"https:\/\/foyer-laique-verfeil.fr\/wp-content\/uploads\/2025\/12\/Centre-de-table-6-768x1024.jpeg\" alt=\"\" class=\"wp-image-40060\" srcset=\"https:\/\/foyer-laique-verfeil.fr\/wp-content\/uploads\/2025\/12\/Centre-de-table-6-768x1024.jpeg 768w, https:\/\/foyer-laique-verfeil.fr\/wp-content\/uploads\/2025\/12\/Centre-de-table-6-225x300.jpeg 225w, https:\/\/foyer-laique-verfeil.fr\/wp-content\/uploads\/2025\/12\/Centre-de-table-6-1152x1536.jpeg 1152w, https:\/\/foyer-laique-verfeil.fr\/wp-content\/uploads\/2025\/12\/Centre-de-table-6-1140x1520.jpeg 1140w, https:\/\/foyer-laique-verfeil.fr\/wp-content\/uploads\/2025\/12\/Centre-de-table-6.jpeg 1200w\" sizes=\"auto, (max-width: 768px) 100vw, 768px\" \/><\/a><\/figure>\n\n\n\n<figure class=\"wp-block-image size-large\"><a href=\"https:\/\/foyer-laique-verfeil.fr\/wp-content\/uploads\/2025\/12\/Centre-de-table-5.jpeg\" data-lbwps-gid=\"3\" data-lbwps-width=\"1200\" data-lbwps-height=\"1600\" data-lbwps-srcsmall=\"https:\/\/foyer-laique-verfeil.fr\/wp-content\/uploads\/2025\/12\/Centre-de-table-5-225x300.jpeg\"><img loading=\"lazy\" decoding=\"async\" width=\"768\" height=\"1024\" data-id=\"40059\" src=\"https:\/\/foyer-laique-verfeil.fr\/wp-content\/uploads\/2025\/12\/Centre-de-table-5-768x1024.jpeg\" alt=\"\" class=\"wp-image-40059\" srcset=\"https:\/\/foyer-laique-verfeil.fr\/wp-content\/uploads\/2025\/12\/Centre-de-table-5-768x1024.jpeg 768w, https:\/\/foyer-laique-verfeil.fr\/wp-content\/uploads\/2025\/12\/Centre-de-table-5-225x300.jpeg 225w, https:\/\/foyer-laique-verfeil.fr\/wp-content\/uploads\/2025\/12\/Centre-de-table-5-1152x1536.jpeg 1152w, https:\/\/foyer-laique-verfeil.fr\/wp-content\/uploads\/2025\/12\/Centre-de-table-5-1140x1520.jpeg 1140w, https:\/\/foyer-laique-verfeil.fr\/wp-content\/uploads\/2025\/12\/Centre-de-table-5.jpeg 1200w\" sizes=\"auto, (max-width: 768px) 100vw, 768px\" \/><\/a><\/figure>\n\n\n\n<figure class=\"wp-block-image size-large\"><a href=\"https:\/\/foyer-laique-verfeil.fr\/wp-content\/uploads\/2025\/12\/Centre-de-table-4.jpeg\" data-lbwps-gid=\"3\" data-lbwps-width=\"1200\" data-lbwps-height=\"1600\" data-lbwps-srcsmall=\"https:\/\/foyer-laique-verfeil.fr\/wp-content\/uploads\/2025\/12\/Centre-de-table-4-225x300.jpeg\"><img loading=\"lazy\" decoding=\"async\" width=\"768\" height=\"1024\" data-id=\"40058\" src=\"https:\/\/foyer-laique-verfeil.fr\/wp-content\/uploads\/2025\/12\/Centre-de-table-4-768x1024.jpeg\" alt=\"\" class=\"wp-image-40058\" srcset=\"https:\/\/foyer-laique-verfeil.fr\/wp-content\/uploads\/2025\/12\/Centre-de-table-4-768x1024.jpeg 768w, https:\/\/foyer-laique-verfeil.fr\/wp-content\/uploads\/2025\/12\/Centre-de-table-4-225x300.jpeg 225w, https:\/\/foyer-laique-verfeil.fr\/wp-content\/uploads\/2025\/12\/Centre-de-table-4-1152x1536.jpeg 1152w, https:\/\/foyer-laique-verfeil.fr\/wp-content\/uploads\/2025\/12\/Centre-de-table-4-1140x1520.jpeg 1140w, https:\/\/foyer-laique-verfeil.fr\/wp-content\/uploads\/2025\/12\/Centre-de-table-4.jpeg 1200w\" sizes=\"auto, (max-width: 768px) 100vw, 768px\" \/><\/a><\/figure>\n\n\n\n<figure class=\"wp-block-image size-large\"><a href=\"https:\/\/foyer-laique-verfeil.fr\/wp-content\/uploads\/2025\/12\/Centre-de-table-3.jpeg\" data-lbwps-gid=\"3\" data-lbwps-width=\"1200\" data-lbwps-height=\"1600\" data-lbwps-srcsmall=\"https:\/\/foyer-laique-verfeil.fr\/wp-content\/uploads\/2025\/12\/Centre-de-table-3-225x300.jpeg\"><img loading=\"lazy\" decoding=\"async\" width=\"768\" height=\"1024\" data-id=\"40057\" src=\"https:\/\/foyer-laique-verfeil.fr\/wp-content\/uploads\/2025\/12\/Centre-de-table-3-768x1024.jpeg\" alt=\"\" class=\"wp-image-40057\" srcset=\"https:\/\/foyer-laique-verfeil.fr\/wp-content\/uploads\/2025\/12\/Centre-de-table-3-768x1024.jpeg 768w, https:\/\/foyer-laique-verfeil.fr\/wp-content\/uploads\/2025\/12\/Centre-de-table-3-225x300.jpeg 225w, https:\/\/foyer-laique-verfeil.fr\/wp-content\/uploads\/2025\/12\/Centre-de-table-3-1152x1536.jpeg 1152w, https:\/\/foyer-laique-verfeil.fr\/wp-content\/uploads\/2025\/12\/Centre-de-table-3-1140x1520.jpeg 1140w, https:\/\/foyer-laique-verfeil.fr\/wp-content\/uploads\/2025\/12\/Centre-de-table-3.jpeg 1200w\" sizes=\"auto, (max-width: 768px) 100vw, 768px\" \/><\/a><\/figure>\n\n\n\n<figure class=\"wp-block-image size-large\"><a href=\"https:\/\/foyer-laique-verfeil.fr\/wp-content\/uploads\/2025\/12\/Centre-de-table-2.jpeg\" data-lbwps-gid=\"3\" data-lbwps-width=\"1200\" data-lbwps-height=\"1600\" data-lbwps-srcsmall=\"https:\/\/foyer-laique-verfeil.fr\/wp-content\/uploads\/2025\/12\/Centre-de-table-2-225x300.jpeg\"><img loading=\"lazy\" decoding=\"async\" width=\"768\" height=\"1024\" data-id=\"40056\" src=\"https:\/\/foyer-laique-verfeil.fr\/wp-content\/uploads\/2025\/12\/Centre-de-table-2-768x1024.jpeg\" alt=\"\" class=\"wp-image-40056\" srcset=\"https:\/\/foyer-laique-verfeil.fr\/wp-content\/uploads\/2025\/12\/Centre-de-table-2-768x1024.jpeg 768w, https:\/\/foyer-laique-verfeil.fr\/wp-content\/uploads\/2025\/12\/Centre-de-table-2-225x300.jpeg 225w, https:\/\/foyer-laique-verfeil.fr\/wp-content\/uploads\/2025\/12\/Centre-de-table-2-1152x1536.jpeg 1152w, https:\/\/foyer-laique-verfeil.fr\/wp-content\/uploads\/2025\/12\/Centre-de-table-2-1140x1520.jpeg 1140w, https:\/\/foyer-laique-verfeil.fr\/wp-content\/uploads\/2025\/12\/Centre-de-table-2.jpeg 1200w\" sizes=\"auto, (max-width: 768px) 100vw, 768px\" \/><\/a><\/figure>\n\n\n\n<figure class=\"wp-block-image size-large\"><a href=\"https:\/\/foyer-laique-verfeil.fr\/wp-content\/uploads\/2025\/12\/Centre-de-table-1.jpeg\" data-lbwps-gid=\"3\" data-lbwps-width=\"1600\" data-lbwps-height=\"1200\" data-lbwps-srcsmall=\"https:\/\/foyer-laique-verfeil.fr\/wp-content\/uploads\/2025\/12\/Centre-de-table-1-300x225.jpeg\"><img loading=\"lazy\" decoding=\"async\" width=\"1024\" height=\"768\" data-id=\"40055\" src=\"https:\/\/foyer-laique-verfeil.fr\/wp-content\/uploads\/2025\/12\/Centre-de-table-1-1024x768.jpeg\" alt=\"\" class=\"wp-image-40055\" srcset=\"https:\/\/foyer-laique-verfeil.fr\/wp-content\/uploads\/2025\/12\/Centre-de-table-1-1024x768.jpeg 1024w, https:\/\/foyer-laique-verfeil.fr\/wp-content\/uploads\/2025\/12\/Centre-de-table-1-300x225.jpeg 300w, https:\/\/foyer-laique-verfeil.fr\/wp-content\/uploads\/2025\/12\/Centre-de-table-1-768x576.jpeg 768w, https:\/\/foyer-laique-verfeil.fr\/wp-content\/uploads\/2025\/12\/Centre-de-table-1-1536x1152.jpeg 1536w, https:\/\/foyer-laique-verfeil.fr\/wp-content\/uploads\/2025\/12\/Centre-de-table-1-1140x855.jpeg 1140w, https:\/\/foyer-laique-verfeil.fr\/wp-content\/uploads\/2025\/12\/Centre-de-table-1.jpeg 1600w\" sizes=\"auto, (max-width: 1024px) 100vw, 1024px\" \/><\/a><\/figure>\n\n\n\n<figure class=\"wp-block-image size-large\"><a href=\"https:\/\/foyer-laique-verfeil.fr\/wp-content\/uploads\/2025\/12\/Veste-hiver-2.jpeg\" data-lbwps-gid=\"3\" data-lbwps-width=\"1200\" data-lbwps-height=\"1600\" data-lbwps-srcsmall=\"https:\/\/foyer-laique-verfeil.fr\/wp-content\/uploads\/2025\/12\/Veste-hiver-2-225x300.jpeg\"><img loading=\"lazy\" decoding=\"async\" width=\"768\" height=\"1024\" data-id=\"40065\" src=\"https:\/\/foyer-laique-verfeil.fr\/wp-content\/uploads\/2025\/12\/Veste-hiver-2-768x1024.jpeg\" alt=\"\" class=\"wp-image-40065\" srcset=\"https:\/\/foyer-laique-verfeil.fr\/wp-content\/uploads\/2025\/12\/Veste-hiver-2-768x1024.jpeg 768w, https:\/\/foyer-laique-verfeil.fr\/wp-content\/uploads\/2025\/12\/Veste-hiver-2-225x300.jpeg 225w, https:\/\/foyer-laique-verfeil.fr\/wp-content\/uploads\/2025\/12\/Veste-hiver-2-1152x1536.jpeg 1152w, https:\/\/foyer-laique-verfeil.fr\/wp-content\/uploads\/2025\/12\/Veste-hiver-2-1140x1520.jpeg 1140w, https:\/\/foyer-laique-verfeil.fr\/wp-content\/uploads\/2025\/12\/Veste-hiver-2.jpeg 1200w\" sizes=\"auto, (max-width: 768px) 100vw, 768px\" \/><\/a><\/figure>\n\n\n\n<figure class=\"wp-block-image size-large\"><a href=\"https:\/\/foyer-laique-verfeil.fr\/wp-content\/uploads\/2025\/12\/Veste-hiver-1.jpeg\" data-lbwps-gid=\"3\" data-lbwps-width=\"1200\" data-lbwps-height=\"1600\" data-lbwps-srcsmall=\"https:\/\/foyer-laique-verfeil.fr\/wp-content\/uploads\/2025\/12\/Veste-hiver-1-225x300.jpeg\"><img loading=\"lazy\" decoding=\"async\" width=\"768\" height=\"1024\" data-id=\"40064\" src=\"https:\/\/foyer-laique-verfeil.fr\/wp-content\/uploads\/2025\/12\/Veste-hiver-1-768x1024.jpeg\" alt=\"\" class=\"wp-image-40064\" srcset=\"https:\/\/foyer-laique-verfeil.fr\/wp-content\/uploads\/2025\/12\/Veste-hiver-1-768x1024.jpeg 768w, https:\/\/foyer-laique-verfeil.fr\/wp-content\/uploads\/2025\/12\/Veste-hiver-1-225x300.jpeg 225w, https:\/\/foyer-laique-verfeil.fr\/wp-content\/uploads\/2025\/12\/Veste-hiver-1-1152x1536.jpeg 1152w, https:\/\/foyer-laique-verfeil.fr\/wp-content\/uploads\/2025\/12\/Veste-hiver-1-1140x1520.jpeg 1140w, https:\/\/foyer-laique-verfeil.fr\/wp-content\/uploads\/2025\/12\/Veste-hiver-1.jpeg 1200w\" sizes=\"auto, (max-width: 768px) 100vw, 768px\" \/><\/a><\/figure>\n\n\n\n<figure class=\"wp-block-image size-large\"><a href=\"https:\/\/foyer-laique-verfeil.fr\/wp-content\/uploads\/2025\/12\/Veste-hiver-3.jpeg\" data-lbwps-gid=\"3\" data-lbwps-width=\"1200\" data-lbwps-height=\"1600\" data-lbwps-srcsmall=\"https:\/\/foyer-laique-verfeil.fr\/wp-content\/uploads\/2025\/12\/Veste-hiver-3-225x300.jpeg\"><img loading=\"lazy\" decoding=\"async\" width=\"768\" height=\"1024\" data-id=\"40066\" src=\"https:\/\/foyer-laique-verfeil.fr\/wp-content\/uploads\/2025\/12\/Veste-hiver-3-768x1024.jpeg\" alt=\"\" class=\"wp-image-40066\" srcset=\"https:\/\/foyer-laique-verfeil.fr\/wp-content\/uploads\/2025\/12\/Veste-hiver-3-768x1024.jpeg 768w, https:\/\/foyer-laique-verfeil.fr\/wp-content\/uploads\/2025\/12\/Veste-hiver-3-225x300.jpeg 225w, https:\/\/foyer-laique-verfeil.fr\/wp-content\/uploads\/2025\/12\/Veste-hiver-3-1152x1536.jpeg 1152w, https:\/\/foyer-laique-verfeil.fr\/wp-content\/uploads\/2025\/12\/Veste-hiver-3-1140x1520.jpeg 1140w, https:\/\/foyer-laique-verfeil.fr\/wp-content\/uploads\/2025\/12\/Veste-hiver-3.jpeg 1200w\" sizes=\"auto, (max-width: 768px) 100vw, 768px\" \/><\/a><\/figure>\n\n\n\n<figure class=\"wp-block-image size-large\"><a href=\"https:\/\/foyer-laique-verfeil.fr\/wp-content\/uploads\/2025\/12\/Cafe-2.jpeg\" data-lbwps-gid=\"3\" data-lbwps-width=\"1600\" data-lbwps-height=\"900\" data-lbwps-srcsmall=\"https:\/\/foyer-laique-verfeil.fr\/wp-content\/uploads\/2025\/12\/Cafe-2-300x169.jpeg\"><img loading=\"lazy\" decoding=\"async\" width=\"1024\" height=\"576\" data-id=\"40054\" src=\"https:\/\/foyer-laique-verfeil.fr\/wp-content\/uploads\/2025\/12\/Cafe-2-1024x576.jpeg\" alt=\"\" class=\"wp-image-40054\" srcset=\"https:\/\/foyer-laique-verfeil.fr\/wp-content\/uploads\/2025\/12\/Cafe-2-1024x576.jpeg 1024w, https:\/\/foyer-laique-verfeil.fr\/wp-content\/uploads\/2025\/12\/Cafe-2-300x169.jpeg 300w, https:\/\/foyer-laique-verfeil.fr\/wp-content\/uploads\/2025\/12\/Cafe-2-768x432.jpeg 768w, https:\/\/foyer-laique-verfeil.fr\/wp-content\/uploads\/2025\/12\/Cafe-2-1536x864.jpeg 1536w, https:\/\/foyer-laique-verfeil.fr\/wp-content\/uploads\/2025\/12\/Cafe-2-1140x641.jpeg 1140w, https:\/\/foyer-laique-verfeil.fr\/wp-content\/uploads\/2025\/12\/Cafe-2.jpeg 1600w\" sizes=\"auto, (max-width: 1024px) 100vw, 1024px\" \/><\/a><\/figure>\n\n\n\n<figure class=\"wp-block-image size-large\"><a href=\"https:\/\/foyer-laique-verfeil.fr\/wp-content\/uploads\/2025\/12\/Cafe-1.jpeg\" data-lbwps-gid=\"3\" data-lbwps-width=\"1600\" data-lbwps-height=\"900\" data-lbwps-srcsmall=\"https:\/\/foyer-laique-verfeil.fr\/wp-content\/uploads\/2025\/12\/Cafe-1-300x169.jpeg\"><img loading=\"lazy\" decoding=\"async\" width=\"1024\" height=\"576\" data-id=\"40053\" src=\"https:\/\/foyer-laique-verfeil.fr\/wp-content\/uploads\/2025\/12\/Cafe-1-1024x576.jpeg\" alt=\"\" class=\"wp-image-40053\" srcset=\"https:\/\/foyer-laique-verfeil.fr\/wp-content\/uploads\/2025\/12\/Cafe-1-1024x576.jpeg 1024w, https:\/\/foyer-laique-verfeil.fr\/wp-content\/uploads\/2025\/12\/Cafe-1-300x169.jpeg 300w, https:\/\/foyer-laique-verfeil.fr\/wp-content\/uploads\/2025\/12\/Cafe-1-768x432.jpeg 768w, https:\/\/foyer-laique-verfeil.fr\/wp-content\/uploads\/2025\/12\/Cafe-1-1536x864.jpeg 1536w, https:\/\/foyer-laique-verfeil.fr\/wp-content\/uploads\/2025\/12\/Cafe-1-1140x641.jpeg 1140w, https:\/\/foyer-laique-verfeil.fr\/wp-content\/uploads\/2025\/12\/Cafe-1.jpeg 1600w\" sizes=\"auto, (max-width: 1024px) 100vw, 1024px\" \/><\/a><\/figure>\n<\/figure>\n\n\n\n<h2 class=\"wp-block-heading\">Plus que 2 s\u00e9ances pour les d\u00e9cos de No\u00ebl, \u00e7a bosse !<\/h2>\n\n\n\n<figure class=\"wp-block-gallery has-nested-images columns-7 is-cropped wp-block-gallery-3 is-layout-flex wp-block-gallery-is-layout-flex\">\n<figure class=\"wp-block-image size-large\"><a href=\"https:\/\/foyer-laique-verfeil.fr\/wp-content\/uploads\/2025\/12\/Couture-4DEC-13.jpg\" data-lbwps-gid=\"4\" data-lbwps-width=\"2040\" data-lbwps-height=\"1530\" data-lbwps-srcsmall=\"https:\/\/foyer-laique-verfeil.fr\/wp-content\/uploads\/2025\/12\/Couture-4DEC-13-300x225.jpg\"><img loading=\"lazy\" decoding=\"async\" width=\"1024\" height=\"768\" data-id=\"40042\" src=\"https:\/\/foyer-laique-verfeil.fr\/wp-content\/uploads\/2025\/12\/Couture-4DEC-13-1024x768.jpg\" alt=\"\" class=\"wp-image-40042\" srcset=\"https:\/\/foyer-laique-verfeil.fr\/wp-content\/uploads\/2025\/12\/Couture-4DEC-13-1024x768.jpg 1024w, https:\/\/foyer-laique-verfeil.fr\/wp-content\/uploads\/2025\/12\/Couture-4DEC-13-300x225.jpg 300w, https:\/\/foyer-laique-verfeil.fr\/wp-content\/uploads\/2025\/12\/Couture-4DEC-13-768x576.jpg 768w, https:\/\/foyer-laique-verfeil.fr\/wp-content\/uploads\/2025\/12\/Couture-4DEC-13-1536x1152.jpg 1536w, https:\/\/foyer-laique-verfeil.fr\/wp-content\/uploads\/2025\/12\/Couture-4DEC-13-1140x855.jpg 1140w, https:\/\/foyer-laique-verfeil.fr\/wp-content\/uploads\/2025\/12\/Couture-4DEC-13.jpg 2040w\" sizes=\"auto, (max-width: 1024px) 100vw, 1024px\" \/><\/a><\/figure>\n\n\n\n<figure class=\"wp-block-image size-large\"><a href=\"https:\/\/foyer-laique-verfeil.fr\/wp-content\/uploads\/2025\/12\/Couture-4DEC-12.jpg\" data-lbwps-gid=\"4\" data-lbwps-width=\"2040\" data-lbwps-height=\"1530\" data-lbwps-srcsmall=\"https:\/\/foyer-laique-verfeil.fr\/wp-content\/uploads\/2025\/12\/Couture-4DEC-12-300x225.jpg\"><img loading=\"lazy\" decoding=\"async\" width=\"1024\" height=\"768\" data-id=\"40041\" src=\"https:\/\/foyer-laique-verfeil.fr\/wp-content\/uploads\/2025\/12\/Couture-4DEC-12-1024x768.jpg\" alt=\"\" class=\"wp-image-40041\" srcset=\"https:\/\/foyer-laique-verfeil.fr\/wp-content\/uploads\/2025\/12\/Couture-4DEC-12-1024x768.jpg 1024w, https:\/\/foyer-laique-verfeil.fr\/wp-content\/uploads\/2025\/12\/Couture-4DEC-12-300x225.jpg 300w, https:\/\/foyer-laique-verfeil.fr\/wp-content\/uploads\/2025\/12\/Couture-4DEC-12-768x576.jpg 768w, https:\/\/foyer-laique-verfeil.fr\/wp-content\/uploads\/2025\/12\/Couture-4DEC-12-1536x1152.jpg 1536w, https:\/\/foyer-laique-verfeil.fr\/wp-content\/uploads\/2025\/12\/Couture-4DEC-12-1140x855.jpg 1140w, https:\/\/foyer-laique-verfeil.fr\/wp-content\/uploads\/2025\/12\/Couture-4DEC-12.jpg 2040w\" sizes=\"auto, (max-width: 1024px) 100vw, 1024px\" \/><\/a><\/figure>\n\n\n\n<figure class=\"wp-block-image size-large\"><a href=\"https:\/\/foyer-laique-verfeil.fr\/wp-content\/uploads\/2025\/12\/Couture-4DEC-11.jpg\" data-lbwps-gid=\"4\" data-lbwps-width=\"1200\" data-lbwps-height=\"1600\" data-lbwps-srcsmall=\"https:\/\/foyer-laique-verfeil.fr\/wp-content\/uploads\/2025\/12\/Couture-4DEC-11-225x300.jpg\"><img loading=\"lazy\" decoding=\"async\" width=\"768\" height=\"1024\" data-id=\"40040\" src=\"https:\/\/foyer-laique-verfeil.fr\/wp-content\/uploads\/2025\/12\/Couture-4DEC-11-768x1024.jpg\" alt=\"\" class=\"wp-image-40040\" srcset=\"https:\/\/foyer-laique-verfeil.fr\/wp-content\/uploads\/2025\/12\/Couture-4DEC-11-768x1024.jpg 768w, https:\/\/foyer-laique-verfeil.fr\/wp-content\/uploads\/2025\/12\/Couture-4DEC-11-225x300.jpg 225w, https:\/\/foyer-laique-verfeil.fr\/wp-content\/uploads\/2025\/12\/Couture-4DEC-11-1152x1536.jpg 1152w, https:\/\/foyer-laique-verfeil.fr\/wp-content\/uploads\/2025\/12\/Couture-4DEC-11-1140x1520.jpg 1140w, https:\/\/foyer-laique-verfeil.fr\/wp-content\/uploads\/2025\/12\/Couture-4DEC-11.jpg 1200w\" sizes=\"auto, (max-width: 768px) 100vw, 768px\" \/><\/a><\/figure>\n\n\n\n<figure class=\"wp-block-image size-large\"><a href=\"https:\/\/foyer-laique-verfeil.fr\/wp-content\/uploads\/2025\/12\/Couture-4DEC-10.jpg\" data-lbwps-gid=\"4\" data-lbwps-width=\"1600\" data-lbwps-height=\"1200\" data-lbwps-srcsmall=\"https:\/\/foyer-laique-verfeil.fr\/wp-content\/uploads\/2025\/12\/Couture-4DEC-10-300x225.jpg\"><img loading=\"lazy\" decoding=\"async\" width=\"1024\" height=\"768\" data-id=\"40039\" src=\"https:\/\/foyer-laique-verfeil.fr\/wp-content\/uploads\/2025\/12\/Couture-4DEC-10-1024x768.jpg\" alt=\"\" class=\"wp-image-40039\" srcset=\"https:\/\/foyer-laique-verfeil.fr\/wp-content\/uploads\/2025\/12\/Couture-4DEC-10-1024x768.jpg 1024w, https:\/\/foyer-laique-verfeil.fr\/wp-content\/uploads\/2025\/12\/Couture-4DEC-10-300x225.jpg 300w, https:\/\/foyer-laique-verfeil.fr\/wp-content\/uploads\/2025\/12\/Couture-4DEC-10-768x576.jpg 768w, https:\/\/foyer-laique-verfeil.fr\/wp-content\/uploads\/2025\/12\/Couture-4DEC-10-1536x1152.jpg 1536w, https:\/\/foyer-laique-verfeil.fr\/wp-content\/uploads\/2025\/12\/Couture-4DEC-10-1140x855.jpg 1140w, https:\/\/foyer-laique-verfeil.fr\/wp-content\/uploads\/2025\/12\/Couture-4DEC-10.jpg 1600w\" sizes=\"auto, (max-width: 1024px) 100vw, 1024px\" \/><\/a><\/figure>\n\n\n\n<figure class=\"wp-block-image size-large\"><a href=\"https:\/\/foyer-laique-verfeil.fr\/wp-content\/uploads\/2025\/12\/Couture-4DEC-9.jpg\" data-lbwps-gid=\"4\" data-lbwps-width=\"1200\" data-lbwps-height=\"1600\" data-lbwps-srcsmall=\"https:\/\/foyer-laique-verfeil.fr\/wp-content\/uploads\/2025\/12\/Couture-4DEC-9-225x300.jpg\"><img loading=\"lazy\" decoding=\"async\" width=\"768\" height=\"1024\" data-id=\"40038\" src=\"https:\/\/foyer-laique-verfeil.fr\/wp-content\/uploads\/2025\/12\/Couture-4DEC-9-768x1024.jpg\" alt=\"\" class=\"wp-image-40038\" srcset=\"https:\/\/foyer-laique-verfeil.fr\/wp-content\/uploads\/2025\/12\/Couture-4DEC-9-768x1024.jpg 768w, https:\/\/foyer-laique-verfeil.fr\/wp-content\/uploads\/2025\/12\/Couture-4DEC-9-225x300.jpg 225w, https:\/\/foyer-laique-verfeil.fr\/wp-content\/uploads\/2025\/12\/Couture-4DEC-9-1152x1536.jpg 1152w, https:\/\/foyer-laique-verfeil.fr\/wp-content\/uploads\/2025\/12\/Couture-4DEC-9-1140x1520.jpg 1140w, https:\/\/foyer-laique-verfeil.fr\/wp-content\/uploads\/2025\/12\/Couture-4DEC-9.jpg 1200w\" sizes=\"auto, (max-width: 768px) 100vw, 768px\" \/><\/a><\/figure>\n\n\n\n<figure class=\"wp-block-image size-large\"><a href=\"https:\/\/foyer-laique-verfeil.fr\/wp-content\/uploads\/2025\/12\/Couture-4DEC-8.jpg\" data-lbwps-gid=\"4\" data-lbwps-width=\"1200\" data-lbwps-height=\"1600\" data-lbwps-srcsmall=\"https:\/\/foyer-laique-verfeil.fr\/wp-content\/uploads\/2025\/12\/Couture-4DEC-8-225x300.jpg\"><img loading=\"lazy\" decoding=\"async\" width=\"768\" height=\"1024\" data-id=\"40037\" src=\"https:\/\/foyer-laique-verfeil.fr\/wp-content\/uploads\/2025\/12\/Couture-4DEC-8-768x1024.jpg\" alt=\"\" class=\"wp-image-40037\" srcset=\"https:\/\/foyer-laique-verfeil.fr\/wp-content\/uploads\/2025\/12\/Couture-4DEC-8-768x1024.jpg 768w, https:\/\/foyer-laique-verfeil.fr\/wp-content\/uploads\/2025\/12\/Couture-4DEC-8-225x300.jpg 225w, https:\/\/foyer-laique-verfeil.fr\/wp-content\/uploads\/2025\/12\/Couture-4DEC-8-1152x1536.jpg 1152w, https:\/\/foyer-laique-verfeil.fr\/wp-content\/uploads\/2025\/12\/Couture-4DEC-8-1140x1520.jpg 1140w, https:\/\/foyer-laique-verfeil.fr\/wp-content\/uploads\/2025\/12\/Couture-4DEC-8.jpg 1200w\" sizes=\"auto, (max-width: 768px) 100vw, 768px\" \/><\/a><\/figure>\n\n\n\n<figure class=\"wp-block-image size-large\"><a href=\"https:\/\/foyer-laique-verfeil.fr\/wp-content\/uploads\/2025\/12\/Couture-4DEC-7.jpg\" data-lbwps-gid=\"4\" data-lbwps-width=\"1200\" data-lbwps-height=\"1600\" data-lbwps-srcsmall=\"https:\/\/foyer-laique-verfeil.fr\/wp-content\/uploads\/2025\/12\/Couture-4DEC-7-225x300.jpg\"><img loading=\"lazy\" decoding=\"async\" width=\"768\" height=\"1024\" data-id=\"40035\" src=\"https:\/\/foyer-laique-verfeil.fr\/wp-content\/uploads\/2025\/12\/Couture-4DEC-7-768x1024.jpg\" alt=\"\" class=\"wp-image-40035\" srcset=\"https:\/\/foyer-laique-verfeil.fr\/wp-content\/uploads\/2025\/12\/Couture-4DEC-7-768x1024.jpg 768w, https:\/\/foyer-laique-verfeil.fr\/wp-content\/uploads\/2025\/12\/Couture-4DEC-7-225x300.jpg 225w, https:\/\/foyer-laique-verfeil.fr\/wp-content\/uploads\/2025\/12\/Couture-4DEC-7-1152x1536.jpg 1152w, https:\/\/foyer-laique-verfeil.fr\/wp-content\/uploads\/2025\/12\/Couture-4DEC-7-1140x1520.jpg 1140w, https:\/\/foyer-laique-verfeil.fr\/wp-content\/uploads\/2025\/12\/Couture-4DEC-7.jpg 1200w\" sizes=\"auto, (max-width: 768px) 100vw, 768px\" \/><\/a><\/figure>\n\n\n\n<figure class=\"wp-block-image size-large\"><a href=\"https:\/\/foyer-laique-verfeil.fr\/wp-content\/uploads\/2025\/12\/Couture-4DEC-6.jpg\" data-lbwps-gid=\"4\" data-lbwps-width=\"1200\" data-lbwps-height=\"1600\" data-lbwps-srcsmall=\"https:\/\/foyer-laique-verfeil.fr\/wp-content\/uploads\/2025\/12\/Couture-4DEC-6-225x300.jpg\"><img loading=\"lazy\" decoding=\"async\" width=\"768\" height=\"1024\" data-id=\"40034\" src=\"https:\/\/foyer-laique-verfeil.fr\/wp-content\/uploads\/2025\/12\/Couture-4DEC-6-768x1024.jpg\" alt=\"\" class=\"wp-image-40034\" srcset=\"https:\/\/foyer-laique-verfeil.fr\/wp-content\/uploads\/2025\/12\/Couture-4DEC-6-768x1024.jpg 768w, https:\/\/foyer-laique-verfeil.fr\/wp-content\/uploads\/2025\/12\/Couture-4DEC-6-225x300.jpg 225w, https:\/\/foyer-laique-verfeil.fr\/wp-content\/uploads\/2025\/12\/Couture-4DEC-6-1152x1536.jpg 1152w, https:\/\/foyer-laique-verfeil.fr\/wp-content\/uploads\/2025\/12\/Couture-4DEC-6-1140x1520.jpg 1140w, https:\/\/foyer-laique-verfeil.fr\/wp-content\/uploads\/2025\/12\/Couture-4DEC-6.jpg 1200w\" sizes=\"auto, (max-width: 768px) 100vw, 768px\" \/><\/a><\/figure>\n\n\n\n<figure class=\"wp-block-image size-large\"><a href=\"https:\/\/foyer-laique-verfeil.fr\/wp-content\/uploads\/2025\/12\/Couture-4DEC-5.jpg\" data-lbwps-gid=\"4\" data-lbwps-width=\"1200\" data-lbwps-height=\"1600\" data-lbwps-srcsmall=\"https:\/\/foyer-laique-verfeil.fr\/wp-content\/uploads\/2025\/12\/Couture-4DEC-5-225x300.jpg\"><img loading=\"lazy\" decoding=\"async\" width=\"768\" height=\"1024\" data-id=\"40033\" src=\"https:\/\/foyer-laique-verfeil.fr\/wp-content\/uploads\/2025\/12\/Couture-4DEC-5-768x1024.jpg\" alt=\"\" class=\"wp-image-40033\" srcset=\"https:\/\/foyer-laique-verfeil.fr\/wp-content\/uploads\/2025\/12\/Couture-4DEC-5-768x1024.jpg 768w, https:\/\/foyer-laique-verfeil.fr\/wp-content\/uploads\/2025\/12\/Couture-4DEC-5-225x300.jpg 225w, https:\/\/foyer-laique-verfeil.fr\/wp-content\/uploads\/2025\/12\/Couture-4DEC-5-1152x1536.jpg 1152w, https:\/\/foyer-laique-verfeil.fr\/wp-content\/uploads\/2025\/12\/Couture-4DEC-5-1140x1520.jpg 1140w, https:\/\/foyer-laique-verfeil.fr\/wp-content\/uploads\/2025\/12\/Couture-4DEC-5.jpg 1200w\" sizes=\"auto, (max-width: 768px) 100vw, 768px\" \/><\/a><\/figure>\n\n\n\n<figure class=\"wp-block-image size-large\"><a href=\"https:\/\/foyer-laique-verfeil.fr\/wp-content\/uploads\/2025\/12\/Couture-4DEC-4.jpg\" data-lbwps-gid=\"4\" data-lbwps-width=\"1200\" data-lbwps-height=\"1600\" data-lbwps-srcsmall=\"https:\/\/foyer-laique-verfeil.fr\/wp-content\/uploads\/2025\/12\/Couture-4DEC-4-225x300.jpg\"><img loading=\"lazy\" decoding=\"async\" width=\"768\" height=\"1024\" data-id=\"40032\" src=\"https:\/\/foyer-laique-verfeil.fr\/wp-content\/uploads\/2025\/12\/Couture-4DEC-4-768x1024.jpg\" alt=\"\" class=\"wp-image-40032\" srcset=\"https:\/\/foyer-laique-verfeil.fr\/wp-content\/uploads\/2025\/12\/Couture-4DEC-4-768x1024.jpg 768w, https:\/\/foyer-laique-verfeil.fr\/wp-content\/uploads\/2025\/12\/Couture-4DEC-4-225x300.jpg 225w, https:\/\/foyer-laique-verfeil.fr\/wp-content\/uploads\/2025\/12\/Couture-4DEC-4-1152x1536.jpg 1152w, https:\/\/foyer-laique-verfeil.fr\/wp-content\/uploads\/2025\/12\/Couture-4DEC-4-1140x1520.jpg 1140w, https:\/\/foyer-laique-verfeil.fr\/wp-content\/uploads\/2025\/12\/Couture-4DEC-4.jpg 1200w\" sizes=\"auto, (max-width: 768px) 100vw, 768px\" \/><\/a><\/figure>\n\n\n\n<figure class=\"wp-block-image size-large\"><a href=\"https:\/\/foyer-laique-verfeil.fr\/wp-content\/uploads\/2025\/12\/Couture-4DEC-3.jpg\" data-lbwps-gid=\"4\" data-lbwps-width=\"1200\" data-lbwps-height=\"1600\" data-lbwps-srcsmall=\"https:\/\/foyer-laique-verfeil.fr\/wp-content\/uploads\/2025\/12\/Couture-4DEC-3-225x300.jpg\"><img loading=\"lazy\" decoding=\"async\" width=\"768\" height=\"1024\" data-id=\"40031\" src=\"https:\/\/foyer-laique-verfeil.fr\/wp-content\/uploads\/2025\/12\/Couture-4DEC-3-768x1024.jpg\" alt=\"\" class=\"wp-image-40031\" srcset=\"https:\/\/foyer-laique-verfeil.fr\/wp-content\/uploads\/2025\/12\/Couture-4DEC-3-768x1024.jpg 768w, https:\/\/foyer-laique-verfeil.fr\/wp-content\/uploads\/2025\/12\/Couture-4DEC-3-225x300.jpg 225w, https:\/\/foyer-laique-verfeil.fr\/wp-content\/uploads\/2025\/12\/Couture-4DEC-3-1152x1536.jpg 1152w, https:\/\/foyer-laique-verfeil.fr\/wp-content\/uploads\/2025\/12\/Couture-4DEC-3-1140x1520.jpg 1140w, https:\/\/foyer-laique-verfeil.fr\/wp-content\/uploads\/2025\/12\/Couture-4DEC-3.jpg 1200w\" sizes=\"auto, (max-width: 768px) 100vw, 768px\" \/><\/a><\/figure>\n\n\n\n<figure class=\"wp-block-image size-large\"><a href=\"https:\/\/foyer-laique-verfeil.fr\/wp-content\/uploads\/2025\/12\/Couture-4DEC-2.jpg\" data-lbwps-gid=\"4\" data-lbwps-width=\"1200\" data-lbwps-height=\"1600\" data-lbwps-srcsmall=\"https:\/\/foyer-laique-verfeil.fr\/wp-content\/uploads\/2025\/12\/Couture-4DEC-2-225x300.jpg\"><img loading=\"lazy\" decoding=\"async\" width=\"768\" height=\"1024\" data-id=\"40030\" src=\"https:\/\/foyer-laique-verfeil.fr\/wp-content\/uploads\/2025\/12\/Couture-4DEC-2-768x1024.jpg\" alt=\"\" class=\"wp-image-40030\" srcset=\"https:\/\/foyer-laique-verfeil.fr\/wp-content\/uploads\/2025\/12\/Couture-4DEC-2-768x1024.jpg 768w, https:\/\/foyer-laique-verfeil.fr\/wp-content\/uploads\/2025\/12\/Couture-4DEC-2-225x300.jpg 225w, https:\/\/foyer-laique-verfeil.fr\/wp-content\/uploads\/2025\/12\/Couture-4DEC-2-1152x1536.jpg 1152w, https:\/\/foyer-laique-verfeil.fr\/wp-content\/uploads\/2025\/12\/Couture-4DEC-2-1140x1520.jpg 1140w, https:\/\/foyer-laique-verfeil.fr\/wp-content\/uploads\/2025\/12\/Couture-4DEC-2.jpg 1200w\" sizes=\"auto, (max-width: 768px) 100vw, 768px\" \/><\/a><\/figure>\n\n\n\n<figure class=\"wp-block-image size-large\"><a href=\"https:\/\/foyer-laique-verfeil.fr\/wp-content\/uploads\/2025\/12\/Couture-4DEC-1.jpg\" data-lbwps-gid=\"4\" data-lbwps-width=\"1200\" data-lbwps-height=\"1600\" data-lbwps-srcsmall=\"https:\/\/foyer-laique-verfeil.fr\/wp-content\/uploads\/2025\/12\/Couture-4DEC-1-225x300.jpg\"><img loading=\"lazy\" decoding=\"async\" width=\"768\" height=\"1024\" data-id=\"40029\" src=\"https:\/\/foyer-laique-verfeil.fr\/wp-content\/uploads\/2025\/12\/Couture-4DEC-1-768x1024.jpg\" alt=\"\" class=\"wp-image-40029\" srcset=\"https:\/\/foyer-laique-verfeil.fr\/wp-content\/uploads\/2025\/12\/Couture-4DEC-1-768x1024.jpg 768w, https:\/\/foyer-laique-verfeil.fr\/wp-content\/uploads\/2025\/12\/Couture-4DEC-1-225x300.jpg 225w, https:\/\/foyer-laique-verfeil.fr\/wp-content\/uploads\/2025\/12\/Couture-4DEC-1-1152x1536.jpg 1152w, https:\/\/foyer-laique-verfeil.fr\/wp-content\/uploads\/2025\/12\/Couture-4DEC-1-1140x1520.jpg 1140w, https:\/\/foyer-laique-verfeil.fr\/wp-content\/uploads\/2025\/12\/Couture-4DEC-1.jpg 1200w\" sizes=\"auto, (max-width: 768px) 100vw, 768px\" \/><\/a><\/figure>\n<\/figure>\n\n\n\n<h2 class=\"wp-block-heading\">C&rsquo;est reparti &#8230;..<\/h2>\n\n\n\n<p class=\"has-text-align-center\" style=\"font-size:24px\">Les cousettes du Foyer La\u00efque se remettent au travail avec \u00e9nergie pour<br>cette <strong><em>derni\u00e8re saison avec Nicole<\/em><\/strong> comme chef d&rsquo;orchestre.<br>Cet atelier ne sera au programme la <strong><em>saison prochaine<\/em><\/strong><br>que si nous trouvons un(e) autre intervenant(e)&#8230; <br><strong><em>Les candidatures sont attendues avec impatience<\/em><\/strong> <strong><em>!!!<\/em><\/strong><br><\/p>\n\n\n\n<figure class=\"wp-block-gallery has-nested-images columns-4 is-cropped wp-block-gallery-4 is-layout-flex wp-block-gallery-is-layout-flex\">\n<figure class=\"wp-block-image size-medium\"><a href=\"https:\/\/foyer-laique-verfeil.fr\/wp-content\/uploads\/2025\/09\/WhatsApp-Image-2025-09-25-a-19.06.29_a33d13e0.jpg\" data-lbwps-gid=\"5\" data-lbwps-width=\"1200\" data-lbwps-height=\"1600\" data-lbwps-srcsmall=\"https:\/\/foyer-laique-verfeil.fr\/wp-content\/uploads\/2025\/09\/WhatsApp-Image-2025-09-25-a-19.06.29_a33d13e0-225x300.jpg\"><img loading=\"lazy\" decoding=\"async\" width=\"225\" height=\"300\" data-id=\"39799\" src=\"https:\/\/foyer-laique-verfeil.fr\/wp-content\/uploads\/2025\/09\/WhatsApp-Image-2025-09-25-a-19.06.29_a33d13e0-225x300.jpg\" alt=\"\" class=\"wp-image-39799\" srcset=\"https:\/\/foyer-laique-verfeil.fr\/wp-content\/uploads\/2025\/09\/WhatsApp-Image-2025-09-25-a-19.06.29_a33d13e0-225x300.jpg 225w, https:\/\/foyer-laique-verfeil.fr\/wp-content\/uploads\/2025\/09\/WhatsApp-Image-2025-09-25-a-19.06.29_a33d13e0-768x1024.jpg 768w, https:\/\/foyer-laique-verfeil.fr\/wp-content\/uploads\/2025\/09\/WhatsApp-Image-2025-09-25-a-19.06.29_a33d13e0-1152x1536.jpg 1152w, https:\/\/foyer-laique-verfeil.fr\/wp-content\/uploads\/2025\/09\/WhatsApp-Image-2025-09-25-a-19.06.29_a33d13e0-1140x1520.jpg 1140w, https:\/\/foyer-laique-verfeil.fr\/wp-content\/uploads\/2025\/09\/WhatsApp-Image-2025-09-25-a-19.06.29_a33d13e0.jpg 1200w\" sizes=\"auto, (max-width: 225px) 100vw, 225px\" \/><\/a><\/figure>\n\n\n\n<figure class=\"wp-block-image size-medium\"><a href=\"https:\/\/foyer-laique-verfeil.fr\/wp-content\/uploads\/2025\/09\/WhatsApp-Image-2025-09-25-a-17.39.12_e8a0675d.jpg\" data-lbwps-gid=\"5\" data-lbwps-width=\"1200\" data-lbwps-height=\"1600\" data-lbwps-srcsmall=\"https:\/\/foyer-laique-verfeil.fr\/wp-content\/uploads\/2025\/09\/WhatsApp-Image-2025-09-25-a-17.39.12_e8a0675d-225x300.jpg\"><img loading=\"lazy\" decoding=\"async\" width=\"225\" height=\"300\" data-id=\"39797\" src=\"https:\/\/foyer-laique-verfeil.fr\/wp-content\/uploads\/2025\/09\/WhatsApp-Image-2025-09-25-a-17.39.12_e8a0675d-225x300.jpg\" alt=\"\" class=\"wp-image-39797\" srcset=\"https:\/\/foyer-laique-verfeil.fr\/wp-content\/uploads\/2025\/09\/WhatsApp-Image-2025-09-25-a-17.39.12_e8a0675d-225x300.jpg 225w, https:\/\/foyer-laique-verfeil.fr\/wp-content\/uploads\/2025\/09\/WhatsApp-Image-2025-09-25-a-17.39.12_e8a0675d-768x1024.jpg 768w, https:\/\/foyer-laique-verfeil.fr\/wp-content\/uploads\/2025\/09\/WhatsApp-Image-2025-09-25-a-17.39.12_e8a0675d-1152x1536.jpg 1152w, https:\/\/foyer-laique-verfeil.fr\/wp-content\/uploads\/2025\/09\/WhatsApp-Image-2025-09-25-a-17.39.12_e8a0675d-1140x1520.jpg 1140w, https:\/\/foyer-laique-verfeil.fr\/wp-content\/uploads\/2025\/09\/WhatsApp-Image-2025-09-25-a-17.39.12_e8a0675d.jpg 1200w\" sizes=\"auto, (max-width: 225px) 100vw, 225px\" \/><\/a><\/figure>\n\n\n\n<figure class=\"wp-block-image size-medium\"><a href=\"https:\/\/foyer-laique-verfeil.fr\/wp-content\/uploads\/2025\/09\/WhatsApp-Image-2025-09-25-a-17.39.12_aedebb6b.jpg\" data-lbwps-gid=\"5\" data-lbwps-width=\"1200\" data-lbwps-height=\"1600\" data-lbwps-srcsmall=\"https:\/\/foyer-laique-verfeil.fr\/wp-content\/uploads\/2025\/09\/WhatsApp-Image-2025-09-25-a-17.39.12_aedebb6b-225x300.jpg\"><img loading=\"lazy\" decoding=\"async\" width=\"225\" height=\"300\" data-id=\"39796\" src=\"https:\/\/foyer-laique-verfeil.fr\/wp-content\/uploads\/2025\/09\/WhatsApp-Image-2025-09-25-a-17.39.12_aedebb6b-225x300.jpg\" alt=\"\" class=\"wp-image-39796\" srcset=\"https:\/\/foyer-laique-verfeil.fr\/wp-content\/uploads\/2025\/09\/WhatsApp-Image-2025-09-25-a-17.39.12_aedebb6b-225x300.jpg 225w, https:\/\/foyer-laique-verfeil.fr\/wp-content\/uploads\/2025\/09\/WhatsApp-Image-2025-09-25-a-17.39.12_aedebb6b-768x1024.jpg 768w, https:\/\/foyer-laique-verfeil.fr\/wp-content\/uploads\/2025\/09\/WhatsApp-Image-2025-09-25-a-17.39.12_aedebb6b-1152x1536.jpg 1152w, https:\/\/foyer-laique-verfeil.fr\/wp-content\/uploads\/2025\/09\/WhatsApp-Image-2025-09-25-a-17.39.12_aedebb6b-1140x1520.jpg 1140w, https:\/\/foyer-laique-verfeil.fr\/wp-content\/uploads\/2025\/09\/WhatsApp-Image-2025-09-25-a-17.39.12_aedebb6b.jpg 1200w\" sizes=\"auto, (max-width: 225px) 100vw, 225px\" \/><\/a><\/figure>\n\n\n\n<figure class=\"wp-block-image size-medium\"><a href=\"https:\/\/foyer-laique-verfeil.fr\/wp-content\/uploads\/2025\/09\/WhatsApp-Image-2025-09-25-a-17.39.12_a98525c4.jpg\" data-lbwps-gid=\"5\" data-lbwps-width=\"1200\" data-lbwps-height=\"1600\" data-lbwps-srcsmall=\"https:\/\/foyer-laique-verfeil.fr\/wp-content\/uploads\/2025\/09\/WhatsApp-Image-2025-09-25-a-17.39.12_a98525c4-225x300.jpg\"><img loading=\"lazy\" decoding=\"async\" width=\"225\" height=\"300\" data-id=\"39795\" src=\"https:\/\/foyer-laique-verfeil.fr\/wp-content\/uploads\/2025\/09\/WhatsApp-Image-2025-09-25-a-17.39.12_a98525c4-225x300.jpg\" alt=\"\" class=\"wp-image-39795\" srcset=\"https:\/\/foyer-laique-verfeil.fr\/wp-content\/uploads\/2025\/09\/WhatsApp-Image-2025-09-25-a-17.39.12_a98525c4-225x300.jpg 225w, https:\/\/foyer-laique-verfeil.fr\/wp-content\/uploads\/2025\/09\/WhatsApp-Image-2025-09-25-a-17.39.12_a98525c4-768x1024.jpg 768w, https:\/\/foyer-laique-verfeil.fr\/wp-content\/uploads\/2025\/09\/WhatsApp-Image-2025-09-25-a-17.39.12_a98525c4-1152x1536.jpg 1152w, https:\/\/foyer-laique-verfeil.fr\/wp-content\/uploads\/2025\/09\/WhatsApp-Image-2025-09-25-a-17.39.12_a98525c4-1140x1520.jpg 1140w, https:\/\/foyer-laique-verfeil.fr\/wp-content\/uploads\/2025\/09\/WhatsApp-Image-2025-09-25-a-17.39.12_a98525c4.jpg 1200w\" sizes=\"auto, (max-width: 225px) 100vw, 225px\" \/><\/a><\/figure>\n\n\n\n<figure class=\"wp-block-image size-medium\"><a href=\"https:\/\/foyer-laique-verfeil.fr\/wp-content\/uploads\/2025\/09\/WhatsApp-Image-2025-09-25-a-17.39.12_a573f856.jpg\" data-lbwps-gid=\"5\" data-lbwps-width=\"1200\" data-lbwps-height=\"1600\" data-lbwps-srcsmall=\"https:\/\/foyer-laique-verfeil.fr\/wp-content\/uploads\/2025\/09\/WhatsApp-Image-2025-09-25-a-17.39.12_a573f856-225x300.jpg\"><img loading=\"lazy\" decoding=\"async\" width=\"225\" height=\"300\" data-id=\"39794\" src=\"https:\/\/foyer-laique-verfeil.fr\/wp-content\/uploads\/2025\/09\/WhatsApp-Image-2025-09-25-a-17.39.12_a573f856-225x300.jpg\" alt=\"\" class=\"wp-image-39794\" srcset=\"https:\/\/foyer-laique-verfeil.fr\/wp-content\/uploads\/2025\/09\/WhatsApp-Image-2025-09-25-a-17.39.12_a573f856-225x300.jpg 225w, https:\/\/foyer-laique-verfeil.fr\/wp-content\/uploads\/2025\/09\/WhatsApp-Image-2025-09-25-a-17.39.12_a573f856-768x1024.jpg 768w, https:\/\/foyer-laique-verfeil.fr\/wp-content\/uploads\/2025\/09\/WhatsApp-Image-2025-09-25-a-17.39.12_a573f856-1152x1536.jpg 1152w, https:\/\/foyer-laique-verfeil.fr\/wp-content\/uploads\/2025\/09\/WhatsApp-Image-2025-09-25-a-17.39.12_a573f856-1140x1520.jpg 1140w, https:\/\/foyer-laique-verfeil.fr\/wp-content\/uploads\/2025\/09\/WhatsApp-Image-2025-09-25-a-17.39.12_a573f856.jpg 1200w\" sizes=\"auto, (max-width: 225px) 100vw, 225px\" \/><\/a><\/figure>\n\n\n\n<figure class=\"wp-block-image size-medium\"><a href=\"https:\/\/foyer-laique-verfeil.fr\/wp-content\/uploads\/2025\/09\/WhatsApp-Image-2025-09-25-a-17.39.12_852ec964.jpg\" data-lbwps-gid=\"5\" data-lbwps-width=\"1200\" data-lbwps-height=\"1600\" data-lbwps-srcsmall=\"https:\/\/foyer-laique-verfeil.fr\/wp-content\/uploads\/2025\/09\/WhatsApp-Image-2025-09-25-a-17.39.12_852ec964-225x300.jpg\"><img loading=\"lazy\" decoding=\"async\" width=\"225\" height=\"300\" data-id=\"39793\" src=\"https:\/\/foyer-laique-verfeil.fr\/wp-content\/uploads\/2025\/09\/WhatsApp-Image-2025-09-25-a-17.39.12_852ec964-225x300.jpg\" alt=\"\" class=\"wp-image-39793\" srcset=\"https:\/\/foyer-laique-verfeil.fr\/wp-content\/uploads\/2025\/09\/WhatsApp-Image-2025-09-25-a-17.39.12_852ec964-225x300.jpg 225w, https:\/\/foyer-laique-verfeil.fr\/wp-content\/uploads\/2025\/09\/WhatsApp-Image-2025-09-25-a-17.39.12_852ec964-768x1024.jpg 768w, https:\/\/foyer-laique-verfeil.fr\/wp-content\/uploads\/2025\/09\/WhatsApp-Image-2025-09-25-a-17.39.12_852ec964-1152x1536.jpg 1152w, https:\/\/foyer-laique-verfeil.fr\/wp-content\/uploads\/2025\/09\/WhatsApp-Image-2025-09-25-a-17.39.12_852ec964-1140x1520.jpg 1140w, https:\/\/foyer-laique-verfeil.fr\/wp-content\/uploads\/2025\/09\/WhatsApp-Image-2025-09-25-a-17.39.12_852ec964.jpg 1200w\" sizes=\"auto, (max-width: 225px) 100vw, 225px\" \/><\/a><\/figure>\n\n\n\n<figure class=\"wp-block-image size-medium\"><a href=\"https:\/\/foyer-laique-verfeil.fr\/wp-content\/uploads\/2025\/09\/WhatsApp-Image-2025-09-25-a-17.39.11_e42b5873.jpg\" data-lbwps-gid=\"5\" data-lbwps-width=\"1125\" data-lbwps-height=\"1500\" data-lbwps-srcsmall=\"https:\/\/foyer-laique-verfeil.fr\/wp-content\/uploads\/2025\/09\/WhatsApp-Image-2025-09-25-a-17.39.11_e42b5873-225x300.jpg\"><img loading=\"lazy\" decoding=\"async\" width=\"225\" height=\"300\" data-id=\"39792\" src=\"https:\/\/foyer-laique-verfeil.fr\/wp-content\/uploads\/2025\/09\/WhatsApp-Image-2025-09-25-a-17.39.11_e42b5873-225x300.jpg\" alt=\"\" class=\"wp-image-39792\" srcset=\"https:\/\/foyer-laique-verfeil.fr\/wp-content\/uploads\/2025\/09\/WhatsApp-Image-2025-09-25-a-17.39.11_e42b5873-225x300.jpg 225w, https:\/\/foyer-laique-verfeil.fr\/wp-content\/uploads\/2025\/09\/WhatsApp-Image-2025-09-25-a-17.39.11_e42b5873-768x1024.jpg 768w, https:\/\/foyer-laique-verfeil.fr\/wp-content\/uploads\/2025\/09\/WhatsApp-Image-2025-09-25-a-17.39.11_e42b5873.jpg 1125w\" sizes=\"auto, (max-width: 225px) 100vw, 225px\" \/><\/a><\/figure>\n\n\n\n<figure class=\"wp-block-image size-medium\"><a href=\"https:\/\/foyer-laique-verfeil.fr\/wp-content\/uploads\/2025\/09\/WhatsApp-Image-2025-09-25-a-17.39.11_d2917451.jpg\" data-lbwps-gid=\"5\" data-lbwps-width=\"1200\" data-lbwps-height=\"1600\" data-lbwps-srcsmall=\"https:\/\/foyer-laique-verfeil.fr\/wp-content\/uploads\/2025\/09\/WhatsApp-Image-2025-09-25-a-17.39.11_d2917451-225x300.jpg\"><img loading=\"lazy\" decoding=\"async\" width=\"225\" height=\"300\" data-id=\"39791\" src=\"https:\/\/foyer-laique-verfeil.fr\/wp-content\/uploads\/2025\/09\/WhatsApp-Image-2025-09-25-a-17.39.11_d2917451-225x300.jpg\" alt=\"\" class=\"wp-image-39791\" srcset=\"https:\/\/foyer-laique-verfeil.fr\/wp-content\/uploads\/2025\/09\/WhatsApp-Image-2025-09-25-a-17.39.11_d2917451-225x300.jpg 225w, https:\/\/foyer-laique-verfeil.fr\/wp-content\/uploads\/2025\/09\/WhatsApp-Image-2025-09-25-a-17.39.11_d2917451-768x1024.jpg 768w, https:\/\/foyer-laique-verfeil.fr\/wp-content\/uploads\/2025\/09\/WhatsApp-Image-2025-09-25-a-17.39.11_d2917451-1152x1536.jpg 1152w, https:\/\/foyer-laique-verfeil.fr\/wp-content\/uploads\/2025\/09\/WhatsApp-Image-2025-09-25-a-17.39.11_d2917451-1140x1520.jpg 1140w, https:\/\/foyer-laique-verfeil.fr\/wp-content\/uploads\/2025\/09\/WhatsApp-Image-2025-09-25-a-17.39.11_d2917451.jpg 1200w\" sizes=\"auto, (max-width: 225px) 100vw, 225px\" \/><\/a><\/figure>\n\n\n\n<figure class=\"wp-block-image size-medium\"><a href=\"https:\/\/foyer-laique-verfeil.fr\/wp-content\/uploads\/2025\/09\/WhatsApp-Image-2025-09-25-a-17.39.11_a6579963.jpg\" data-lbwps-gid=\"5\" data-lbwps-width=\"1200\" data-lbwps-height=\"1600\" data-lbwps-srcsmall=\"https:\/\/foyer-laique-verfeil.fr\/wp-content\/uploads\/2025\/09\/WhatsApp-Image-2025-09-25-a-17.39.11_a6579963-225x300.jpg\"><img loading=\"lazy\" decoding=\"async\" width=\"225\" height=\"300\" data-id=\"39790\" src=\"https:\/\/foyer-laique-verfeil.fr\/wp-content\/uploads\/2025\/09\/WhatsApp-Image-2025-09-25-a-17.39.11_a6579963-225x300.jpg\" alt=\"\" class=\"wp-image-39790\" srcset=\"https:\/\/foyer-laique-verfeil.fr\/wp-content\/uploads\/2025\/09\/WhatsApp-Image-2025-09-25-a-17.39.11_a6579963-225x300.jpg 225w, https:\/\/foyer-laique-verfeil.fr\/wp-content\/uploads\/2025\/09\/WhatsApp-Image-2025-09-25-a-17.39.11_a6579963-768x1024.jpg 768w, https:\/\/foyer-laique-verfeil.fr\/wp-content\/uploads\/2025\/09\/WhatsApp-Image-2025-09-25-a-17.39.11_a6579963-1152x1536.jpg 1152w, https:\/\/foyer-laique-verfeil.fr\/wp-content\/uploads\/2025\/09\/WhatsApp-Image-2025-09-25-a-17.39.11_a6579963-1140x1520.jpg 1140w, https:\/\/foyer-laique-verfeil.fr\/wp-content\/uploads\/2025\/09\/WhatsApp-Image-2025-09-25-a-17.39.11_a6579963.jpg 1200w\" sizes=\"auto, (max-width: 225px) 100vw, 225px\" \/><\/a><\/figure>\n\n\n\n<figure class=\"wp-block-image size-medium\"><a href=\"https:\/\/foyer-laique-verfeil.fr\/wp-content\/uploads\/2025\/09\/WhatsApp-Image-2025-09-25-a-17.39.10_6be11549.jpg\" data-lbwps-gid=\"5\" data-lbwps-width=\"1125\" data-lbwps-height=\"1500\" data-lbwps-srcsmall=\"https:\/\/foyer-laique-verfeil.fr\/wp-content\/uploads\/2025\/09\/WhatsApp-Image-2025-09-25-a-17.39.10_6be11549-225x300.jpg\"><img loading=\"lazy\" decoding=\"async\" width=\"225\" height=\"300\" data-id=\"39789\" src=\"https:\/\/foyer-laique-verfeil.fr\/wp-content\/uploads\/2025\/09\/WhatsApp-Image-2025-09-25-a-17.39.10_6be11549-225x300.jpg\" alt=\"\" class=\"wp-image-39789\" srcset=\"https:\/\/foyer-laique-verfeil.fr\/wp-content\/uploads\/2025\/09\/WhatsApp-Image-2025-09-25-a-17.39.10_6be11549-225x300.jpg 225w, https:\/\/foyer-laique-verfeil.fr\/wp-content\/uploads\/2025\/09\/WhatsApp-Image-2025-09-25-a-17.39.10_6be11549-768x1024.jpg 768w, https:\/\/foyer-laique-verfeil.fr\/wp-content\/uploads\/2025\/09\/WhatsApp-Image-2025-09-25-a-17.39.10_6be11549.jpg 1125w\" sizes=\"auto, (max-width: 225px) 100vw, 225px\" \/><\/a><\/figure>\n\n\n\n<figure class=\"wp-block-image size-medium\"><a href=\"https:\/\/foyer-laique-verfeil.fr\/wp-content\/uploads\/2025\/09\/WhatsApp-Image-2025-09-25-a-17.39.05_7eba2cd1.jpg\" data-lbwps-gid=\"5\" data-lbwps-width=\"1600\" data-lbwps-height=\"1200\" data-lbwps-srcsmall=\"https:\/\/foyer-laique-verfeil.fr\/wp-content\/uploads\/2025\/09\/WhatsApp-Image-2025-09-25-a-17.39.05_7eba2cd1-300x225.jpg\"><img loading=\"lazy\" decoding=\"async\" width=\"300\" height=\"225\" data-id=\"39788\" src=\"https:\/\/foyer-laique-verfeil.fr\/wp-content\/uploads\/2025\/09\/WhatsApp-Image-2025-09-25-a-17.39.05_7eba2cd1-300x225.jpg\" alt=\"\" class=\"wp-image-39788\" srcset=\"https:\/\/foyer-laique-verfeil.fr\/wp-content\/uploads\/2025\/09\/WhatsApp-Image-2025-09-25-a-17.39.05_7eba2cd1-300x225.jpg 300w, https:\/\/foyer-laique-verfeil.fr\/wp-content\/uploads\/2025\/09\/WhatsApp-Image-2025-09-25-a-17.39.05_7eba2cd1-1024x768.jpg 1024w, https:\/\/foyer-laique-verfeil.fr\/wp-content\/uploads\/2025\/09\/WhatsApp-Image-2025-09-25-a-17.39.05_7eba2cd1-768x576.jpg 768w, https:\/\/foyer-laique-verfeil.fr\/wp-content\/uploads\/2025\/09\/WhatsApp-Image-2025-09-25-a-17.39.05_7eba2cd1-1536x1152.jpg 1536w, https:\/\/foyer-laique-verfeil.fr\/wp-content\/uploads\/2025\/09\/WhatsApp-Image-2025-09-25-a-17.39.05_7eba2cd1-1140x855.jpg 1140w, https:\/\/foyer-laique-verfeil.fr\/wp-content\/uploads\/2025\/09\/WhatsApp-Image-2025-09-25-a-17.39.05_7eba2cd1.jpg 1600w\" sizes=\"auto, (max-width: 300px) 100vw, 300px\" \/><\/a><\/figure>\n<\/figure>\n\n\n\n<figure class=\"wp-block-gallery has-nested-images columns-4 is-cropped wp-block-gallery-5 is-layout-flex wp-block-gallery-is-layout-flex\">\n<figure class=\"wp-block-image size-large\"><a href=\"https:\/\/foyer-laique-verfeil.fr\/wp-content\/uploads\/2025\/09\/WhatsApp-Image-2025-09-11-a-16.34.41_efeb7d91.jpg\" data-lbwps-gid=\"6\" data-lbwps-width=\"1500\" data-lbwps-height=\"2000\" data-lbwps-srcsmall=\"https:\/\/foyer-laique-verfeil.fr\/wp-content\/uploads\/2025\/09\/WhatsApp-Image-2025-09-11-a-16.34.41_efeb7d91-225x300.jpg\"><img loading=\"lazy\" decoding=\"async\" width=\"768\" height=\"1024\" data-id=\"39762\" src=\"https:\/\/foyer-laique-verfeil.fr\/wp-content\/uploads\/2025\/09\/WhatsApp-Image-2025-09-11-a-16.34.41_efeb7d91-768x1024.jpg\" alt=\"\" class=\"wp-image-39762\" srcset=\"https:\/\/foyer-laique-verfeil.fr\/wp-content\/uploads\/2025\/09\/WhatsApp-Image-2025-09-11-a-16.34.41_efeb7d91-768x1024.jpg 768w, https:\/\/foyer-laique-verfeil.fr\/wp-content\/uploads\/2025\/09\/WhatsApp-Image-2025-09-11-a-16.34.41_efeb7d91-225x300.jpg 225w, https:\/\/foyer-laique-verfeil.fr\/wp-content\/uploads\/2025\/09\/WhatsApp-Image-2025-09-11-a-16.34.41_efeb7d91-1152x1536.jpg 1152w, https:\/\/foyer-laique-verfeil.fr\/wp-content\/uploads\/2025\/09\/WhatsApp-Image-2025-09-11-a-16.34.41_efeb7d91-1140x1520.jpg 1140w, https:\/\/foyer-laique-verfeil.fr\/wp-content\/uploads\/2025\/09\/WhatsApp-Image-2025-09-11-a-16.34.41_efeb7d91.jpg 1500w\" sizes=\"auto, (max-width: 768px) 100vw, 768px\" \/><\/a><\/figure>\n\n\n\n<figure class=\"wp-block-image size-thumbnail\"><a href=\"https:\/\/foyer-laique-verfeil.fr\/wp-content\/uploads\/2025\/09\/WhatsApp-Image-2025-09-11-a-16.34.41_b171a8e0.jpg\" data-lbwps-gid=\"6\" data-lbwps-width=\"1500\" data-lbwps-height=\"2000\" data-lbwps-srcsmall=\"https:\/\/foyer-laique-verfeil.fr\/wp-content\/uploads\/2025\/09\/WhatsApp-Image-2025-09-11-a-16.34.41_b171a8e0-225x300.jpg\"><img loading=\"lazy\" decoding=\"async\" width=\"150\" height=\"150\" data-id=\"39761\" src=\"https:\/\/foyer-laique-verfeil.fr\/wp-content\/uploads\/2025\/09\/WhatsApp-Image-2025-09-11-a-16.34.41_b171a8e0-150x150.jpg\" alt=\"\" class=\"wp-image-39761\" srcset=\"https:\/\/foyer-laique-verfeil.fr\/wp-content\/uploads\/2025\/09\/WhatsApp-Image-2025-09-11-a-16.34.41_b171a8e0-150x150.jpg 150w, https:\/\/foyer-laique-verfeil.fr\/wp-content\/uploads\/2025\/09\/WhatsApp-Image-2025-09-11-a-16.34.41_b171a8e0-300x300.jpg 300w, https:\/\/foyer-laique-verfeil.fr\/wp-content\/uploads\/2025\/09\/WhatsApp-Image-2025-09-11-a-16.34.41_b171a8e0-75x75.jpg 75w\" sizes=\"auto, (max-width: 150px) 100vw, 150px\" \/><\/a><\/figure>\n\n\n\n<figure class=\"wp-block-image size-medium\"><a href=\"https:\/\/foyer-laique-verfeil.fr\/wp-content\/uploads\/2025\/09\/WhatsApp-Image-2025-09-11-a-16.34.41_938085e5.jpg\" data-lbwps-gid=\"6\" data-lbwps-width=\"1500\" data-lbwps-height=\"2000\" data-lbwps-srcsmall=\"https:\/\/foyer-laique-verfeil.fr\/wp-content\/uploads\/2025\/09\/WhatsApp-Image-2025-09-11-a-16.34.41_938085e5-225x300.jpg\"><img loading=\"lazy\" decoding=\"async\" width=\"225\" height=\"300\" data-id=\"39760\" src=\"https:\/\/foyer-laique-verfeil.fr\/wp-content\/uploads\/2025\/09\/WhatsApp-Image-2025-09-11-a-16.34.41_938085e5-225x300.jpg\" alt=\"\" class=\"wp-image-39760\" srcset=\"https:\/\/foyer-laique-verfeil.fr\/wp-content\/uploads\/2025\/09\/WhatsApp-Image-2025-09-11-a-16.34.41_938085e5-225x300.jpg 225w, https:\/\/foyer-laique-verfeil.fr\/wp-content\/uploads\/2025\/09\/WhatsApp-Image-2025-09-11-a-16.34.41_938085e5-768x1024.jpg 768w, https:\/\/foyer-laique-verfeil.fr\/wp-content\/uploads\/2025\/09\/WhatsApp-Image-2025-09-11-a-16.34.41_938085e5-1152x1536.jpg 1152w, https:\/\/foyer-laique-verfeil.fr\/wp-content\/uploads\/2025\/09\/WhatsApp-Image-2025-09-11-a-16.34.41_938085e5-1140x1520.jpg 1140w, https:\/\/foyer-laique-verfeil.fr\/wp-content\/uploads\/2025\/09\/WhatsApp-Image-2025-09-11-a-16.34.41_938085e5.jpg 1500w\" sizes=\"auto, (max-width: 225px) 100vw, 225px\" \/><\/a><\/figure>\n\n\n\n<figure class=\"wp-block-image size-large\"><a href=\"https:\/\/foyer-laique-verfeil.fr\/wp-content\/uploads\/2025\/09\/WhatsApp-Image-2025-09-11-a-16.34.41_85614a74.jpg\" data-lbwps-gid=\"6\" data-lbwps-width=\"1500\" data-lbwps-height=\"2000\" data-lbwps-srcsmall=\"https:\/\/foyer-laique-verfeil.fr\/wp-content\/uploads\/2025\/09\/WhatsApp-Image-2025-09-11-a-16.34.41_85614a74-225x300.jpg\"><img loading=\"lazy\" decoding=\"async\" width=\"768\" height=\"1024\" data-id=\"39759\" src=\"https:\/\/foyer-laique-verfeil.fr\/wp-content\/uploads\/2025\/09\/WhatsApp-Image-2025-09-11-a-16.34.41_85614a74-768x1024.jpg\" alt=\"\" class=\"wp-image-39759\" srcset=\"https:\/\/foyer-laique-verfeil.fr\/wp-content\/uploads\/2025\/09\/WhatsApp-Image-2025-09-11-a-16.34.41_85614a74-768x1024.jpg 768w, https:\/\/foyer-laique-verfeil.fr\/wp-content\/uploads\/2025\/09\/WhatsApp-Image-2025-09-11-a-16.34.41_85614a74-225x300.jpg 225w, https:\/\/foyer-laique-verfeil.fr\/wp-content\/uploads\/2025\/09\/WhatsApp-Image-2025-09-11-a-16.34.41_85614a74-1152x1536.jpg 1152w, https:\/\/foyer-laique-verfeil.fr\/wp-content\/uploads\/2025\/09\/WhatsApp-Image-2025-09-11-a-16.34.41_85614a74-1140x1520.jpg 1140w, https:\/\/foyer-laique-verfeil.fr\/wp-content\/uploads\/2025\/09\/WhatsApp-Image-2025-09-11-a-16.34.41_85614a74.jpg 1500w\" sizes=\"auto, (max-width: 768px) 100vw, 768px\" \/><\/a><\/figure>\n\n\n\n<figure class=\"wp-block-image size-large\"><a href=\"https:\/\/foyer-laique-verfeil.fr\/wp-content\/uploads\/2025\/09\/WhatsApp-Image-2025-09-11-a-16.34.41_92d564dc.jpg\" data-lbwps-gid=\"6\" data-lbwps-width=\"1500\" data-lbwps-height=\"2000\" data-lbwps-srcsmall=\"https:\/\/foyer-laique-verfeil.fr\/wp-content\/uploads\/2025\/09\/WhatsApp-Image-2025-09-11-a-16.34.41_92d564dc-225x300.jpg\"><img loading=\"lazy\" decoding=\"async\" width=\"768\" height=\"1024\" data-id=\"39758\" src=\"https:\/\/foyer-laique-verfeil.fr\/wp-content\/uploads\/2025\/09\/WhatsApp-Image-2025-09-11-a-16.34.41_92d564dc-768x1024.jpg\" alt=\"\" class=\"wp-image-39758\" srcset=\"https:\/\/foyer-laique-verfeil.fr\/wp-content\/uploads\/2025\/09\/WhatsApp-Image-2025-09-11-a-16.34.41_92d564dc-768x1024.jpg 768w, https:\/\/foyer-laique-verfeil.fr\/wp-content\/uploads\/2025\/09\/WhatsApp-Image-2025-09-11-a-16.34.41_92d564dc-225x300.jpg 225w, https:\/\/foyer-laique-verfeil.fr\/wp-content\/uploads\/2025\/09\/WhatsApp-Image-2025-09-11-a-16.34.41_92d564dc-1152x1536.jpg 1152w, https:\/\/foyer-laique-verfeil.fr\/wp-content\/uploads\/2025\/09\/WhatsApp-Image-2025-09-11-a-16.34.41_92d564dc-1140x1520.jpg 1140w, https:\/\/foyer-laique-verfeil.fr\/wp-content\/uploads\/2025\/09\/WhatsApp-Image-2025-09-11-a-16.34.41_92d564dc.jpg 1500w\" sizes=\"auto, (max-width: 768px) 100vw, 768px\" \/><\/a><\/figure>\n\n\n\n<figure class=\"wp-block-image size-large\"><a href=\"https:\/\/foyer-laique-verfeil.fr\/wp-content\/uploads\/2025\/09\/WhatsApp-Image-2025-09-11-a-16.34.40_c73143cb.jpg\" data-lbwps-gid=\"6\" data-lbwps-width=\"1500\" data-lbwps-height=\"2000\" data-lbwps-srcsmall=\"https:\/\/foyer-laique-verfeil.fr\/wp-content\/uploads\/2025\/09\/WhatsApp-Image-2025-09-11-a-16.34.40_c73143cb-225x300.jpg\"><img loading=\"lazy\" decoding=\"async\" width=\"768\" height=\"1024\" data-id=\"39757\" src=\"https:\/\/foyer-laique-verfeil.fr\/wp-content\/uploads\/2025\/09\/WhatsApp-Image-2025-09-11-a-16.34.40_c73143cb-768x1024.jpg\" alt=\"\" class=\"wp-image-39757\" srcset=\"https:\/\/foyer-laique-verfeil.fr\/wp-content\/uploads\/2025\/09\/WhatsApp-Image-2025-09-11-a-16.34.40_c73143cb-768x1024.jpg 768w, https:\/\/foyer-laique-verfeil.fr\/wp-content\/uploads\/2025\/09\/WhatsApp-Image-2025-09-11-a-16.34.40_c73143cb-225x300.jpg 225w, https:\/\/foyer-laique-verfeil.fr\/wp-content\/uploads\/2025\/09\/WhatsApp-Image-2025-09-11-a-16.34.40_c73143cb-1152x1536.jpg 1152w, https:\/\/foyer-laique-verfeil.fr\/wp-content\/uploads\/2025\/09\/WhatsApp-Image-2025-09-11-a-16.34.40_c73143cb-1140x1520.jpg 1140w, https:\/\/foyer-laique-verfeil.fr\/wp-content\/uploads\/2025\/09\/WhatsApp-Image-2025-09-11-a-16.34.40_c73143cb.jpg 1500w\" sizes=\"auto, (max-width: 768px) 100vw, 768px\" \/><\/a><\/figure>\n\n\n\n<figure class=\"wp-block-image size-large\"><a href=\"https:\/\/foyer-laique-verfeil.fr\/wp-content\/uploads\/2025\/09\/WhatsApp-Image-2025-09-11-a-16.34.40_7365fb90.jpg\" data-lbwps-gid=\"6\" data-lbwps-width=\"1500\" data-lbwps-height=\"2000\" data-lbwps-srcsmall=\"https:\/\/foyer-laique-verfeil.fr\/wp-content\/uploads\/2025\/09\/WhatsApp-Image-2025-09-11-a-16.34.40_7365fb90-225x300.jpg\"><img loading=\"lazy\" decoding=\"async\" width=\"768\" height=\"1024\" data-id=\"39756\" src=\"https:\/\/foyer-laique-verfeil.fr\/wp-content\/uploads\/2025\/09\/WhatsApp-Image-2025-09-11-a-16.34.40_7365fb90-768x1024.jpg\" alt=\"\" class=\"wp-image-39756\" srcset=\"https:\/\/foyer-laique-verfeil.fr\/wp-content\/uploads\/2025\/09\/WhatsApp-Image-2025-09-11-a-16.34.40_7365fb90-768x1024.jpg 768w, https:\/\/foyer-laique-verfeil.fr\/wp-content\/uploads\/2025\/09\/WhatsApp-Image-2025-09-11-a-16.34.40_7365fb90-225x300.jpg 225w, https:\/\/foyer-laique-verfeil.fr\/wp-content\/uploads\/2025\/09\/WhatsApp-Image-2025-09-11-a-16.34.40_7365fb90-1152x1536.jpg 1152w, https:\/\/foyer-laique-verfeil.fr\/wp-content\/uploads\/2025\/09\/WhatsApp-Image-2025-09-11-a-16.34.40_7365fb90-1140x1520.jpg 1140w, https:\/\/foyer-laique-verfeil.fr\/wp-content\/uploads\/2025\/09\/WhatsApp-Image-2025-09-11-a-16.34.40_7365fb90.jpg 1500w\" sizes=\"auto, (max-width: 768px) 100vw, 768px\" \/><\/a><\/figure>\n\n\n\n<figure class=\"wp-block-image size-large\"><a href=\"https:\/\/foyer-laique-verfeil.fr\/wp-content\/uploads\/2025\/09\/WhatsApp-Image-2025-09-11-a-16.34.40_4a8732e7.jpg\" data-lbwps-gid=\"6\" data-lbwps-width=\"1500\" data-lbwps-height=\"2000\" data-lbwps-srcsmall=\"https:\/\/foyer-laique-verfeil.fr\/wp-content\/uploads\/2025\/09\/WhatsApp-Image-2025-09-11-a-16.34.40_4a8732e7-225x300.jpg\"><img loading=\"lazy\" decoding=\"async\" width=\"768\" height=\"1024\" data-id=\"39755\" src=\"https:\/\/foyer-laique-verfeil.fr\/wp-content\/uploads\/2025\/09\/WhatsApp-Image-2025-09-11-a-16.34.40_4a8732e7-768x1024.jpg\" alt=\"\" class=\"wp-image-39755\" srcset=\"https:\/\/foyer-laique-verfeil.fr\/wp-content\/uploads\/2025\/09\/WhatsApp-Image-2025-09-11-a-16.34.40_4a8732e7-768x1024.jpg 768w, https:\/\/foyer-laique-verfeil.fr\/wp-content\/uploads\/2025\/09\/WhatsApp-Image-2025-09-11-a-16.34.40_4a8732e7-225x300.jpg 225w, https:\/\/foyer-laique-verfeil.fr\/wp-content\/uploads\/2025\/09\/WhatsApp-Image-2025-09-11-a-16.34.40_4a8732e7-1152x1536.jpg 1152w, https:\/\/foyer-laique-verfeil.fr\/wp-content\/uploads\/2025\/09\/WhatsApp-Image-2025-09-11-a-16.34.40_4a8732e7-1140x1520.jpg 1140w, https:\/\/foyer-laique-verfeil.fr\/wp-content\/uploads\/2025\/09\/WhatsApp-Image-2025-09-11-a-16.34.40_4a8732e7.jpg 1500w\" sizes=\"auto, (max-width: 768px) 100vw, 768px\" \/><\/a><\/figure>\n<\/figure>\n\n\n\n<h2 class=\"wp-block-heading has-text-align-center has-vivid-red-color has-text-color has-background has-link-color wp-elements-7b3398bd29e41f47a8f70029768d7d84\" style=\"background-color:#f3f9b885\">C&rsquo;\u00e9tait <em>LA SAISON 2024 \/ 202<\/em>5<\/h2>\n\n\n\n<h2 class=\"wp-block-heading\">Le printemps nous met des fourmis dans les aiguilles&#8230;<\/h2>\n\n\n\n<div class=\"wp-block-columns is-layout-flex wp-container-core-columns-is-layout-9d6595d7 wp-block-columns-is-layout-flex\">\n<div class=\"wp-block-column is-layout-flow wp-block-column-is-layout-flow\" style=\"flex-basis:33.33%\">\n<p style=\"font-size:26px\">Notre petit groupe s&rsquo;en donne \u00e0 c\u0153ur joie. <br>Si Nicole sugg\u00e8re toujours un ouvrage collectif, les cousettes se laissent aller \u00e0 des travaux plus individuels ou personnels.<br>Admirez la petite veste de berger d&rsquo;Andr\u00e9e, les paniers-cocottes de P\u00e2ques pour les chasseurs d\u2019\u0153ufs en chocolat, des sacs divers et vari\u00e9s, vestes ou pantalons en tous genres&#8230; <br>Et toujours pour bien d\u00e9marrer, un petit caf\u00e9 ou un th\u00e9, et &#8230; quelques douceurs&#8230;<\/p>\n\n\n\n<figure class=\"wp-block-image size-large\"><img loading=\"lazy\" decoding=\"async\" width=\"768\" height=\"1024\" src=\"https:\/\/foyer-laique-verfeil.fr\/wp-content\/uploads\/2025\/05\/1-15-mai-2025-768x1024.jpg\" alt=\"\" class=\"wp-image-39482\" srcset=\"https:\/\/foyer-laique-verfeil.fr\/wp-content\/uploads\/2025\/05\/1-15-mai-2025-768x1024.jpg 768w, https:\/\/foyer-laique-verfeil.fr\/wp-content\/uploads\/2025\/05\/1-15-mai-2025-225x300.jpg 225w, https:\/\/foyer-laique-verfeil.fr\/wp-content\/uploads\/2025\/05\/1-15-mai-2025-1152x1536.jpg 1152w, https:\/\/foyer-laique-verfeil.fr\/wp-content\/uploads\/2025\/05\/1-15-mai-2025-1140x1520.jpg 1140w, https:\/\/foyer-laique-verfeil.fr\/wp-content\/uploads\/2025\/05\/1-15-mai-2025.jpg 1536w\" sizes=\"auto, (max-width: 768px) 100vw, 768px\" \/><\/figure>\n\n\n\n<figure class=\"wp-block-image size-large\"><img loading=\"lazy\" decoding=\"async\" width=\"1024\" height=\"768\" src=\"https:\/\/foyer-laique-verfeil.fr\/wp-content\/uploads\/2025\/05\/3-1024x768.jpg\" alt=\"\" class=\"wp-image-39484\" srcset=\"https:\/\/foyer-laique-verfeil.fr\/wp-content\/uploads\/2025\/05\/3-1024x768.jpg 1024w, https:\/\/foyer-laique-verfeil.fr\/wp-content\/uploads\/2025\/05\/3-300x225.jpg 300w, https:\/\/foyer-laique-verfeil.fr\/wp-content\/uploads\/2025\/05\/3-768x576.jpg 768w, https:\/\/foyer-laique-verfeil.fr\/wp-content\/uploads\/2025\/05\/3-1536x1152.jpg 1536w, https:\/\/foyer-laique-verfeil.fr\/wp-content\/uploads\/2025\/05\/3-1140x855.jpg 1140w, https:\/\/foyer-laique-verfeil.fr\/wp-content\/uploads\/2025\/05\/3.jpg 2048w\" sizes=\"auto, (max-width: 1024px) 100vw, 1024px\" \/><\/figure>\n<\/div>\n\n\n\n<div class=\"wp-block-column is-layout-flow wp-block-column-is-layout-flow\" style=\"flex-basis:66.66%\">\n<figure class=\"wp-block-gallery has-nested-images columns-4 is-cropped wp-block-gallery-6 is-layout-flex wp-block-gallery-is-layout-flex\">\n<figure class=\"wp-block-image size-large\"><a href=\"https:\/\/foyer-laique-verfeil.fr\/wp-content\/uploads\/2025\/04\/WhatsApp-Image-2025-04-03-a-17.41.24_04686b89.jpg\" data-lbwps-gid=\"7\" data-lbwps-width=\"1200\" data-lbwps-height=\"1600\" data-lbwps-srcsmall=\"https:\/\/foyer-laique-verfeil.fr\/wp-content\/uploads\/2025\/04\/WhatsApp-Image-2025-04-03-a-17.41.24_04686b89-225x300.jpg\"><img loading=\"lazy\" decoding=\"async\" width=\"768\" height=\"1024\" data-id=\"39420\" src=\"https:\/\/foyer-laique-verfeil.fr\/wp-content\/uploads\/2025\/04\/WhatsApp-Image-2025-04-03-a-17.41.24_04686b89-768x1024.jpg\" alt=\"\" class=\"wp-image-39420\" srcset=\"https:\/\/foyer-laique-verfeil.fr\/wp-content\/uploads\/2025\/04\/WhatsApp-Image-2025-04-03-a-17.41.24_04686b89-768x1024.jpg 768w, https:\/\/foyer-laique-verfeil.fr\/wp-content\/uploads\/2025\/04\/WhatsApp-Image-2025-04-03-a-17.41.24_04686b89-225x300.jpg 225w, https:\/\/foyer-laique-verfeil.fr\/wp-content\/uploads\/2025\/04\/WhatsApp-Image-2025-04-03-a-17.41.24_04686b89-1152x1536.jpg 1152w, https:\/\/foyer-laique-verfeil.fr\/wp-content\/uploads\/2025\/04\/WhatsApp-Image-2025-04-03-a-17.41.24_04686b89-1140x1520.jpg 1140w, https:\/\/foyer-laique-verfeil.fr\/wp-content\/uploads\/2025\/04\/WhatsApp-Image-2025-04-03-a-17.41.24_04686b89.jpg 1200w\" sizes=\"auto, (max-width: 768px) 100vw, 768px\" \/><\/a><\/figure>\n\n\n\n<figure class=\"wp-block-image size-large\"><a href=\"https:\/\/foyer-laique-verfeil.fr\/wp-content\/uploads\/2025\/04\/WhatsApp-Image-2025-04-03-a-17.40.00_81d0fde4.jpg\" data-lbwps-gid=\"7\" data-lbwps-width=\"1600\" data-lbwps-height=\"1200\" data-lbwps-srcsmall=\"https:\/\/foyer-laique-verfeil.fr\/wp-content\/uploads\/2025\/04\/WhatsApp-Image-2025-04-03-a-17.40.00_81d0fde4-300x225.jpg\"><img loading=\"lazy\" decoding=\"async\" width=\"1024\" height=\"768\" data-id=\"39419\" src=\"https:\/\/foyer-laique-verfeil.fr\/wp-content\/uploads\/2025\/04\/WhatsApp-Image-2025-04-03-a-17.40.00_81d0fde4-1024x768.jpg\" alt=\"\" class=\"wp-image-39419\" srcset=\"https:\/\/foyer-laique-verfeil.fr\/wp-content\/uploads\/2025\/04\/WhatsApp-Image-2025-04-03-a-17.40.00_81d0fde4-1024x768.jpg 1024w, https:\/\/foyer-laique-verfeil.fr\/wp-content\/uploads\/2025\/04\/WhatsApp-Image-2025-04-03-a-17.40.00_81d0fde4-300x225.jpg 300w, https:\/\/foyer-laique-verfeil.fr\/wp-content\/uploads\/2025\/04\/WhatsApp-Image-2025-04-03-a-17.40.00_81d0fde4-768x576.jpg 768w, https:\/\/foyer-laique-verfeil.fr\/wp-content\/uploads\/2025\/04\/WhatsApp-Image-2025-04-03-a-17.40.00_81d0fde4-1536x1152.jpg 1536w, https:\/\/foyer-laique-verfeil.fr\/wp-content\/uploads\/2025\/04\/WhatsApp-Image-2025-04-03-a-17.40.00_81d0fde4-1140x855.jpg 1140w, https:\/\/foyer-laique-verfeil.fr\/wp-content\/uploads\/2025\/04\/WhatsApp-Image-2025-04-03-a-17.40.00_81d0fde4.jpg 1600w\" sizes=\"auto, (max-width: 1024px) 100vw, 1024px\" \/><\/a><\/figure>\n\n\n\n<figure class=\"wp-block-image size-large\"><a href=\"https:\/\/foyer-laique-verfeil.fr\/wp-content\/uploads\/2025\/04\/WhatsApp-Image-2025-04-03-a-17.02.42_b1fdc514.jpg\" data-lbwps-gid=\"7\" data-lbwps-width=\"1200\" data-lbwps-height=\"1600\" data-lbwps-srcsmall=\"https:\/\/foyer-laique-verfeil.fr\/wp-content\/uploads\/2025\/04\/WhatsApp-Image-2025-04-03-a-17.02.42_b1fdc514-225x300.jpg\"><img loading=\"lazy\" decoding=\"async\" width=\"768\" height=\"1024\" data-id=\"39417\" src=\"https:\/\/foyer-laique-verfeil.fr\/wp-content\/uploads\/2025\/04\/WhatsApp-Image-2025-04-03-a-17.02.42_b1fdc514-768x1024.jpg\" alt=\"\" class=\"wp-image-39417\" srcset=\"https:\/\/foyer-laique-verfeil.fr\/wp-content\/uploads\/2025\/04\/WhatsApp-Image-2025-04-03-a-17.02.42_b1fdc514-768x1024.jpg 768w, https:\/\/foyer-laique-verfeil.fr\/wp-content\/uploads\/2025\/04\/WhatsApp-Image-2025-04-03-a-17.02.42_b1fdc514-225x300.jpg 225w, https:\/\/foyer-laique-verfeil.fr\/wp-content\/uploads\/2025\/04\/WhatsApp-Image-2025-04-03-a-17.02.42_b1fdc514-1152x1536.jpg 1152w, https:\/\/foyer-laique-verfeil.fr\/wp-content\/uploads\/2025\/04\/WhatsApp-Image-2025-04-03-a-17.02.42_b1fdc514-1140x1520.jpg 1140w, https:\/\/foyer-laique-verfeil.fr\/wp-content\/uploads\/2025\/04\/WhatsApp-Image-2025-04-03-a-17.02.42_b1fdc514.jpg 1200w\" sizes=\"auto, (max-width: 768px) 100vw, 768px\" \/><\/a><\/figure>\n\n\n\n<figure class=\"wp-block-image size-large\"><a href=\"https:\/\/foyer-laique-verfeil.fr\/wp-content\/uploads\/2025\/04\/WhatsApp-Image-2025-04-03-a-17.02.42_a7012318.jpg\" data-lbwps-gid=\"7\" data-lbwps-width=\"1200\" data-lbwps-height=\"1600\" data-lbwps-srcsmall=\"https:\/\/foyer-laique-verfeil.fr\/wp-content\/uploads\/2025\/04\/WhatsApp-Image-2025-04-03-a-17.02.42_a7012318-225x300.jpg\"><img loading=\"lazy\" decoding=\"async\" width=\"768\" height=\"1024\" data-id=\"39416\" src=\"https:\/\/foyer-laique-verfeil.fr\/wp-content\/uploads\/2025\/04\/WhatsApp-Image-2025-04-03-a-17.02.42_a7012318-768x1024.jpg\" alt=\"\" class=\"wp-image-39416\" srcset=\"https:\/\/foyer-laique-verfeil.fr\/wp-content\/uploads\/2025\/04\/WhatsApp-Image-2025-04-03-a-17.02.42_a7012318-768x1024.jpg 768w, https:\/\/foyer-laique-verfeil.fr\/wp-content\/uploads\/2025\/04\/WhatsApp-Image-2025-04-03-a-17.02.42_a7012318-225x300.jpg 225w, https:\/\/foyer-laique-verfeil.fr\/wp-content\/uploads\/2025\/04\/WhatsApp-Image-2025-04-03-a-17.02.42_a7012318-1152x1536.jpg 1152w, https:\/\/foyer-laique-verfeil.fr\/wp-content\/uploads\/2025\/04\/WhatsApp-Image-2025-04-03-a-17.02.42_a7012318-1140x1520.jpg 1140w, https:\/\/foyer-laique-verfeil.fr\/wp-content\/uploads\/2025\/04\/WhatsApp-Image-2025-04-03-a-17.02.42_a7012318.jpg 1200w\" sizes=\"auto, (max-width: 768px) 100vw, 768px\" \/><\/a><\/figure>\n\n\n\n<figure class=\"wp-block-image size-large\"><a href=\"https:\/\/foyer-laique-verfeil.fr\/wp-content\/uploads\/2025\/04\/WhatsApp-Image-2025-04-03-a-17.02.42_689cdfd3.jpg\" data-lbwps-gid=\"7\" data-lbwps-width=\"1200\" data-lbwps-height=\"1600\" data-lbwps-srcsmall=\"https:\/\/foyer-laique-verfeil.fr\/wp-content\/uploads\/2025\/04\/WhatsApp-Image-2025-04-03-a-17.02.42_689cdfd3-225x300.jpg\"><img loading=\"lazy\" decoding=\"async\" width=\"768\" height=\"1024\" data-id=\"39415\" src=\"https:\/\/foyer-laique-verfeil.fr\/wp-content\/uploads\/2025\/04\/WhatsApp-Image-2025-04-03-a-17.02.42_689cdfd3-768x1024.jpg\" alt=\"\" class=\"wp-image-39415\" srcset=\"https:\/\/foyer-laique-verfeil.fr\/wp-content\/uploads\/2025\/04\/WhatsApp-Image-2025-04-03-a-17.02.42_689cdfd3-768x1024.jpg 768w, https:\/\/foyer-laique-verfeil.fr\/wp-content\/uploads\/2025\/04\/WhatsApp-Image-2025-04-03-a-17.02.42_689cdfd3-225x300.jpg 225w, https:\/\/foyer-laique-verfeil.fr\/wp-content\/uploads\/2025\/04\/WhatsApp-Image-2025-04-03-a-17.02.42_689cdfd3-1152x1536.jpg 1152w, https:\/\/foyer-laique-verfeil.fr\/wp-content\/uploads\/2025\/04\/WhatsApp-Image-2025-04-03-a-17.02.42_689cdfd3-1140x1520.jpg 1140w, https:\/\/foyer-laique-verfeil.fr\/wp-content\/uploads\/2025\/04\/WhatsApp-Image-2025-04-03-a-17.02.42_689cdfd3.jpg 1200w\" sizes=\"auto, (max-width: 768px) 100vw, 768px\" \/><\/a><\/figure>\n\n\n\n<figure class=\"wp-block-image size-large\"><a href=\"https:\/\/foyer-laique-verfeil.fr\/wp-content\/uploads\/2025\/04\/WhatsApp-Image-2025-04-03-a-17.02.42_338ad9f1.jpg\" data-lbwps-gid=\"7\" data-lbwps-width=\"1200\" data-lbwps-height=\"1599\" data-lbwps-srcsmall=\"https:\/\/foyer-laique-verfeil.fr\/wp-content\/uploads\/2025\/04\/WhatsApp-Image-2025-04-03-a-17.02.42_338ad9f1-225x300.jpg\"><img loading=\"lazy\" decoding=\"async\" width=\"768\" height=\"1024\" data-id=\"39414\" src=\"https:\/\/foyer-laique-verfeil.fr\/wp-content\/uploads\/2025\/04\/WhatsApp-Image-2025-04-03-a-17.02.42_338ad9f1-768x1024.jpg\" alt=\"\" class=\"wp-image-39414\" srcset=\"https:\/\/foyer-laique-verfeil.fr\/wp-content\/uploads\/2025\/04\/WhatsApp-Image-2025-04-03-a-17.02.42_338ad9f1-768x1023.jpg 768w, https:\/\/foyer-laique-verfeil.fr\/wp-content\/uploads\/2025\/04\/WhatsApp-Image-2025-04-03-a-17.02.42_338ad9f1-225x300.jpg 225w, https:\/\/foyer-laique-verfeil.fr\/wp-content\/uploads\/2025\/04\/WhatsApp-Image-2025-04-03-a-17.02.42_338ad9f1-1153x1536.jpg 1153w, https:\/\/foyer-laique-verfeil.fr\/wp-content\/uploads\/2025\/04\/WhatsApp-Image-2025-04-03-a-17.02.42_338ad9f1-1140x1519.jpg 1140w, https:\/\/foyer-laique-verfeil.fr\/wp-content\/uploads\/2025\/04\/WhatsApp-Image-2025-04-03-a-17.02.42_338ad9f1.jpg 1200w\" sizes=\"auto, (max-width: 768px) 100vw, 768px\" \/><\/a><\/figure>\n\n\n\n<figure class=\"wp-block-image size-large\"><a href=\"https:\/\/foyer-laique-verfeil.fr\/wp-content\/uploads\/2025\/04\/WhatsApp-Image-2025-04-03-a-17.02.42_4fac57f1.jpg\" data-lbwps-gid=\"7\" data-lbwps-width=\"1200\" data-lbwps-height=\"1600\" data-lbwps-srcsmall=\"https:\/\/foyer-laique-verfeil.fr\/wp-content\/uploads\/2025\/04\/WhatsApp-Image-2025-04-03-a-17.02.42_4fac57f1-225x300.jpg\"><img loading=\"lazy\" decoding=\"async\" width=\"768\" height=\"1024\" data-id=\"39413\" src=\"https:\/\/foyer-laique-verfeil.fr\/wp-content\/uploads\/2025\/04\/WhatsApp-Image-2025-04-03-a-17.02.42_4fac57f1-768x1024.jpg\" alt=\"\" class=\"wp-image-39413\" srcset=\"https:\/\/foyer-laique-verfeil.fr\/wp-content\/uploads\/2025\/04\/WhatsApp-Image-2025-04-03-a-17.02.42_4fac57f1-768x1024.jpg 768w, https:\/\/foyer-laique-verfeil.fr\/wp-content\/uploads\/2025\/04\/WhatsApp-Image-2025-04-03-a-17.02.42_4fac57f1-225x300.jpg 225w, https:\/\/foyer-laique-verfeil.fr\/wp-content\/uploads\/2025\/04\/WhatsApp-Image-2025-04-03-a-17.02.42_4fac57f1-1152x1536.jpg 1152w, https:\/\/foyer-laique-verfeil.fr\/wp-content\/uploads\/2025\/04\/WhatsApp-Image-2025-04-03-a-17.02.42_4fac57f1-1140x1520.jpg 1140w, https:\/\/foyer-laique-verfeil.fr\/wp-content\/uploads\/2025\/04\/WhatsApp-Image-2025-04-03-a-17.02.42_4fac57f1.jpg 1200w\" sizes=\"auto, (max-width: 768px) 100vw, 768px\" \/><\/a><\/figure>\n\n\n\n<figure class=\"wp-block-image size-large\"><a href=\"https:\/\/foyer-laique-verfeil.fr\/wp-content\/uploads\/2025\/04\/WhatsApp-Image-2025-04-03-a-17.02.41_f011edd5.jpg\" data-lbwps-gid=\"7\" data-lbwps-width=\"1200\" data-lbwps-height=\"1600\" data-lbwps-srcsmall=\"https:\/\/foyer-laique-verfeil.fr\/wp-content\/uploads\/2025\/04\/WhatsApp-Image-2025-04-03-a-17.02.41_f011edd5-225x300.jpg\"><img loading=\"lazy\" decoding=\"async\" width=\"768\" height=\"1024\" data-id=\"39412\" src=\"https:\/\/foyer-laique-verfeil.fr\/wp-content\/uploads\/2025\/04\/WhatsApp-Image-2025-04-03-a-17.02.41_f011edd5-768x1024.jpg\" alt=\"\" class=\"wp-image-39412\" srcset=\"https:\/\/foyer-laique-verfeil.fr\/wp-content\/uploads\/2025\/04\/WhatsApp-Image-2025-04-03-a-17.02.41_f011edd5-768x1024.jpg 768w, https:\/\/foyer-laique-verfeil.fr\/wp-content\/uploads\/2025\/04\/WhatsApp-Image-2025-04-03-a-17.02.41_f011edd5-225x300.jpg 225w, https:\/\/foyer-laique-verfeil.fr\/wp-content\/uploads\/2025\/04\/WhatsApp-Image-2025-04-03-a-17.02.41_f011edd5-1152x1536.jpg 1152w, https:\/\/foyer-laique-verfeil.fr\/wp-content\/uploads\/2025\/04\/WhatsApp-Image-2025-04-03-a-17.02.41_f011edd5-1140x1520.jpg 1140w, https:\/\/foyer-laique-verfeil.fr\/wp-content\/uploads\/2025\/04\/WhatsApp-Image-2025-04-03-a-17.02.41_f011edd5.jpg 1200w\" sizes=\"auto, (max-width: 768px) 100vw, 768px\" \/><\/a><\/figure>\n\n\n\n<figure class=\"wp-block-image size-large\"><a href=\"https:\/\/foyer-laique-verfeil.fr\/wp-content\/uploads\/2025\/04\/WhatsApp-Image-2025-04-03-a-17.02.41_02401274.jpg\" data-lbwps-gid=\"7\" data-lbwps-width=\"1200\" data-lbwps-height=\"1600\" data-lbwps-srcsmall=\"https:\/\/foyer-laique-verfeil.fr\/wp-content\/uploads\/2025\/04\/WhatsApp-Image-2025-04-03-a-17.02.41_02401274-225x300.jpg\"><img loading=\"lazy\" decoding=\"async\" width=\"768\" height=\"1024\" data-id=\"39411\" src=\"https:\/\/foyer-laique-verfeil.fr\/wp-content\/uploads\/2025\/04\/WhatsApp-Image-2025-04-03-a-17.02.41_02401274-768x1024.jpg\" alt=\"\" class=\"wp-image-39411\" srcset=\"https:\/\/foyer-laique-verfeil.fr\/wp-content\/uploads\/2025\/04\/WhatsApp-Image-2025-04-03-a-17.02.41_02401274-768x1024.jpg 768w, https:\/\/foyer-laique-verfeil.fr\/wp-content\/uploads\/2025\/04\/WhatsApp-Image-2025-04-03-a-17.02.41_02401274-225x300.jpg 225w, https:\/\/foyer-laique-verfeil.fr\/wp-content\/uploads\/2025\/04\/WhatsApp-Image-2025-04-03-a-17.02.41_02401274-1152x1536.jpg 1152w, https:\/\/foyer-laique-verfeil.fr\/wp-content\/uploads\/2025\/04\/WhatsApp-Image-2025-04-03-a-17.02.41_02401274-1140x1520.jpg 1140w, https:\/\/foyer-laique-verfeil.fr\/wp-content\/uploads\/2025\/04\/WhatsApp-Image-2025-04-03-a-17.02.41_02401274.jpg 1200w\" sizes=\"auto, (max-width: 768px) 100vw, 768px\" \/><\/a><\/figure>\n\n\n\n<figure class=\"wp-block-image size-large\"><a href=\"https:\/\/foyer-laique-verfeil.fr\/wp-content\/uploads\/2025\/04\/WhatsApp-Image-2025-04-03-a-17.02.41_996f4b26.jpg\" data-lbwps-gid=\"7\" data-lbwps-width=\"1200\" data-lbwps-height=\"1600\" data-lbwps-srcsmall=\"https:\/\/foyer-laique-verfeil.fr\/wp-content\/uploads\/2025\/04\/WhatsApp-Image-2025-04-03-a-17.02.41_996f4b26-225x300.jpg\"><img loading=\"lazy\" decoding=\"async\" width=\"768\" height=\"1024\" data-id=\"39410\" src=\"https:\/\/foyer-laique-verfeil.fr\/wp-content\/uploads\/2025\/04\/WhatsApp-Image-2025-04-03-a-17.02.41_996f4b26-768x1024.jpg\" alt=\"\" class=\"wp-image-39410\" srcset=\"https:\/\/foyer-laique-verfeil.fr\/wp-content\/uploads\/2025\/04\/WhatsApp-Image-2025-04-03-a-17.02.41_996f4b26-768x1024.jpg 768w, https:\/\/foyer-laique-verfeil.fr\/wp-content\/uploads\/2025\/04\/WhatsApp-Image-2025-04-03-a-17.02.41_996f4b26-225x300.jpg 225w, https:\/\/foyer-laique-verfeil.fr\/wp-content\/uploads\/2025\/04\/WhatsApp-Image-2025-04-03-a-17.02.41_996f4b26-1152x1536.jpg 1152w, https:\/\/foyer-laique-verfeil.fr\/wp-content\/uploads\/2025\/04\/WhatsApp-Image-2025-04-03-a-17.02.41_996f4b26-1140x1520.jpg 1140w, https:\/\/foyer-laique-verfeil.fr\/wp-content\/uploads\/2025\/04\/WhatsApp-Image-2025-04-03-a-17.02.41_996f4b26.jpg 1200w\" sizes=\"auto, (max-width: 768px) 100vw, 768px\" \/><\/a><\/figure>\n\n\n\n<figure class=\"wp-block-image size-large\"><a href=\"https:\/\/foyer-laique-verfeil.fr\/wp-content\/uploads\/2025\/04\/WhatsApp-Image-2025-04-03-a-17.02.41_091ef477.jpg\" data-lbwps-gid=\"7\" data-lbwps-width=\"1600\" data-lbwps-height=\"1200\" data-lbwps-srcsmall=\"https:\/\/foyer-laique-verfeil.fr\/wp-content\/uploads\/2025\/04\/WhatsApp-Image-2025-04-03-a-17.02.41_091ef477-300x225.jpg\"><img loading=\"lazy\" decoding=\"async\" width=\"1024\" height=\"768\" data-id=\"39409\" src=\"https:\/\/foyer-laique-verfeil.fr\/wp-content\/uploads\/2025\/04\/WhatsApp-Image-2025-04-03-a-17.02.41_091ef477-1024x768.jpg\" alt=\"\" class=\"wp-image-39409\" srcset=\"https:\/\/foyer-laique-verfeil.fr\/wp-content\/uploads\/2025\/04\/WhatsApp-Image-2025-04-03-a-17.02.41_091ef477-1024x768.jpg 1024w, https:\/\/foyer-laique-verfeil.fr\/wp-content\/uploads\/2025\/04\/WhatsApp-Image-2025-04-03-a-17.02.41_091ef477-300x225.jpg 300w, https:\/\/foyer-laique-verfeil.fr\/wp-content\/uploads\/2025\/04\/WhatsApp-Image-2025-04-03-a-17.02.41_091ef477-768x576.jpg 768w, https:\/\/foyer-laique-verfeil.fr\/wp-content\/uploads\/2025\/04\/WhatsApp-Image-2025-04-03-a-17.02.41_091ef477-1536x1152.jpg 1536w, https:\/\/foyer-laique-verfeil.fr\/wp-content\/uploads\/2025\/04\/WhatsApp-Image-2025-04-03-a-17.02.41_091ef477-1140x855.jpg 1140w, https:\/\/foyer-laique-verfeil.fr\/wp-content\/uploads\/2025\/04\/WhatsApp-Image-2025-04-03-a-17.02.41_091ef477.jpg 1600w\" sizes=\"auto, (max-width: 1024px) 100vw, 1024px\" \/><\/a><\/figure>\n\n\n\n<figure class=\"wp-block-image size-large\"><a href=\"https:\/\/foyer-laique-verfeil.fr\/wp-content\/uploads\/2025\/04\/WhatsApp-Image-2025-04-03-a-17.02.41_10cff551.jpg\" data-lbwps-gid=\"7\" data-lbwps-width=\"1200\" data-lbwps-height=\"1600\" data-lbwps-srcsmall=\"https:\/\/foyer-laique-verfeil.fr\/wp-content\/uploads\/2025\/04\/WhatsApp-Image-2025-04-03-a-17.02.41_10cff551-225x300.jpg\"><img loading=\"lazy\" decoding=\"async\" width=\"768\" height=\"1024\" data-id=\"39408\" src=\"https:\/\/foyer-laique-verfeil.fr\/wp-content\/uploads\/2025\/04\/WhatsApp-Image-2025-04-03-a-17.02.41_10cff551-768x1024.jpg\" alt=\"\" class=\"wp-image-39408\" srcset=\"https:\/\/foyer-laique-verfeil.fr\/wp-content\/uploads\/2025\/04\/WhatsApp-Image-2025-04-03-a-17.02.41_10cff551-768x1024.jpg 768w, https:\/\/foyer-laique-verfeil.fr\/wp-content\/uploads\/2025\/04\/WhatsApp-Image-2025-04-03-a-17.02.41_10cff551-225x300.jpg 225w, https:\/\/foyer-laique-verfeil.fr\/wp-content\/uploads\/2025\/04\/WhatsApp-Image-2025-04-03-a-17.02.41_10cff551-1152x1536.jpg 1152w, https:\/\/foyer-laique-verfeil.fr\/wp-content\/uploads\/2025\/04\/WhatsApp-Image-2025-04-03-a-17.02.41_10cff551-1140x1520.jpg 1140w, https:\/\/foyer-laique-verfeil.fr\/wp-content\/uploads\/2025\/04\/WhatsApp-Image-2025-04-03-a-17.02.41_10cff551.jpg 1200w\" sizes=\"auto, (max-width: 768px) 100vw, 768px\" \/><\/a><\/figure>\n\n\n\n<figure class=\"wp-block-image size-large\"><img loading=\"lazy\" decoding=\"async\" width=\"86\" height=\"182\" data-id=\"39451\" src=\"https:\/\/foyer-laique-verfeil.fr\/wp-content\/uploads\/2025\/04\/IMG_0694.jpg\" alt=\"\" class=\"wp-image-39451\"\/><\/figure>\n\n\n\n<figure class=\"wp-block-image size-large\"><img loading=\"lazy\" decoding=\"async\" width=\"1024\" height=\"768\" data-id=\"39446\" src=\"https:\/\/foyer-laique-verfeil.fr\/wp-content\/uploads\/2025\/04\/8755844805694072925-1024x768.jpg\" alt=\"\" class=\"wp-image-39446\" srcset=\"https:\/\/foyer-laique-verfeil.fr\/wp-content\/uploads\/2025\/04\/8755844805694072925-1024x768.jpg 1024w, https:\/\/foyer-laique-verfeil.fr\/wp-content\/uploads\/2025\/04\/8755844805694072925-300x225.jpg 300w, https:\/\/foyer-laique-verfeil.fr\/wp-content\/uploads\/2025\/04\/8755844805694072925-768x576.jpg 768w, https:\/\/foyer-laique-verfeil.fr\/wp-content\/uploads\/2025\/04\/8755844805694072925-1536x1152.jpg 1536w, https:\/\/foyer-laique-verfeil.fr\/wp-content\/uploads\/2025\/04\/8755844805694072925-1140x855.jpg 1140w, https:\/\/foyer-laique-verfeil.fr\/wp-content\/uploads\/2025\/04\/8755844805694072925.jpg 1600w\" sizes=\"auto, (max-width: 1024px) 100vw, 1024px\" \/><\/figure>\n\n\n\n<figure class=\"wp-block-image size-large\"><img loading=\"lazy\" decoding=\"async\" width=\"768\" height=\"1024\" data-id=\"39445\" src=\"https:\/\/foyer-laique-verfeil.fr\/wp-content\/uploads\/2025\/04\/IMG_20250311_211600-768x1024.jpg\" alt=\"\" class=\"wp-image-39445\" srcset=\"https:\/\/foyer-laique-verfeil.fr\/wp-content\/uploads\/2025\/04\/IMG_20250311_211600-768x1024.jpg 768w, https:\/\/foyer-laique-verfeil.fr\/wp-content\/uploads\/2025\/04\/IMG_20250311_211600-225x300.jpg 225w, https:\/\/foyer-laique-verfeil.fr\/wp-content\/uploads\/2025\/04\/IMG_20250311_211600-1152x1536.jpg 1152w, https:\/\/foyer-laique-verfeil.fr\/wp-content\/uploads\/2025\/04\/IMG_20250311_211600-1140x1520.jpg 1140w, https:\/\/foyer-laique-verfeil.fr\/wp-content\/uploads\/2025\/04\/IMG_20250311_211600.jpg 1200w\" sizes=\"auto, (max-width: 768px) 100vw, 768px\" \/><\/figure>\n\n\n\n<figure class=\"wp-block-image size-large\"><img loading=\"lazy\" decoding=\"async\" width=\"512\" height=\"1024\" data-id=\"39444\" src=\"https:\/\/foyer-laique-verfeil.fr\/wp-content\/uploads\/2025\/04\/IMG_20250417_153014204-512x1024.jpg\" alt=\"\" class=\"wp-image-39444\" srcset=\"https:\/\/foyer-laique-verfeil.fr\/wp-content\/uploads\/2025\/04\/IMG_20250417_153014204-512x1024.jpg 512w, https:\/\/foyer-laique-verfeil.fr\/wp-content\/uploads\/2025\/04\/IMG_20250417_153014204-150x300.jpg 150w, https:\/\/foyer-laique-verfeil.fr\/wp-content\/uploads\/2025\/04\/IMG_20250417_153014204-768x1536.jpg 768w, https:\/\/foyer-laique-verfeil.fr\/wp-content\/uploads\/2025\/04\/IMG_20250417_153014204.jpg 1008w\" sizes=\"auto, (max-width: 512px) 100vw, 512px\" \/><\/figure>\n<\/figure>\n<\/div>\n<\/div>\n\n\n\n<h3 class=\"wp-block-heading has-text-align-center has-background\" style=\"background-color:#fcb90033\">L&rsquo;atelier couture engage sa 3\u00e8me saison avec un effectif d\u00e9pass\u00e9 et une \u00ab\u00a0liste d&rsquo;attente\u00a0\u00bb assujettie au d\u00e9part des adh\u00e9rents des saisons pr\u00e9c\u00e9dentes.<br>Si le FOYER est ouvert \u00e0 la cr\u00e9ation d&rsquo;un second cr\u00e9neau, mais<br>Nicole n&rsquo;\u00e9tant pas en mesure de l&rsquo;assurer, nous sommes \u00e0 la recherche d&rsquo;un(e) intervenant(e) susceptible d&rsquo;encadrer cette activit\u00e9.<br>Vos offres de services, conditions et motivations sont \u00e0 adresser <a href=\"https:\/\/foyer-laique-verfeil.fr\/index.php\/contact\/\">ICI<\/a><\/h3>\n\n\n\n<div class=\"wp-block-columns is-layout-flex wp-container-core-columns-is-layout-9d6595d7 wp-block-columns-is-layout-flex\">\n<div class=\"wp-block-column is-layout-flow wp-block-column-is-layout-flow\" style=\"flex-basis:33.33%\">\n<h3 class=\"wp-block-heading has-background\" style=\"background-color:#7bdbb530\">Janvier 2025<\/h3>\n\n\n\n<h2 class=\"wp-block-heading\">On s&rsquo;est r\u00e9gal\u00e9es en 2024 et nous avons bien l&rsquo;intention d&rsquo;en faire autant en 2025&#8230;<\/h2>\n<\/div>\n\n\n\n<div class=\"wp-block-column is-layout-flow wp-block-column-is-layout-flow\" style=\"flex-basis:66.66%\">\n<figure class=\"wp-block-gallery has-nested-images columns-5 is-cropped wp-block-gallery-7 is-layout-flex wp-block-gallery-is-layout-flex\">\n<figure class=\"wp-block-image size-thumbnail\"><a href=\"https:\/\/foyer-laique-verfeil.fr\/wp-content\/uploads\/2025\/01\/20250109_142133.jpg\" data-lbwps-gid=\"8\" data-lbwps-width=\"4080\" data-lbwps-height=\"3060\" data-lbwps-srcsmall=\"https:\/\/foyer-laique-verfeil.fr\/wp-content\/uploads\/2025\/01\/20250109_142133-300x225.jpg\"><img loading=\"lazy\" decoding=\"async\" width=\"150\" height=\"150\" data-id=\"17929\" src=\"https:\/\/foyer-laique-verfeil.fr\/wp-content\/uploads\/2025\/01\/20250109_142133-150x150.jpg\" alt=\"\" class=\"wp-image-17929\" srcset=\"https:\/\/foyer-laique-verfeil.fr\/wp-content\/uploads\/2025\/01\/20250109_142133-150x150.jpg 150w, https:\/\/foyer-laique-verfeil.fr\/wp-content\/uploads\/2025\/01\/20250109_142133-300x300.jpg 300w, https:\/\/foyer-laique-verfeil.fr\/wp-content\/uploads\/2025\/01\/20250109_142133-75x75.jpg 75w\" sizes=\"auto, (max-width: 150px) 100vw, 150px\" \/><\/a><\/figure>\n\n\n\n<figure class=\"wp-block-image size-thumbnail\"><a href=\"https:\/\/foyer-laique-verfeil.fr\/wp-content\/uploads\/2025\/01\/20250109_142120.jpg\" data-lbwps-gid=\"8\" data-lbwps-width=\"4080\" data-lbwps-height=\"3060\" data-lbwps-srcsmall=\"https:\/\/foyer-laique-verfeil.fr\/wp-content\/uploads\/2025\/01\/20250109_142120-300x225.jpg\"><img loading=\"lazy\" decoding=\"async\" width=\"150\" height=\"150\" data-id=\"17928\" src=\"https:\/\/foyer-laique-verfeil.fr\/wp-content\/uploads\/2025\/01\/20250109_142120-150x150.jpg\" alt=\"\" class=\"wp-image-17928\" srcset=\"https:\/\/foyer-laique-verfeil.fr\/wp-content\/uploads\/2025\/01\/20250109_142120-150x150.jpg 150w, https:\/\/foyer-laique-verfeil.fr\/wp-content\/uploads\/2025\/01\/20250109_142120-300x300.jpg 300w, https:\/\/foyer-laique-verfeil.fr\/wp-content\/uploads\/2025\/01\/20250109_142120-75x75.jpg 75w\" sizes=\"auto, (max-width: 150px) 100vw, 150px\" \/><\/a><\/figure>\n\n\n\n<figure class=\"wp-block-image size-thumbnail\"><a href=\"https:\/\/foyer-laique-verfeil.fr\/wp-content\/uploads\/2025\/01\/2025-01-09-a-16.47.51_dfe51fc1.jpg\" data-lbwps-gid=\"8\" data-lbwps-width=\"1200\" data-lbwps-height=\"1600\" data-lbwps-srcsmall=\"https:\/\/foyer-laique-verfeil.fr\/wp-content\/uploads\/2025\/01\/2025-01-09-a-16.47.51_dfe51fc1-225x300.jpg\"><img loading=\"lazy\" decoding=\"async\" width=\"150\" height=\"150\" data-id=\"17925\" src=\"https:\/\/foyer-laique-verfeil.fr\/wp-content\/uploads\/2025\/01\/2025-01-09-a-16.47.51_dfe51fc1-150x150.jpg\" alt=\"\" class=\"wp-image-17925\" srcset=\"https:\/\/foyer-laique-verfeil.fr\/wp-content\/uploads\/2025\/01\/2025-01-09-a-16.47.51_dfe51fc1-150x150.jpg 150w, https:\/\/foyer-laique-verfeil.fr\/wp-content\/uploads\/2025\/01\/2025-01-09-a-16.47.51_dfe51fc1-300x300.jpg 300w, https:\/\/foyer-laique-verfeil.fr\/wp-content\/uploads\/2025\/01\/2025-01-09-a-16.47.51_dfe51fc1-75x75.jpg 75w\" sizes=\"auto, (max-width: 150px) 100vw, 150px\" \/><\/a><\/figure>\n\n\n\n<figure class=\"wp-block-image size-thumbnail\"><a href=\"https:\/\/foyer-laique-verfeil.fr\/wp-content\/uploads\/2025\/01\/2025-01-09-a-16.47.50_f1685c8c.jpg\" data-lbwps-gid=\"8\" data-lbwps-width=\"1200\" data-lbwps-height=\"1600\" data-lbwps-srcsmall=\"https:\/\/foyer-laique-verfeil.fr\/wp-content\/uploads\/2025\/01\/2025-01-09-a-16.47.50_f1685c8c-225x300.jpg\"><img loading=\"lazy\" decoding=\"async\" width=\"150\" height=\"150\" data-id=\"17924\" src=\"https:\/\/foyer-laique-verfeil.fr\/wp-content\/uploads\/2025\/01\/2025-01-09-a-16.47.50_f1685c8c-150x150.jpg\" alt=\"\" class=\"wp-image-17924\" srcset=\"https:\/\/foyer-laique-verfeil.fr\/wp-content\/uploads\/2025\/01\/2025-01-09-a-16.47.50_f1685c8c-150x150.jpg 150w, https:\/\/foyer-laique-verfeil.fr\/wp-content\/uploads\/2025\/01\/2025-01-09-a-16.47.50_f1685c8c-300x300.jpg 300w, https:\/\/foyer-laique-verfeil.fr\/wp-content\/uploads\/2025\/01\/2025-01-09-a-16.47.50_f1685c8c-75x75.jpg 75w\" sizes=\"auto, (max-width: 150px) 100vw, 150px\" \/><\/a><\/figure>\n\n\n\n<figure class=\"wp-block-image size-thumbnail\"><a href=\"https:\/\/foyer-laique-verfeil.fr\/wp-content\/uploads\/2025\/01\/2025-01-09-a-16.47.50_e973607b.jpg\" data-lbwps-gid=\"8\" data-lbwps-width=\"1200\" data-lbwps-height=\"1600\" data-lbwps-srcsmall=\"https:\/\/foyer-laique-verfeil.fr\/wp-content\/uploads\/2025\/01\/2025-01-09-a-16.47.50_e973607b-225x300.jpg\"><img loading=\"lazy\" decoding=\"async\" width=\"150\" height=\"150\" data-id=\"17923\" src=\"https:\/\/foyer-laique-verfeil.fr\/wp-content\/uploads\/2025\/01\/2025-01-09-a-16.47.50_e973607b-150x150.jpg\" alt=\"\" class=\"wp-image-17923\" srcset=\"https:\/\/foyer-laique-verfeil.fr\/wp-content\/uploads\/2025\/01\/2025-01-09-a-16.47.50_e973607b-150x150.jpg 150w, https:\/\/foyer-laique-verfeil.fr\/wp-content\/uploads\/2025\/01\/2025-01-09-a-16.47.50_e973607b-300x300.jpg 300w, https:\/\/foyer-laique-verfeil.fr\/wp-content\/uploads\/2025\/01\/2025-01-09-a-16.47.50_e973607b-75x75.jpg 75w\" sizes=\"auto, (max-width: 150px) 100vw, 150px\" \/><\/a><\/figure>\n\n\n\n<figure class=\"wp-block-image size-thumbnail\"><a href=\"https:\/\/foyer-laique-verfeil.fr\/wp-content\/uploads\/2025\/01\/2025-01-09-a-16.47.50_d7f1179c.jpg\" data-lbwps-gid=\"8\" data-lbwps-width=\"1200\" data-lbwps-height=\"1600\" data-lbwps-srcsmall=\"https:\/\/foyer-laique-verfeil.fr\/wp-content\/uploads\/2025\/01\/2025-01-09-a-16.47.50_d7f1179c-225x300.jpg\"><img loading=\"lazy\" decoding=\"async\" width=\"150\" height=\"150\" data-id=\"17922\" src=\"https:\/\/foyer-laique-verfeil.fr\/wp-content\/uploads\/2025\/01\/2025-01-09-a-16.47.50_d7f1179c-150x150.jpg\" alt=\"\" class=\"wp-image-17922\" srcset=\"https:\/\/foyer-laique-verfeil.fr\/wp-content\/uploads\/2025\/01\/2025-01-09-a-16.47.50_d7f1179c-150x150.jpg 150w, https:\/\/foyer-laique-verfeil.fr\/wp-content\/uploads\/2025\/01\/2025-01-09-a-16.47.50_d7f1179c-300x300.jpg 300w, https:\/\/foyer-laique-verfeil.fr\/wp-content\/uploads\/2025\/01\/2025-01-09-a-16.47.50_d7f1179c-75x75.jpg 75w\" sizes=\"auto, (max-width: 150px) 100vw, 150px\" \/><\/a><\/figure>\n\n\n\n<figure class=\"wp-block-image size-thumbnail\"><a href=\"https:\/\/foyer-laique-verfeil.fr\/wp-content\/uploads\/2025\/01\/2025-01-09-a-16.47.50_15ded178.jpg\" data-lbwps-gid=\"8\" data-lbwps-width=\"1200\" data-lbwps-height=\"1600\" data-lbwps-srcsmall=\"https:\/\/foyer-laique-verfeil.fr\/wp-content\/uploads\/2025\/01\/2025-01-09-a-16.47.50_15ded178-225x300.jpg\"><img loading=\"lazy\" decoding=\"async\" width=\"150\" height=\"150\" data-id=\"17921\" src=\"https:\/\/foyer-laique-verfeil.fr\/wp-content\/uploads\/2025\/01\/2025-01-09-a-16.47.50_15ded178-150x150.jpg\" alt=\"\" class=\"wp-image-17921\" srcset=\"https:\/\/foyer-laique-verfeil.fr\/wp-content\/uploads\/2025\/01\/2025-01-09-a-16.47.50_15ded178-150x150.jpg 150w, https:\/\/foyer-laique-verfeil.fr\/wp-content\/uploads\/2025\/01\/2025-01-09-a-16.47.50_15ded178-300x300.jpg 300w, https:\/\/foyer-laique-verfeil.fr\/wp-content\/uploads\/2025\/01\/2025-01-09-a-16.47.50_15ded178-75x75.jpg 75w\" sizes=\"auto, (max-width: 150px) 100vw, 150px\" \/><\/a><\/figure>\n\n\n\n<figure class=\"wp-block-image size-thumbnail\"><a href=\"https:\/\/foyer-laique-verfeil.fr\/wp-content\/uploads\/2025\/01\/2025-01-09-a-16.47.50_7d7569f6.jpg\" data-lbwps-gid=\"8\" data-lbwps-width=\"1200\" data-lbwps-height=\"1600\" data-lbwps-srcsmall=\"https:\/\/foyer-laique-verfeil.fr\/wp-content\/uploads\/2025\/01\/2025-01-09-a-16.47.50_7d7569f6-225x300.jpg\"><img loading=\"lazy\" decoding=\"async\" width=\"150\" height=\"150\" data-id=\"17920\" src=\"https:\/\/foyer-laique-verfeil.fr\/wp-content\/uploads\/2025\/01\/2025-01-09-a-16.47.50_7d7569f6-150x150.jpg\" alt=\"\" class=\"wp-image-17920\" srcset=\"https:\/\/foyer-laique-verfeil.fr\/wp-content\/uploads\/2025\/01\/2025-01-09-a-16.47.50_7d7569f6-150x150.jpg 150w, https:\/\/foyer-laique-verfeil.fr\/wp-content\/uploads\/2025\/01\/2025-01-09-a-16.47.50_7d7569f6-300x300.jpg 300w, https:\/\/foyer-laique-verfeil.fr\/wp-content\/uploads\/2025\/01\/2025-01-09-a-16.47.50_7d7569f6-75x75.jpg 75w\" sizes=\"auto, (max-width: 150px) 100vw, 150px\" \/><\/a><\/figure>\n\n\n\n<figure class=\"wp-block-image size-thumbnail\"><a href=\"https:\/\/foyer-laique-verfeil.fr\/wp-content\/uploads\/2025\/01\/2025-01-09-a-16.47.50_4da9fcb4.jpg\" data-lbwps-gid=\"8\" data-lbwps-width=\"1200\" data-lbwps-height=\"1600\" data-lbwps-srcsmall=\"https:\/\/foyer-laique-verfeil.fr\/wp-content\/uploads\/2025\/01\/2025-01-09-a-16.47.50_4da9fcb4-225x300.jpg\"><img loading=\"lazy\" decoding=\"async\" width=\"150\" height=\"150\" data-id=\"17919\" src=\"https:\/\/foyer-laique-verfeil.fr\/wp-content\/uploads\/2025\/01\/2025-01-09-a-16.47.50_4da9fcb4-150x150.jpg\" alt=\"\" class=\"wp-image-17919\" srcset=\"https:\/\/foyer-laique-verfeil.fr\/wp-content\/uploads\/2025\/01\/2025-01-09-a-16.47.50_4da9fcb4-150x150.jpg 150w, https:\/\/foyer-laique-verfeil.fr\/wp-content\/uploads\/2025\/01\/2025-01-09-a-16.47.50_4da9fcb4-300x300.jpg 300w, https:\/\/foyer-laique-verfeil.fr\/wp-content\/uploads\/2025\/01\/2025-01-09-a-16.47.50_4da9fcb4-75x75.jpg 75w\" sizes=\"auto, (max-width: 150px) 100vw, 150px\" \/><\/a><\/figure>\n\n\n\n<figure class=\"wp-block-image size-thumbnail\"><a href=\"https:\/\/foyer-laique-verfeil.fr\/wp-content\/uploads\/2025\/01\/2025-01-09-a-16.47.49_3e48e9ac.jpg\" data-lbwps-gid=\"8\" data-lbwps-width=\"1200\" data-lbwps-height=\"1600\" data-lbwps-srcsmall=\"https:\/\/foyer-laique-verfeil.fr\/wp-content\/uploads\/2025\/01\/2025-01-09-a-16.47.49_3e48e9ac-225x300.jpg\"><img loading=\"lazy\" decoding=\"async\" width=\"150\" height=\"150\" data-id=\"17918\" src=\"https:\/\/foyer-laique-verfeil.fr\/wp-content\/uploads\/2025\/01\/2025-01-09-a-16.47.49_3e48e9ac-150x150.jpg\" alt=\"\" class=\"wp-image-17918\" srcset=\"https:\/\/foyer-laique-verfeil.fr\/wp-content\/uploads\/2025\/01\/2025-01-09-a-16.47.49_3e48e9ac-150x150.jpg 150w, https:\/\/foyer-laique-verfeil.fr\/wp-content\/uploads\/2025\/01\/2025-01-09-a-16.47.49_3e48e9ac-300x300.jpg 300w, https:\/\/foyer-laique-verfeil.fr\/wp-content\/uploads\/2025\/01\/2025-01-09-a-16.47.49_3e48e9ac-75x75.jpg 75w\" sizes=\"auto, (max-width: 150px) 100vw, 150px\" \/><\/a><\/figure>\n<\/figure>\n<\/div>\n<\/div>\n\n\n\n<hr class=\"wp-block-separator has-alpha-channel-opacity\"\/>\n\n\n\n<h2 class=\"wp-block-heading\">\u00c7a y est, tout est pr\u00eat et pour f\u00eater \u00e7a une super b\u00fbche concoct\u00e9e par Bernadette et une surprise pour Nicole..<\/h2>\n\n\n\n<figure class=\"wp-block-gallery has-nested-images columns-5 is-cropped wp-block-gallery-8 is-layout-flex wp-block-gallery-is-layout-flex\">\n<figure class=\"wp-block-image size-thumbnail\"><a href=\"https:\/\/foyer-laique-verfeil.fr\/wp-content\/uploads\/2024\/12\/20241219_155508.jpg\" data-lbwps-gid=\"9\" data-lbwps-width=\"4080\" data-lbwps-height=\"3060\" data-lbwps-srcsmall=\"https:\/\/foyer-laique-verfeil.fr\/wp-content\/uploads\/2024\/12\/20241219_155508-300x225.jpg\"><img loading=\"lazy\" decoding=\"async\" width=\"150\" height=\"150\" data-id=\"6235\" src=\"https:\/\/foyer-laique-verfeil.fr\/wp-content\/uploads\/2024\/12\/20241219_155508-150x150.jpg\" alt=\"\" class=\"wp-image-6235\" srcset=\"https:\/\/foyer-laique-verfeil.fr\/wp-content\/uploads\/2024\/12\/20241219_155508-150x150.jpg 150w, https:\/\/foyer-laique-verfeil.fr\/wp-content\/uploads\/2024\/12\/20241219_155508-300x300.jpg 300w, https:\/\/foyer-laique-verfeil.fr\/wp-content\/uploads\/2024\/12\/20241219_155508-75x75.jpg 75w\" sizes=\"auto, (max-width: 150px) 100vw, 150px\" \/><\/a><\/figure>\n\n\n\n<figure class=\"wp-block-image size-thumbnail\"><a href=\"https:\/\/foyer-laique-verfeil.fr\/wp-content\/uploads\/2024\/12\/IMG_20241221_190803.jpg\" data-lbwps-gid=\"9\" data-lbwps-width=\"1200\" data-lbwps-height=\"1600\" data-lbwps-srcsmall=\"https:\/\/foyer-laique-verfeil.fr\/wp-content\/uploads\/2024\/12\/IMG_20241221_190803-225x300.jpg\"><img loading=\"lazy\" decoding=\"async\" width=\"150\" height=\"150\" data-id=\"6225\" src=\"https:\/\/foyer-laique-verfeil.fr\/wp-content\/uploads\/2024\/12\/IMG_20241221_190803-150x150.jpg\" alt=\"\" class=\"wp-image-6225\" srcset=\"https:\/\/foyer-laique-verfeil.fr\/wp-content\/uploads\/2024\/12\/IMG_20241221_190803-150x150.jpg 150w, https:\/\/foyer-laique-verfeil.fr\/wp-content\/uploads\/2024\/12\/IMG_20241221_190803-300x300.jpg 300w, https:\/\/foyer-laique-verfeil.fr\/wp-content\/uploads\/2024\/12\/IMG_20241221_190803-75x75.jpg 75w\" sizes=\"auto, (max-width: 150px) 100vw, 150px\" \/><\/a><\/figure>\n\n\n\n<figure class=\"wp-block-image size-thumbnail\"><a href=\"https:\/\/foyer-laique-verfeil.fr\/wp-content\/uploads\/2024\/12\/IMG_20241221_190751.jpg\" data-lbwps-gid=\"9\" data-lbwps-width=\"1200\" data-lbwps-height=\"1600\" data-lbwps-srcsmall=\"https:\/\/foyer-laique-verfeil.fr\/wp-content\/uploads\/2024\/12\/IMG_20241221_190751-225x300.jpg\"><img loading=\"lazy\" decoding=\"async\" width=\"150\" height=\"150\" data-id=\"6224\" src=\"https:\/\/foyer-laique-verfeil.fr\/wp-content\/uploads\/2024\/12\/IMG_20241221_190751-150x150.jpg\" alt=\"\" class=\"wp-image-6224\" srcset=\"https:\/\/foyer-laique-verfeil.fr\/wp-content\/uploads\/2024\/12\/IMG_20241221_190751-150x150.jpg 150w, https:\/\/foyer-laique-verfeil.fr\/wp-content\/uploads\/2024\/12\/IMG_20241221_190751-300x300.jpg 300w, https:\/\/foyer-laique-verfeil.fr\/wp-content\/uploads\/2024\/12\/IMG_20241221_190751-75x75.jpg 75w\" sizes=\"auto, (max-width: 150px) 100vw, 150px\" \/><\/a><\/figure>\n\n\n\n<figure class=\"wp-block-image size-thumbnail\"><a href=\"https:\/\/foyer-laique-verfeil.fr\/wp-content\/uploads\/2024\/12\/20241219_163216.jpg\" data-lbwps-gid=\"9\" data-lbwps-width=\"4080\" data-lbwps-height=\"3060\" data-lbwps-srcsmall=\"https:\/\/foyer-laique-verfeil.fr\/wp-content\/uploads\/2024\/12\/20241219_163216-300x225.jpg\"><img loading=\"lazy\" decoding=\"async\" width=\"150\" height=\"150\" data-id=\"6223\" src=\"https:\/\/foyer-laique-verfeil.fr\/wp-content\/uploads\/2024\/12\/20241219_163216-150x150.jpg\" alt=\"\" class=\"wp-image-6223\" srcset=\"https:\/\/foyer-laique-verfeil.fr\/wp-content\/uploads\/2024\/12\/20241219_163216-150x150.jpg 150w, https:\/\/foyer-laique-verfeil.fr\/wp-content\/uploads\/2024\/12\/20241219_163216-300x300.jpg 300w, https:\/\/foyer-laique-verfeil.fr\/wp-content\/uploads\/2024\/12\/20241219_163216-75x75.jpg 75w\" sizes=\"auto, (max-width: 150px) 100vw, 150px\" \/><\/a><\/figure>\n\n\n\n<figure class=\"wp-block-image size-thumbnail\"><a href=\"https:\/\/foyer-laique-verfeil.fr\/wp-content\/uploads\/2024\/12\/20241219_162128.jpg\" data-lbwps-gid=\"9\" data-lbwps-width=\"3060\" data-lbwps-height=\"4080\" data-lbwps-srcsmall=\"https:\/\/foyer-laique-verfeil.fr\/wp-content\/uploads\/2024\/12\/20241219_162128.jpg\"><img loading=\"lazy\" decoding=\"async\" width=\"150\" height=\"150\" data-id=\"6222\" src=\"https:\/\/foyer-laique-verfeil.fr\/wp-content\/uploads\/2024\/12\/20241219_162128-150x150.jpg\" alt=\"\" class=\"wp-image-6222\" srcset=\"https:\/\/foyer-laique-verfeil.fr\/wp-content\/uploads\/2024\/12\/20241219_162128-150x150.jpg 150w, https:\/\/foyer-laique-verfeil.fr\/wp-content\/uploads\/2024\/12\/20241219_162128-300x300.jpg 300w, https:\/\/foyer-laique-verfeil.fr\/wp-content\/uploads\/2024\/12\/20241219_162128-75x75.jpg 75w\" sizes=\"auto, (max-width: 150px) 100vw, 150px\" \/><\/a><\/figure>\n\n\n\n<figure class=\"wp-block-image size-thumbnail\"><a href=\"https:\/\/foyer-laique-verfeil.fr\/wp-content\/uploads\/2024\/12\/20241219_161032.jpg\" data-lbwps-gid=\"9\" data-lbwps-width=\"3060\" data-lbwps-height=\"4080\" data-lbwps-srcsmall=\"https:\/\/foyer-laique-verfeil.fr\/wp-content\/uploads\/2024\/12\/20241219_161032.jpg\"><img loading=\"lazy\" decoding=\"async\" width=\"150\" height=\"150\" data-id=\"6221\" src=\"https:\/\/foyer-laique-verfeil.fr\/wp-content\/uploads\/2024\/12\/20241219_161032-150x150.jpg\" alt=\"\" class=\"wp-image-6221\" srcset=\"https:\/\/foyer-laique-verfeil.fr\/wp-content\/uploads\/2024\/12\/20241219_161032-150x150.jpg 150w, https:\/\/foyer-laique-verfeil.fr\/wp-content\/uploads\/2024\/12\/20241219_161032-300x300.jpg 300w, https:\/\/foyer-laique-verfeil.fr\/wp-content\/uploads\/2024\/12\/20241219_161032-75x75.jpg 75w\" sizes=\"auto, (max-width: 150px) 100vw, 150px\" \/><\/a><\/figure>\n\n\n\n<figure class=\"wp-block-image size-thumbnail\"><a href=\"https:\/\/foyer-laique-verfeil.fr\/wp-content\/uploads\/2024\/12\/20241219_155938.jpg\" data-lbwps-gid=\"9\" data-lbwps-width=\"4080\" data-lbwps-height=\"3060\" data-lbwps-srcsmall=\"https:\/\/foyer-laique-verfeil.fr\/wp-content\/uploads\/2024\/12\/20241219_155938-300x225.jpg\"><img loading=\"lazy\" decoding=\"async\" width=\"150\" height=\"150\" data-id=\"6220\" src=\"https:\/\/foyer-laique-verfeil.fr\/wp-content\/uploads\/2024\/12\/20241219_155938-150x150.jpg\" alt=\"\" class=\"wp-image-6220\" srcset=\"https:\/\/foyer-laique-verfeil.fr\/wp-content\/uploads\/2024\/12\/20241219_155938-150x150.jpg 150w, https:\/\/foyer-laique-verfeil.fr\/wp-content\/uploads\/2024\/12\/20241219_155938-300x300.jpg 300w, https:\/\/foyer-laique-verfeil.fr\/wp-content\/uploads\/2024\/12\/20241219_155938-75x75.jpg 75w\" sizes=\"auto, (max-width: 150px) 100vw, 150px\" \/><\/a><\/figure>\n\n\n\n<figure class=\"wp-block-image size-thumbnail\"><a href=\"https:\/\/foyer-laique-verfeil.fr\/wp-content\/uploads\/2024\/12\/20241219_1553242.jpg\" data-lbwps-gid=\"9\" data-lbwps-width=\"4080\" data-lbwps-height=\"3060\" data-lbwps-srcsmall=\"https:\/\/foyer-laique-verfeil.fr\/wp-content\/uploads\/2024\/12\/20241219_1553242-300x225.jpg\"><img loading=\"lazy\" decoding=\"async\" width=\"150\" height=\"150\" data-id=\"6219\" src=\"https:\/\/foyer-laique-verfeil.fr\/wp-content\/uploads\/2024\/12\/20241219_1553242-150x150.jpg\" alt=\"\" class=\"wp-image-6219\" srcset=\"https:\/\/foyer-laique-verfeil.fr\/wp-content\/uploads\/2024\/12\/20241219_1553242-150x150.jpg 150w, https:\/\/foyer-laique-verfeil.fr\/wp-content\/uploads\/2024\/12\/20241219_1553242-300x300.jpg 300w, https:\/\/foyer-laique-verfeil.fr\/wp-content\/uploads\/2024\/12\/20241219_1553242-75x75.jpg 75w\" sizes=\"auto, (max-width: 150px) 100vw, 150px\" \/><\/a><\/figure>\n\n\n\n<figure class=\"wp-block-image size-thumbnail\"><a href=\"https:\/\/foyer-laique-verfeil.fr\/wp-content\/uploads\/2024\/12\/IMG_20241221_190826.jpg\" data-lbwps-gid=\"9\" data-lbwps-width=\"1200\" data-lbwps-height=\"1600\" data-lbwps-srcsmall=\"https:\/\/foyer-laique-verfeil.fr\/wp-content\/uploads\/2024\/12\/IMG_20241221_190826-225x300.jpg\"><img loading=\"lazy\" decoding=\"async\" width=\"150\" height=\"150\" data-id=\"6237\" src=\"https:\/\/foyer-laique-verfeil.fr\/wp-content\/uploads\/2024\/12\/IMG_20241221_190826-150x150.jpg\" alt=\"\" class=\"wp-image-6237\" srcset=\"https:\/\/foyer-laique-verfeil.fr\/wp-content\/uploads\/2024\/12\/IMG_20241221_190826-150x150.jpg 150w, https:\/\/foyer-laique-verfeil.fr\/wp-content\/uploads\/2024\/12\/IMG_20241221_190826-300x300.jpg 300w, https:\/\/foyer-laique-verfeil.fr\/wp-content\/uploads\/2024\/12\/IMG_20241221_190826-75x75.jpg 75w\" sizes=\"auto, (max-width: 150px) 100vw, 150px\" \/><\/a><\/figure>\n<\/figure>\n\n\n\n<p><\/p>\n\n\n\n<div class=\"wp-block-columns is-layout-flex wp-container-core-columns-is-layout-9d6595d7 wp-block-columns-is-layout-flex\">\n<div class=\"wp-block-column is-layout-flow wp-block-column-is-layout-flow\" style=\"flex-basis:33.33%\">\n<p>Quand les \u00ab&nbsp;petites mains&nbsp;\u00bb pr\u00e9parent No\u00ebl on ne sait plus o\u00f9 donner de la t\u00eate.<br>C\u2019est chacune pour soi et Nicole\u2026 pour toutes&nbsp;!!!<br>Un petit en-cas avant de commencer, il leur faut bien un peu d\u2019\u00e9nergie.<br>Des sets de table, une tenue pour les f\u00eates, des petits cadeaux pour les filles ou les copines\u2026<br>Un joli brouhaha pour une p\u00e9riode sans th\u00e8me impos\u00e9\u2026<\/p>\n\n\n\n<figure class=\"wp-block-video\"><video height=\"480\" style=\"aspect-ratio: 848 \/ 480;\" width=\"848\" autoplay controls src=\"https:\/\/foyer-laique-verfeil.fr\/wp-content\/uploads\/2024\/12\/VID-20241205-WA0001.mp4\"><\/video><\/figure>\n<\/div>\n\n\n\n<div class=\"wp-block-column is-layout-flow wp-block-column-is-layout-flow\" style=\"flex-basis:66.66%\">\n<figure class=\"wp-block-gallery has-nested-images columns-4 is-cropped wp-block-gallery-9 is-layout-flex wp-block-gallery-is-layout-flex\">\n<figure class=\"wp-block-image size-large\"><a href=\"https:\/\/foyer-laique-verfeil.fr\/wp-content\/uploads\/2024\/12\/WhatsApp-Image-2024-12-05-a-17.01.59_49708acc.jpg\" data-lbwps-gid=\"10\" data-lbwps-width=\"573\" data-lbwps-height=\"901\" data-lbwps-srcsmall=\"https:\/\/foyer-laique-verfeil.fr\/wp-content\/uploads\/2024\/12\/WhatsApp-Image-2024-12-05-a-17.01.59_49708acc-191x300.jpg\"><img loading=\"lazy\" decoding=\"async\" width=\"573\" height=\"901\" data-id=\"3692\" src=\"https:\/\/foyer-laique-verfeil.fr\/wp-content\/uploads\/2024\/12\/WhatsApp-Image-2024-12-05-a-17.01.59_49708acc.jpg\" alt=\"\" class=\"wp-image-3692\" srcset=\"https:\/\/foyer-laique-verfeil.fr\/wp-content\/uploads\/2024\/12\/WhatsApp-Image-2024-12-05-a-17.01.59_49708acc.jpg 573w, https:\/\/foyer-laique-verfeil.fr\/wp-content\/uploads\/2024\/12\/WhatsApp-Image-2024-12-05-a-17.01.59_49708acc-191x300.jpg 191w\" sizes=\"auto, (max-width: 573px) 100vw, 573px\" \/><\/a><\/figure>\n\n\n\n<figure class=\"wp-block-image size-large\"><a href=\"https:\/\/foyer-laique-verfeil.fr\/wp-content\/uploads\/2024\/12\/WhatsApp-Image-2024-12-05-a-17.01.59_49708acc.jpg\" data-lbwps-gid=\"10\" data-lbwps-width=\"573\" data-lbwps-height=\"901\" data-lbwps-srcsmall=\"https:\/\/foyer-laique-verfeil.fr\/wp-content\/uploads\/2024\/12\/WhatsApp-Image-2024-12-05-a-17.01.59_49708acc-191x300.jpg\"><img loading=\"lazy\" decoding=\"async\" width=\"771\" height=\"1024\" data-id=\"3691\" src=\"https:\/\/foyer-laique-verfeil.fr\/wp-content\/uploads\/2024\/12\/IMG-20241205-WA0012-771x1024.jpg\" alt=\"\" class=\"wp-image-3691\" srcset=\"https:\/\/foyer-laique-verfeil.fr\/wp-content\/uploads\/2024\/12\/IMG-20241205-WA0012-771x1024.jpg 771w, https:\/\/foyer-laique-verfeil.fr\/wp-content\/uploads\/2024\/12\/IMG-20241205-WA0012-226x300.jpg 226w, https:\/\/foyer-laique-verfeil.fr\/wp-content\/uploads\/2024\/12\/IMG-20241205-WA0012-768x1021.jpg 768w, https:\/\/foyer-laique-verfeil.fr\/wp-content\/uploads\/2024\/12\/IMG-20241205-WA0012-1156x1536.jpg 1156w, https:\/\/foyer-laique-verfeil.fr\/wp-content\/uploads\/2024\/12\/IMG-20241205-WA0012-1140x1515.jpg 1140w, https:\/\/foyer-laique-verfeil.fr\/wp-content\/uploads\/2024\/12\/IMG-20241205-WA0012.jpg 1204w\" sizes=\"auto, (max-width: 771px) 100vw, 771px\" \/><\/a><\/figure>\n\n\n\n<figure class=\"wp-block-image size-full\"><a href=\"https:\/\/foyer-laique-verfeil.fr\/wp-content\/uploads\/2024\/12\/IMG-20241205-WA0011.jpg\" data-lbwps-gid=\"10\" data-lbwps-width=\"1204\" data-lbwps-height=\"1600\" data-lbwps-srcsmall=\"https:\/\/foyer-laique-verfeil.fr\/wp-content\/uploads\/2024\/12\/IMG-20241205-WA0011-226x300.jpg\"><img loading=\"lazy\" decoding=\"async\" width=\"1204\" height=\"1600\" data-id=\"3690\" src=\"https:\/\/foyer-laique-verfeil.fr\/wp-content\/uploads\/2024\/12\/IMG-20241205-WA0011.jpg\" alt=\"\" class=\"wp-image-3690\" srcset=\"https:\/\/foyer-laique-verfeil.fr\/wp-content\/uploads\/2024\/12\/IMG-20241205-WA0011.jpg 1204w, https:\/\/foyer-laique-verfeil.fr\/wp-content\/uploads\/2024\/12\/IMG-20241205-WA0011-226x300.jpg 226w, https:\/\/foyer-laique-verfeil.fr\/wp-content\/uploads\/2024\/12\/IMG-20241205-WA0011-771x1024.jpg 771w, https:\/\/foyer-laique-verfeil.fr\/wp-content\/uploads\/2024\/12\/IMG-20241205-WA0011-768x1021.jpg 768w, https:\/\/foyer-laique-verfeil.fr\/wp-content\/uploads\/2024\/12\/IMG-20241205-WA0011-1156x1536.jpg 1156w, https:\/\/foyer-laique-verfeil.fr\/wp-content\/uploads\/2024\/12\/IMG-20241205-WA0011-1140x1515.jpg 1140w\" sizes=\"auto, (max-width: 1204px) 100vw, 1204px\" \/><\/a><\/figure>\n\n\n\n<figure class=\"wp-block-image size-large\"><a href=\"https:\/\/foyer-laique-verfeil.fr\/wp-content\/uploads\/2024\/12\/IMG-20241205-WA0009.jpg\" data-lbwps-gid=\"10\" data-lbwps-width=\"1204\" data-lbwps-height=\"1600\" data-lbwps-srcsmall=\"https:\/\/foyer-laique-verfeil.fr\/wp-content\/uploads\/2024\/12\/IMG-20241205-WA0009-226x300.jpg\"><img loading=\"lazy\" decoding=\"async\" width=\"771\" height=\"1024\" data-id=\"3689\" src=\"https:\/\/foyer-laique-verfeil.fr\/wp-content\/uploads\/2024\/12\/IMG-20241205-WA0009-771x1024.jpg\" alt=\"\" class=\"wp-image-3689\" srcset=\"https:\/\/foyer-laique-verfeil.fr\/wp-content\/uploads\/2024\/12\/IMG-20241205-WA0009-771x1024.jpg 771w, https:\/\/foyer-laique-verfeil.fr\/wp-content\/uploads\/2024\/12\/IMG-20241205-WA0009-226x300.jpg 226w, https:\/\/foyer-laique-verfeil.fr\/wp-content\/uploads\/2024\/12\/IMG-20241205-WA0009-768x1021.jpg 768w, https:\/\/foyer-laique-verfeil.fr\/wp-content\/uploads\/2024\/12\/IMG-20241205-WA0009-1156x1536.jpg 1156w, https:\/\/foyer-laique-verfeil.fr\/wp-content\/uploads\/2024\/12\/IMG-20241205-WA0009-1140x1515.jpg 1140w, https:\/\/foyer-laique-verfeil.fr\/wp-content\/uploads\/2024\/12\/IMG-20241205-WA0009.jpg 1204w\" sizes=\"auto, (max-width: 771px) 100vw, 771px\" \/><\/a><\/figure>\n\n\n\n<figure class=\"wp-block-image size-large\"><a href=\"https:\/\/foyer-laique-verfeil.fr\/wp-content\/uploads\/2024\/12\/IMG-20241205-WA0008.jpg\" data-lbwps-gid=\"10\" data-lbwps-width=\"1204\" data-lbwps-height=\"1600\" data-lbwps-srcsmall=\"https:\/\/foyer-laique-verfeil.fr\/wp-content\/uploads\/2024\/12\/IMG-20241205-WA0008-226x300.jpg\"><img loading=\"lazy\" decoding=\"async\" width=\"771\" height=\"1024\" data-id=\"3685\" src=\"https:\/\/foyer-laique-verfeil.fr\/wp-content\/uploads\/2024\/12\/IMG-20241205-WA0003-771x1024.jpg\" alt=\"\" class=\"wp-image-3685\" srcset=\"https:\/\/foyer-laique-verfeil.fr\/wp-content\/uploads\/2024\/12\/IMG-20241205-WA0003-771x1024.jpg 771w, https:\/\/foyer-laique-verfeil.fr\/wp-content\/uploads\/2024\/12\/IMG-20241205-WA0003-226x300.jpg 226w, https:\/\/foyer-laique-verfeil.fr\/wp-content\/uploads\/2024\/12\/IMG-20241205-WA0003-768x1021.jpg 768w, https:\/\/foyer-laique-verfeil.fr\/wp-content\/uploads\/2024\/12\/IMG-20241205-WA0003-1156x1536.jpg 1156w, https:\/\/foyer-laique-verfeil.fr\/wp-content\/uploads\/2024\/12\/IMG-20241205-WA0003-1140x1515.jpg 1140w, https:\/\/foyer-laique-verfeil.fr\/wp-content\/uploads\/2024\/12\/IMG-20241205-WA0003.jpg 1204w\" sizes=\"auto, (max-width: 771px) 100vw, 771px\" \/><\/a><\/figure>\n\n\n\n<figure class=\"wp-block-image size-large\"><a href=\"https:\/\/foyer-laique-verfeil.fr\/wp-content\/uploads\/2024\/12\/IMG-20241205-WA0004.jpg\" data-lbwps-gid=\"10\" data-lbwps-width=\"1600\" data-lbwps-height=\"1204\" data-lbwps-srcsmall=\"https:\/\/foyer-laique-verfeil.fr\/wp-content\/uploads\/2024\/12\/IMG-20241205-WA0004-300x226.jpg\"><img loading=\"lazy\" decoding=\"async\" width=\"1024\" height=\"771\" data-id=\"3686\" src=\"https:\/\/foyer-laique-verfeil.fr\/wp-content\/uploads\/2024\/12\/IMG-20241205-WA0004-1024x771.jpg\" alt=\"\" class=\"wp-image-3686\" srcset=\"https:\/\/foyer-laique-verfeil.fr\/wp-content\/uploads\/2024\/12\/IMG-20241205-WA0004-1024x771.jpg 1024w, https:\/\/foyer-laique-verfeil.fr\/wp-content\/uploads\/2024\/12\/IMG-20241205-WA0004-300x226.jpg 300w, https:\/\/foyer-laique-verfeil.fr\/wp-content\/uploads\/2024\/12\/IMG-20241205-WA0004-768x578.jpg 768w, https:\/\/foyer-laique-verfeil.fr\/wp-content\/uploads\/2024\/12\/IMG-20241205-WA0004-1536x1156.jpg 1536w, https:\/\/foyer-laique-verfeil.fr\/wp-content\/uploads\/2024\/12\/IMG-20241205-WA0004-1140x858.jpg 1140w, https:\/\/foyer-laique-verfeil.fr\/wp-content\/uploads\/2024\/12\/IMG-20241205-WA0004.jpg 1600w\" sizes=\"auto, (max-width: 1024px) 100vw, 1024px\" \/><\/a><\/figure>\n\n\n\n<figure class=\"wp-block-image size-large\"><a href=\"https:\/\/foyer-laique-verfeil.fr\/wp-content\/uploads\/2024\/12\/IMG-20241205-WA0008.jpg\" data-lbwps-gid=\"10\" data-lbwps-width=\"1204\" data-lbwps-height=\"1600\" data-lbwps-srcsmall=\"https:\/\/foyer-laique-verfeil.fr\/wp-content\/uploads\/2024\/12\/IMG-20241205-WA0008-226x300.jpg\"><img loading=\"lazy\" decoding=\"async\" width=\"771\" height=\"1024\" data-id=\"3688\" src=\"https:\/\/foyer-laique-verfeil.fr\/wp-content\/uploads\/2024\/12\/IMG-20241205-WA0008-771x1024.jpg\" alt=\"\" class=\"wp-image-3688\" srcset=\"https:\/\/foyer-laique-verfeil.fr\/wp-content\/uploads\/2024\/12\/IMG-20241205-WA0008-771x1024.jpg 771w, https:\/\/foyer-laique-verfeil.fr\/wp-content\/uploads\/2024\/12\/IMG-20241205-WA0008-226x300.jpg 226w, https:\/\/foyer-laique-verfeil.fr\/wp-content\/uploads\/2024\/12\/IMG-20241205-WA0008-768x1021.jpg 768w, https:\/\/foyer-laique-verfeil.fr\/wp-content\/uploads\/2024\/12\/IMG-20241205-WA0008-1156x1536.jpg 1156w, https:\/\/foyer-laique-verfeil.fr\/wp-content\/uploads\/2024\/12\/IMG-20241205-WA0008-1140x1515.jpg 1140w, https:\/\/foyer-laique-verfeil.fr\/wp-content\/uploads\/2024\/12\/IMG-20241205-WA0008.jpg 1204w\" sizes=\"auto, (max-width: 771px) 100vw, 771px\" \/><\/a><\/figure>\n\n\n\n<figure class=\"wp-block-image size-large\"><a href=\"https:\/\/foyer-laique-verfeil.fr\/wp-content\/uploads\/2024\/12\/IMG_20241108_112122.jpg\" data-lbwps-gid=\"10\" data-lbwps-width=\"176\" data-lbwps-height=\"252\" data-lbwps-srcsmall=\"https:\/\/foyer-laique-verfeil.fr\/wp-content\/uploads\/2024\/12\/IMG_20241108_112122.jpg\"><img loading=\"lazy\" decoding=\"async\" width=\"176\" height=\"252\" data-id=\"3684\" src=\"https:\/\/foyer-laique-verfeil.fr\/wp-content\/uploads\/2024\/12\/IMG_20241108_112122.jpg\" alt=\"\" class=\"wp-image-3684\"\/><\/a><\/figure>\n\n\n\n<figure class=\"wp-block-image size-large\"><a href=\"https:\/\/foyer-laique-verfeil.fr\/wp-content\/uploads\/2024\/12\/IMG_30671.jpg\" data-lbwps-gid=\"10\" data-lbwps-width=\"480\" data-lbwps-height=\"360\" data-lbwps-srcsmall=\"https:\/\/foyer-laique-verfeil.fr\/wp-content\/uploads\/2024\/12\/IMG_30671-300x225.jpg\"><img loading=\"lazy\" decoding=\"async\" width=\"480\" height=\"360\" data-id=\"3683\" src=\"https:\/\/foyer-laique-verfeil.fr\/wp-content\/uploads\/2024\/12\/IMG_30671.jpg\" alt=\"\" class=\"wp-image-3683\" srcset=\"https:\/\/foyer-laique-verfeil.fr\/wp-content\/uploads\/2024\/12\/IMG_30671.jpg 480w, https:\/\/foyer-laique-verfeil.fr\/wp-content\/uploads\/2024\/12\/IMG_30671-300x225.jpg 300w\" sizes=\"auto, (max-width: 480px) 100vw, 480px\" \/><\/a><\/figure>\n\n\n\n<figure class=\"wp-block-image size-large\"><a href=\"https:\/\/foyer-laique-verfeil.fr\/wp-content\/uploads\/2024\/12\/IMG_30651.jpg\" data-lbwps-gid=\"10\" data-lbwps-width=\"360\" data-lbwps-height=\"480\" data-lbwps-srcsmall=\"https:\/\/foyer-laique-verfeil.fr\/wp-content\/uploads\/2024\/12\/IMG_30651-225x300.jpg\"><img loading=\"lazy\" decoding=\"async\" width=\"360\" height=\"480\" data-id=\"3682\" src=\"https:\/\/foyer-laique-verfeil.fr\/wp-content\/uploads\/2024\/12\/IMG_30651.jpg\" alt=\"\" class=\"wp-image-3682\" srcset=\"https:\/\/foyer-laique-verfeil.fr\/wp-content\/uploads\/2024\/12\/IMG_30651.jpg 360w, https:\/\/foyer-laique-verfeil.fr\/wp-content\/uploads\/2024\/12\/IMG_30651-225x300.jpg 225w\" sizes=\"auto, (max-width: 360px) 100vw, 360px\" \/><\/a><\/figure>\n\n\n\n<figure class=\"wp-block-image size-large\"><a href=\"https:\/\/foyer-laique-verfeil.fr\/wp-content\/uploads\/2024\/12\/IMG_30641.jpg\" data-lbwps-gid=\"10\" data-lbwps-width=\"960\" data-lbwps-height=\"1280\" data-lbwps-srcsmall=\"https:\/\/foyer-laique-verfeil.fr\/wp-content\/uploads\/2024\/12\/IMG_30641-225x300.jpg\"><img loading=\"lazy\" decoding=\"async\" width=\"768\" height=\"1024\" data-id=\"3681\" src=\"https:\/\/foyer-laique-verfeil.fr\/wp-content\/uploads\/2024\/12\/IMG_30641-768x1024.jpg\" alt=\"\" class=\"wp-image-3681\" srcset=\"https:\/\/foyer-laique-verfeil.fr\/wp-content\/uploads\/2024\/12\/IMG_30641-768x1024.jpg 768w, https:\/\/foyer-laique-verfeil.fr\/wp-content\/uploads\/2024\/12\/IMG_30641-225x300.jpg 225w, https:\/\/foyer-laique-verfeil.fr\/wp-content\/uploads\/2024\/12\/IMG_30641.jpg 960w\" sizes=\"auto, (max-width: 768px) 100vw, 768px\" \/><\/a><\/figure>\n\n\n\n<figure class=\"wp-block-image size-large\"><a href=\"https:\/\/foyer-laique-verfeil.fr\/wp-content\/uploads\/2024\/12\/IMG_3063.jpg\" data-lbwps-gid=\"10\" data-lbwps-width=\"768\" data-lbwps-height=\"1024\" data-lbwps-srcsmall=\"https:\/\/foyer-laique-verfeil.fr\/wp-content\/uploads\/2024\/12\/IMG_3063-225x300.jpg\"><img loading=\"lazy\" decoding=\"async\" width=\"768\" height=\"1024\" data-id=\"3680\" src=\"https:\/\/foyer-laique-verfeil.fr\/wp-content\/uploads\/2024\/12\/IMG_3063.jpg\" alt=\"\" class=\"wp-image-3680\" srcset=\"https:\/\/foyer-laique-verfeil.fr\/wp-content\/uploads\/2024\/12\/IMG_3063.jpg 768w, https:\/\/foyer-laique-verfeil.fr\/wp-content\/uploads\/2024\/12\/IMG_3063-225x300.jpg 225w\" sizes=\"auto, (max-width: 768px) 100vw, 768px\" \/><\/a><\/figure>\n\n\n\n<figure class=\"wp-block-image size-large\"><a href=\"https:\/\/foyer-laique-verfeil.fr\/wp-content\/uploads\/2024\/12\/7943588342631736683.jpg\" data-lbwps-gid=\"10\" data-lbwps-width=\"1599\" data-lbwps-height=\"1204\" data-lbwps-srcsmall=\"https:\/\/foyer-laique-verfeil.fr\/wp-content\/uploads\/2024\/12\/7943588342631736683-300x226.jpg\"><img loading=\"lazy\" decoding=\"async\" width=\"1024\" height=\"771\" data-id=\"3679\" src=\"https:\/\/foyer-laique-verfeil.fr\/wp-content\/uploads\/2024\/12\/7943588342631736683-1024x771.jpg\" alt=\"\" class=\"wp-image-3679\" srcset=\"https:\/\/foyer-laique-verfeil.fr\/wp-content\/uploads\/2024\/12\/7943588342631736683-1024x771.jpg 1024w, https:\/\/foyer-laique-verfeil.fr\/wp-content\/uploads\/2024\/12\/7943588342631736683-300x226.jpg 300w, https:\/\/foyer-laique-verfeil.fr\/wp-content\/uploads\/2024\/12\/7943588342631736683-768x578.jpg 768w, https:\/\/foyer-laique-verfeil.fr\/wp-content\/uploads\/2024\/12\/7943588342631736683-1536x1157.jpg 1536w, https:\/\/foyer-laique-verfeil.fr\/wp-content\/uploads\/2024\/12\/7943588342631736683-1140x858.jpg 1140w, https:\/\/foyer-laique-verfeil.fr\/wp-content\/uploads\/2024\/12\/7943588342631736683.jpg 1599w\" sizes=\"auto, (max-width: 1024px) 100vw, 1024px\" \/><\/a><\/figure>\n\n\n\n<figure class=\"wp-block-image size-large\"><a href=\"https:\/\/foyer-laique-verfeil.fr\/wp-content\/uploads\/2024\/12\/5329159842801822297.jpg\" data-lbwps-gid=\"10\" data-lbwps-width=\"768\" data-lbwps-height=\"1024\" data-lbwps-srcsmall=\"https:\/\/foyer-laique-verfeil.fr\/wp-content\/uploads\/2024\/12\/5329159842801822297-225x300.jpg\"><img loading=\"lazy\" decoding=\"async\" width=\"768\" height=\"1024\" data-id=\"3678\" src=\"https:\/\/foyer-laique-verfeil.fr\/wp-content\/uploads\/2024\/12\/5329159842801822297.jpg\" alt=\"\" class=\"wp-image-3678\" srcset=\"https:\/\/foyer-laique-verfeil.fr\/wp-content\/uploads\/2024\/12\/5329159842801822297.jpg 768w, https:\/\/foyer-laique-verfeil.fr\/wp-content\/uploads\/2024\/12\/5329159842801822297-225x300.jpg 225w\" sizes=\"auto, (max-width: 768px) 100vw, 768px\" \/><\/a><\/figure>\n\n\n\n<figure class=\"wp-block-image size-large\"><a href=\"https:\/\/foyer-laique-verfeil.fr\/wp-content\/uploads\/2024\/12\/20241205_165811.jpg\" data-lbwps-gid=\"10\" data-lbwps-width=\"3060\" data-lbwps-height=\"4080\" data-lbwps-srcsmall=\"https:\/\/foyer-laique-verfeil.fr\/wp-content\/uploads\/2024\/12\/20241205_165811.jpg\"><img loading=\"lazy\" decoding=\"async\" width=\"768\" height=\"1024\" data-id=\"3677\" src=\"https:\/\/foyer-laique-verfeil.fr\/wp-content\/uploads\/2024\/12\/20241205_165811-768x1024.jpg\" alt=\"\" class=\"wp-image-3677\" srcset=\"https:\/\/foyer-laique-verfeil.fr\/wp-content\/uploads\/2024\/12\/20241205_165811-768x1024.jpg 768w, https:\/\/foyer-laique-verfeil.fr\/wp-content\/uploads\/2024\/12\/20241205_165811-225x300.jpg 225w, https:\/\/foyer-laique-verfeil.fr\/wp-content\/uploads\/2024\/12\/20241205_165811-1152x1536.jpg 1152w, https:\/\/foyer-laique-verfeil.fr\/wp-content\/uploads\/2024\/12\/20241205_165811-1536x2048.jpg 1536w, https:\/\/foyer-laique-verfeil.fr\/wp-content\/uploads\/2024\/12\/20241205_165811-1140x1520.jpg 1140w, https:\/\/foyer-laique-verfeil.fr\/wp-content\/uploads\/2024\/12\/20241205_165811-scaled.jpg 1920w\" sizes=\"auto, (max-width: 768px) 100vw, 768px\" \/><\/a><\/figure>\n\n\n\n<figure class=\"wp-block-image size-large\"><a href=\"https:\/\/foyer-laique-verfeil.fr\/wp-content\/uploads\/2024\/12\/20241205_165610.jpg\" data-lbwps-gid=\"10\" data-lbwps-width=\"3060\" data-lbwps-height=\"4080\" data-lbwps-srcsmall=\"https:\/\/foyer-laique-verfeil.fr\/wp-content\/uploads\/2024\/12\/20241205_165610.jpg\"><img loading=\"lazy\" decoding=\"async\" width=\"768\" height=\"1024\" data-id=\"3676\" src=\"https:\/\/foyer-laique-verfeil.fr\/wp-content\/uploads\/2024\/12\/20241205_165610-768x1024.jpg\" alt=\"\" class=\"wp-image-3676\" srcset=\"https:\/\/foyer-laique-verfeil.fr\/wp-content\/uploads\/2024\/12\/20241205_165610-768x1024.jpg 768w, https:\/\/foyer-laique-verfeil.fr\/wp-content\/uploads\/2024\/12\/20241205_165610-225x300.jpg 225w, https:\/\/foyer-laique-verfeil.fr\/wp-content\/uploads\/2024\/12\/20241205_165610-1152x1536.jpg 1152w, https:\/\/foyer-laique-verfeil.fr\/wp-content\/uploads\/2024\/12\/20241205_165610-1536x2048.jpg 1536w, https:\/\/foyer-laique-verfeil.fr\/wp-content\/uploads\/2024\/12\/20241205_165610-1140x1520.jpg 1140w, https:\/\/foyer-laique-verfeil.fr\/wp-content\/uploads\/2024\/12\/20241205_165610-scaled.jpg 1920w\" sizes=\"auto, (max-width: 768px) 100vw, 768px\" \/><\/a><\/figure>\n\n\n\n<figure class=\"wp-block-image size-large\"><a href=\"https:\/\/foyer-laique-verfeil.fr\/wp-content\/uploads\/2024\/12\/20241205_165603.jpg\" data-lbwps-gid=\"10\" data-lbwps-width=\"3060\" data-lbwps-height=\"4080\" data-lbwps-srcsmall=\"https:\/\/foyer-laique-verfeil.fr\/wp-content\/uploads\/2024\/12\/20241205_165603.jpg\"><img loading=\"lazy\" decoding=\"async\" width=\"768\" height=\"1024\" data-id=\"3675\" src=\"https:\/\/foyer-laique-verfeil.fr\/wp-content\/uploads\/2024\/12\/20241205_165603-768x1024.jpg\" alt=\"\" class=\"wp-image-3675\" srcset=\"https:\/\/foyer-laique-verfeil.fr\/wp-content\/uploads\/2024\/12\/20241205_165603-768x1024.jpg 768w, https:\/\/foyer-laique-verfeil.fr\/wp-content\/uploads\/2024\/12\/20241205_165603-225x300.jpg 225w, https:\/\/foyer-laique-verfeil.fr\/wp-content\/uploads\/2024\/12\/20241205_165603-1152x1536.jpg 1152w, https:\/\/foyer-laique-verfeil.fr\/wp-content\/uploads\/2024\/12\/20241205_165603-1536x2048.jpg 1536w, https:\/\/foyer-laique-verfeil.fr\/wp-content\/uploads\/2024\/12\/20241205_165603-1140x1520.jpg 1140w, https:\/\/foyer-laique-verfeil.fr\/wp-content\/uploads\/2024\/12\/20241205_165603-scaled.jpg 1920w\" sizes=\"auto, (max-width: 768px) 100vw, 768px\" \/><\/a><\/figure>\n\n\n\n<figure class=\"wp-block-image size-large\"><a href=\"https:\/\/foyer-laique-verfeil.fr\/wp-content\/uploads\/2024\/12\/WhatsApp-Image-2024-12-06-a-06.50.40_c6ad25fb.jpg\" data-lbwps-gid=\"10\" data-lbwps-width=\"1600\" data-lbwps-height=\"1200\" data-lbwps-srcsmall=\"https:\/\/foyer-laique-verfeil.fr\/wp-content\/uploads\/2024\/12\/WhatsApp-Image-2024-12-06-a-06.50.40_c6ad25fb-300x225.jpg\"><img loading=\"lazy\" decoding=\"async\" width=\"1024\" height=\"768\" data-id=\"3709\" src=\"https:\/\/foyer-laique-verfeil.fr\/wp-content\/uploads\/2024\/12\/WhatsApp-Image-2024-12-06-a-06.50.40_c6ad25fb-1024x768.jpg\" alt=\"\" class=\"wp-image-3709\" srcset=\"https:\/\/foyer-laique-verfeil.fr\/wp-content\/uploads\/2024\/12\/WhatsApp-Image-2024-12-06-a-06.50.40_c6ad25fb-1024x768.jpg 1024w, https:\/\/foyer-laique-verfeil.fr\/wp-content\/uploads\/2024\/12\/WhatsApp-Image-2024-12-06-a-06.50.40_c6ad25fb-300x225.jpg 300w, https:\/\/foyer-laique-verfeil.fr\/wp-content\/uploads\/2024\/12\/WhatsApp-Image-2024-12-06-a-06.50.40_c6ad25fb-768x576.jpg 768w, https:\/\/foyer-laique-verfeil.fr\/wp-content\/uploads\/2024\/12\/WhatsApp-Image-2024-12-06-a-06.50.40_c6ad25fb-1536x1152.jpg 1536w, https:\/\/foyer-laique-verfeil.fr\/wp-content\/uploads\/2024\/12\/WhatsApp-Image-2024-12-06-a-06.50.40_c6ad25fb-1140x855.jpg 1140w, https:\/\/foyer-laique-verfeil.fr\/wp-content\/uploads\/2024\/12\/WhatsApp-Image-2024-12-06-a-06.50.40_c6ad25fb.jpg 1600w\" sizes=\"auto, (max-width: 1024px) 100vw, 1024px\" \/><\/a><\/figure>\n<\/figure>\n<\/div>\n<\/div>\n\n\n\n<div class=\"wp-block-columns is-layout-flex wp-container-core-columns-is-layout-9d6595d7 wp-block-columns-is-layout-flex\">\n<div class=\"wp-block-column is-layout-flow wp-block-column-is-layout-flow\" style=\"flex-basis:33.33%\">\n<h3 class=\"wp-block-heading has-text-align-center\">Et voil\u00e0, nos cousettes ont repris leur machine, leurs ciseaux et toutes sortes de tissus&#8230;<\/h3>\n\n\n\n<p class=\"has-text-align-center has-medium-font-size\"><em><strong>L&rsquo;effectif est au maximum et il faudrait pousser les murs.<\/strong><\/em> <mark style=\"background-color:rgba(0, 0, 0, 0)\" class=\"has-inline-color has-luminous-vivid-orange-color\"><strong>Mais un second cr\u00e9neau pourrait s&rsquo;ouvrir si un(e) intervenant(e) nous contacte<\/strong>&#8230;<\/mark><\/p>\n\n\n\n<figure class=\"wp-block-image size-large is-resized\"><a href=\"https:\/\/foyer-laique-verfeil.fr\/wp-content\/uploads\/2024\/09\/IMG_20240926_144832805.jpg\" data-lbwps-width=\"2016\" data-lbwps-height=\"1008\" data-lbwps-srcsmall=\"https:\/\/foyer-laique-verfeil.fr\/wp-content\/uploads\/2024\/09\/IMG_20240926_144832805-300x150.jpg\"><img loading=\"lazy\" decoding=\"async\" width=\"1024\" height=\"512\" src=\"https:\/\/foyer-laique-verfeil.fr\/wp-content\/uploads\/2024\/09\/IMG_20240926_144832805-1024x512.jpg\" alt=\"\" class=\"wp-image-3386\" style=\"width:257px;height:auto\" srcset=\"https:\/\/foyer-laique-verfeil.fr\/wp-content\/uploads\/2024\/09\/IMG_20240926_144832805-1024x512.jpg 1024w, https:\/\/foyer-laique-verfeil.fr\/wp-content\/uploads\/2024\/09\/IMG_20240926_144832805-300x150.jpg 300w, https:\/\/foyer-laique-verfeil.fr\/wp-content\/uploads\/2024\/09\/IMG_20240926_144832805-768x384.jpg 768w, https:\/\/foyer-laique-verfeil.fr\/wp-content\/uploads\/2024\/09\/IMG_20240926_144832805-1536x768.jpg 1536w, https:\/\/foyer-laique-verfeil.fr\/wp-content\/uploads\/2024\/09\/IMG_20240926_144832805-1080x540.jpg 1080w, https:\/\/foyer-laique-verfeil.fr\/wp-content\/uploads\/2024\/09\/IMG_20240926_144832805-1140x570.jpg 1140w, https:\/\/foyer-laique-verfeil.fr\/wp-content\/uploads\/2024\/09\/IMG_20240926_144832805.jpg 2016w\" sizes=\"auto, (max-width: 1024px) 100vw, 1024px\" \/><\/a><\/figure>\n\n\n\n<figure class=\"wp-block-image size-large\"><a href=\"https:\/\/foyer-laique-verfeil.fr\/wp-content\/uploads\/2024\/09\/IMG_20240926_144826208.jpg\" data-lbwps-width=\"2016\" data-lbwps-height=\"1008\" data-lbwps-srcsmall=\"https:\/\/foyer-laique-verfeil.fr\/wp-content\/uploads\/2024\/09\/IMG_20240926_144826208-300x150.jpg\"><img loading=\"lazy\" decoding=\"async\" width=\"1024\" height=\"512\" src=\"https:\/\/foyer-laique-verfeil.fr\/wp-content\/uploads\/2024\/09\/IMG_20240926_144826208-1024x512.jpg\" alt=\"\" class=\"wp-image-3385\" srcset=\"https:\/\/foyer-laique-verfeil.fr\/wp-content\/uploads\/2024\/09\/IMG_20240926_144826208-1024x512.jpg 1024w, https:\/\/foyer-laique-verfeil.fr\/wp-content\/uploads\/2024\/09\/IMG_20240926_144826208-300x150.jpg 300w, https:\/\/foyer-laique-verfeil.fr\/wp-content\/uploads\/2024\/09\/IMG_20240926_144826208-768x384.jpg 768w, https:\/\/foyer-laique-verfeil.fr\/wp-content\/uploads\/2024\/09\/IMG_20240926_144826208-1536x768.jpg 1536w, https:\/\/foyer-laique-verfeil.fr\/wp-content\/uploads\/2024\/09\/IMG_20240926_144826208-1080x540.jpg 1080w, https:\/\/foyer-laique-verfeil.fr\/wp-content\/uploads\/2024\/09\/IMG_20240926_144826208-1140x570.jpg 1140w, https:\/\/foyer-laique-verfeil.fr\/wp-content\/uploads\/2024\/09\/IMG_20240926_144826208.jpg 2016w\" sizes=\"auto, (max-width: 1024px) 100vw, 1024px\" \/><\/a><\/figure>\n<\/div>\n\n\n\n<div class=\"wp-block-column is-layout-flow wp-block-column-is-layout-flow\" style=\"flex-basis:66.66%\">\n<h2 class=\"wp-block-heading has-text-align-center\">Des couleurs partout pour les <br>SACS ARLEQUINS<\/h2>\n\n\n\n<h4 class=\"wp-block-heading\">On trie les tissus, on coupe, on assemble, on se trompe, on recommence&#8230; Mais on y arrive !!!<br>Et ils sont r\u00e9versibles&#8230;<\/h4>\n\n\n\n<figure class=\"wp-block-gallery has-nested-images columns-5 is-cropped wp-block-gallery-10 is-layout-flex wp-block-gallery-is-layout-flex\">\n<figure class=\"wp-block-image size-medium\"><a href=\"https:\/\/foyer-laique-verfeil.fr\/wp-content\/uploads\/2024\/09\/IMG_20240926_151429895.jpg\" data-lbwps-gid=\"11\" data-lbwps-width=\"1008\" data-lbwps-height=\"2016\" data-lbwps-srcsmall=\"https:\/\/foyer-laique-verfeil.fr\/wp-content\/uploads\/2024\/09\/IMG_20240926_151429895-150x300.jpg\"><img loading=\"lazy\" decoding=\"async\" width=\"150\" height=\"300\" data-id=\"3378\" src=\"https:\/\/foyer-laique-verfeil.fr\/wp-content\/uploads\/2024\/09\/IMG_20240926_151429895-150x300.jpg\" alt=\"\" class=\"wp-image-3378\" srcset=\"https:\/\/foyer-laique-verfeil.fr\/wp-content\/uploads\/2024\/09\/IMG_20240926_151429895-150x300.jpg 150w, https:\/\/foyer-laique-verfeil.fr\/wp-content\/uploads\/2024\/09\/IMG_20240926_151429895-512x1024.jpg 512w, https:\/\/foyer-laique-verfeil.fr\/wp-content\/uploads\/2024\/09\/IMG_20240926_151429895-768x1536.jpg 768w, https:\/\/foyer-laique-verfeil.fr\/wp-content\/uploads\/2024\/09\/IMG_20240926_151429895.jpg 1008w\" sizes=\"auto, (max-width: 150px) 100vw, 150px\" \/><\/a><\/figure>\n\n\n\n<figure class=\"wp-block-image size-medium\"><a href=\"https:\/\/foyer-laique-verfeil.fr\/wp-content\/uploads\/2024\/09\/IMG_20240926_164903739.jpg\" data-lbwps-gid=\"11\" data-lbwps-width=\"1008\" data-lbwps-height=\"2016\" data-lbwps-srcsmall=\"https:\/\/foyer-laique-verfeil.fr\/wp-content\/uploads\/2024\/09\/IMG_20240926_164903739-150x300.jpg\"><img loading=\"lazy\" decoding=\"async\" width=\"150\" height=\"300\" data-id=\"3380\" src=\"https:\/\/foyer-laique-verfeil.fr\/wp-content\/uploads\/2024\/09\/IMG_20240926_164903739-150x300.jpg\" alt=\"\" class=\"wp-image-3380\" srcset=\"https:\/\/foyer-laique-verfeil.fr\/wp-content\/uploads\/2024\/09\/IMG_20240926_164903739-150x300.jpg 150w, https:\/\/foyer-laique-verfeil.fr\/wp-content\/uploads\/2024\/09\/IMG_20240926_164903739-512x1024.jpg 512w, https:\/\/foyer-laique-verfeil.fr\/wp-content\/uploads\/2024\/09\/IMG_20240926_164903739-768x1536.jpg 768w, https:\/\/foyer-laique-verfeil.fr\/wp-content\/uploads\/2024\/09\/IMG_20240926_164903739.jpg 1008w\" sizes=\"auto, (max-width: 150px) 100vw, 150px\" \/><\/a><\/figure>\n\n\n\n<figure class=\"wp-block-image size-medium\"><a href=\"https:\/\/foyer-laique-verfeil.fr\/wp-content\/uploads\/2024\/09\/IMG_20240926_164857955.jpg\" data-lbwps-gid=\"11\" data-lbwps-width=\"1008\" data-lbwps-height=\"2016\" data-lbwps-srcsmall=\"https:\/\/foyer-laique-verfeil.fr\/wp-content\/uploads\/2024\/09\/IMG_20240926_164857955-150x300.jpg\"><img loading=\"lazy\" decoding=\"async\" width=\"150\" height=\"300\" data-id=\"3379\" src=\"https:\/\/foyer-laique-verfeil.fr\/wp-content\/uploads\/2024\/09\/IMG_20240926_164857955-150x300.jpg\" alt=\"\" class=\"wp-image-3379\" srcset=\"https:\/\/foyer-laique-verfeil.fr\/wp-content\/uploads\/2024\/09\/IMG_20240926_164857955-150x300.jpg 150w, https:\/\/foyer-laique-verfeil.fr\/wp-content\/uploads\/2024\/09\/IMG_20240926_164857955-512x1024.jpg 512w, https:\/\/foyer-laique-verfeil.fr\/wp-content\/uploads\/2024\/09\/IMG_20240926_164857955-768x1536.jpg 768w, https:\/\/foyer-laique-verfeil.fr\/wp-content\/uploads\/2024\/09\/IMG_20240926_164857955.jpg 1008w\" sizes=\"auto, (max-width: 150px) 100vw, 150px\" \/><\/a><\/figure>\n\n\n\n<figure class=\"wp-block-image size-medium\"><a href=\"https:\/\/foyer-laique-verfeil.fr\/wp-content\/uploads\/2024\/09\/image000000.jpg\" data-lbwps-gid=\"11\" data-lbwps-width=\"1600\" data-lbwps-height=\"1200\" data-lbwps-srcsmall=\"https:\/\/foyer-laique-verfeil.fr\/wp-content\/uploads\/2024\/09\/image000000-300x225.jpg\"><img loading=\"lazy\" decoding=\"async\" width=\"300\" height=\"225\" data-id=\"3373\" src=\"https:\/\/foyer-laique-verfeil.fr\/wp-content\/uploads\/2024\/09\/image000000-300x225.jpg\" alt=\"\" class=\"wp-image-3373\" srcset=\"https:\/\/foyer-laique-verfeil.fr\/wp-content\/uploads\/2024\/09\/image000000-300x225.jpg 300w, https:\/\/foyer-laique-verfeil.fr\/wp-content\/uploads\/2024\/09\/image000000-1024x768.jpg 1024w, https:\/\/foyer-laique-verfeil.fr\/wp-content\/uploads\/2024\/09\/image000000-768x576.jpg 768w, https:\/\/foyer-laique-verfeil.fr\/wp-content\/uploads\/2024\/09\/image000000-1536x1152.jpg 1536w, https:\/\/foyer-laique-verfeil.fr\/wp-content\/uploads\/2024\/09\/image000000-1140x855.jpg 1140w, https:\/\/foyer-laique-verfeil.fr\/wp-content\/uploads\/2024\/09\/image000000.jpg 1600w\" sizes=\"auto, (max-width: 300px) 100vw, 300px\" \/><\/a><\/figure>\n\n\n\n<figure class=\"wp-block-image size-medium\"><a href=\"https:\/\/foyer-laique-verfeil.fr\/wp-content\/uploads\/2024\/09\/IMG_20240926_180651.jpg\" data-lbwps-gid=\"11\" data-lbwps-width=\"1204\" data-lbwps-height=\"1599\" data-lbwps-srcsmall=\"https:\/\/foyer-laique-verfeil.fr\/wp-content\/uploads\/2024\/09\/IMG_20240926_180651-226x300.jpg\"><img loading=\"lazy\" decoding=\"async\" width=\"226\" height=\"300\" data-id=\"3376\" src=\"https:\/\/foyer-laique-verfeil.fr\/wp-content\/uploads\/2024\/09\/IMG_20240926_180651-226x300.jpg\" alt=\"\" class=\"wp-image-3376\" srcset=\"https:\/\/foyer-laique-verfeil.fr\/wp-content\/uploads\/2024\/09\/IMG_20240926_180651-226x300.jpg 226w, https:\/\/foyer-laique-verfeil.fr\/wp-content\/uploads\/2024\/09\/IMG_20240926_180651-771x1024.jpg 771w, https:\/\/foyer-laique-verfeil.fr\/wp-content\/uploads\/2024\/09\/IMG_20240926_180651-768x1020.jpg 768w, https:\/\/foyer-laique-verfeil.fr\/wp-content\/uploads\/2024\/09\/IMG_20240926_180651-1157x1536.jpg 1157w, https:\/\/foyer-laique-verfeil.fr\/wp-content\/uploads\/2024\/09\/IMG_20240926_180651-1140x1514.jpg 1140w, https:\/\/foyer-laique-verfeil.fr\/wp-content\/uploads\/2024\/09\/IMG_20240926_180651.jpg 1204w\" sizes=\"auto, (max-width: 226px) 100vw, 226px\" \/><\/a><\/figure>\n\n\n\n<figure class=\"wp-block-image size-medium\"><a href=\"https:\/\/foyer-laique-verfeil.fr\/wp-content\/uploads\/2024\/09\/IMG_48201.jpg\" data-lbwps-gid=\"11\" data-lbwps-width=\"600\" data-lbwps-height=\"800\" data-lbwps-srcsmall=\"https:\/\/foyer-laique-verfeil.fr\/wp-content\/uploads\/2024\/09\/IMG_48201-225x300.jpg\"><img loading=\"lazy\" decoding=\"async\" width=\"225\" height=\"300\" data-id=\"3374\" src=\"https:\/\/foyer-laique-verfeil.fr\/wp-content\/uploads\/2024\/09\/IMG_48201-225x300.jpg\" alt=\"\" class=\"wp-image-3374\" srcset=\"https:\/\/foyer-laique-verfeil.fr\/wp-content\/uploads\/2024\/09\/IMG_48201-225x300.jpg 225w, https:\/\/foyer-laique-verfeil.fr\/wp-content\/uploads\/2024\/09\/IMG_48201.jpg 600w\" sizes=\"auto, (max-width: 225px) 100vw, 225px\" \/><\/a><\/figure>\n\n\n\n<figure class=\"wp-block-image size-medium\"><a href=\"https:\/\/foyer-laique-verfeil.fr\/wp-content\/uploads\/2024\/09\/IMG_20240926_165132_resized_20240926_061842102.jpg\" data-lbwps-gid=\"11\" data-lbwps-width=\"864\" data-lbwps-height=\"1152\" data-lbwps-srcsmall=\"https:\/\/foyer-laique-verfeil.fr\/wp-content\/uploads\/2024\/09\/IMG_20240926_165132_resized_20240926_061842102-225x300.jpg\"><img loading=\"lazy\" decoding=\"async\" width=\"225\" height=\"300\" data-id=\"3375\" src=\"https:\/\/foyer-laique-verfeil.fr\/wp-content\/uploads\/2024\/09\/IMG_20240926_165132_resized_20240926_061842102-225x300.jpg\" alt=\"\" class=\"wp-image-3375\" srcset=\"https:\/\/foyer-laique-verfeil.fr\/wp-content\/uploads\/2024\/09\/IMG_20240926_165132_resized_20240926_061842102-225x300.jpg 225w, https:\/\/foyer-laique-verfeil.fr\/wp-content\/uploads\/2024\/09\/IMG_20240926_165132_resized_20240926_061842102-768x1024.jpg 768w, https:\/\/foyer-laique-verfeil.fr\/wp-content\/uploads\/2024\/09\/IMG_20240926_165132_resized_20240926_061842102.jpg 864w\" sizes=\"auto, (max-width: 225px) 100vw, 225px\" \/><\/a><\/figure>\n\n\n\n<figure class=\"wp-block-image size-medium\"><a href=\"https:\/\/foyer-laique-verfeil.fr\/wp-content\/uploads\/2024\/09\/IMG_20240926_180651.jpg\" data-lbwps-gid=\"11\" data-lbwps-width=\"1204\" data-lbwps-height=\"1599\" data-lbwps-srcsmall=\"https:\/\/foyer-laique-verfeil.fr\/wp-content\/uploads\/2024\/09\/IMG_20240926_180651-226x300.jpg\"><img loading=\"lazy\" decoding=\"async\" width=\"226\" height=\"300\" data-id=\"3382\" src=\"https:\/\/foyer-laique-verfeil.fr\/wp-content\/uploads\/2024\/09\/IMG_20240926_180651-1-226x300.jpg\" alt=\"\" class=\"wp-image-3382\" srcset=\"https:\/\/foyer-laique-verfeil.fr\/wp-content\/uploads\/2024\/09\/IMG_20240926_180651-1-226x300.jpg 226w, https:\/\/foyer-laique-verfeil.fr\/wp-content\/uploads\/2024\/09\/IMG_20240926_180651-1-771x1024.jpg 771w, https:\/\/foyer-laique-verfeil.fr\/wp-content\/uploads\/2024\/09\/IMG_20240926_180651-1-768x1020.jpg 768w, https:\/\/foyer-laique-verfeil.fr\/wp-content\/uploads\/2024\/09\/IMG_20240926_180651-1-1157x1536.jpg 1157w, https:\/\/foyer-laique-verfeil.fr\/wp-content\/uploads\/2024\/09\/IMG_20240926_180651-1-1140x1514.jpg 1140w, https:\/\/foyer-laique-verfeil.fr\/wp-content\/uploads\/2024\/09\/IMG_20240926_180651-1.jpg 1204w\" sizes=\"auto, (max-width: 226px) 100vw, 226px\" \/><\/a><\/figure>\n\n\n\n<figure class=\"wp-block-image size-medium\"><a href=\"https:\/\/foyer-laique-verfeil.fr\/wp-content\/uploads\/2024\/09\/IMG_20240926_180529.jpg\" data-lbwps-gid=\"11\" data-lbwps-width=\"1204\" data-lbwps-height=\"1599\" data-lbwps-srcsmall=\"https:\/\/foyer-laique-verfeil.fr\/wp-content\/uploads\/2024\/09\/IMG_20240926_180529-226x300.jpg\"><img loading=\"lazy\" decoding=\"async\" width=\"226\" height=\"300\" data-id=\"3381\" src=\"https:\/\/foyer-laique-verfeil.fr\/wp-content\/uploads\/2024\/09\/IMG_20240926_180529-226x300.jpg\" alt=\"\" class=\"wp-image-3381\" srcset=\"https:\/\/foyer-laique-verfeil.fr\/wp-content\/uploads\/2024\/09\/IMG_20240926_180529-226x300.jpg 226w, https:\/\/foyer-laique-verfeil.fr\/wp-content\/uploads\/2024\/09\/IMG_20240926_180529-771x1024.jpg 771w, https:\/\/foyer-laique-verfeil.fr\/wp-content\/uploads\/2024\/09\/IMG_20240926_180529-768x1020.jpg 768w, https:\/\/foyer-laique-verfeil.fr\/wp-content\/uploads\/2024\/09\/IMG_20240926_180529-1157x1536.jpg 1157w, https:\/\/foyer-laique-verfeil.fr\/wp-content\/uploads\/2024\/09\/IMG_20240926_180529-1140x1514.jpg 1140w, https:\/\/foyer-laique-verfeil.fr\/wp-content\/uploads\/2024\/09\/IMG_20240926_180529.jpg 1204w\" sizes=\"auto, (max-width: 226px) 100vw, 226px\" \/><\/a><\/figure>\n\n\n\n<figure class=\"wp-block-image size-medium\"><a href=\"https:\/\/foyer-laique-verfeil.fr\/wp-content\/uploads\/2024\/09\/IMG_20240926_180529.jpg\" data-lbwps-gid=\"11\" data-lbwps-width=\"1204\" data-lbwps-height=\"1599\" data-lbwps-srcsmall=\"https:\/\/foyer-laique-verfeil.fr\/wp-content\/uploads\/2024\/09\/IMG_20240926_180529-226x300.jpg\"><img loading=\"lazy\" decoding=\"async\" width=\"174\" height=\"300\" data-id=\"3384\" src=\"https:\/\/foyer-laique-verfeil.fr\/wp-content\/uploads\/2024\/09\/IMG_20240926_164639515-174x300.jpg\" alt=\"\" class=\"wp-image-3384\" srcset=\"https:\/\/foyer-laique-verfeil.fr\/wp-content\/uploads\/2024\/09\/IMG_20240926_164639515-174x300.jpg 174w, https:\/\/foyer-laique-verfeil.fr\/wp-content\/uploads\/2024\/09\/IMG_20240926_164639515-594x1024.jpg 594w, https:\/\/foyer-laique-verfeil.fr\/wp-content\/uploads\/2024\/09\/IMG_20240926_164639515.jpg 713w\" sizes=\"auto, (max-width: 174px) 100vw, 174px\" \/><\/a><\/figure>\n\n\n\n<figure class=\"wp-block-image size-medium\"><a href=\"https:\/\/foyer-laique-verfeil.fr\/wp-content\/uploads\/2024\/10\/IMG_20241010_164359597.jpg\" data-lbwps-gid=\"11\" data-lbwps-width=\"1008\" data-lbwps-height=\"2016\" data-lbwps-srcsmall=\"https:\/\/foyer-laique-verfeil.fr\/wp-content\/uploads\/2024\/10\/IMG_20241010_164359597-150x300.jpg\"><img loading=\"lazy\" decoding=\"async\" width=\"150\" height=\"300\" data-id=\"3406\" src=\"https:\/\/foyer-laique-verfeil.fr\/wp-content\/uploads\/2024\/10\/IMG_20241010_164359597-150x300.jpg\" alt=\"\" class=\"wp-image-3406\" srcset=\"https:\/\/foyer-laique-verfeil.fr\/wp-content\/uploads\/2024\/10\/IMG_20241010_164359597-150x300.jpg 150w, https:\/\/foyer-laique-verfeil.fr\/wp-content\/uploads\/2024\/10\/IMG_20241010_164359597-512x1024.jpg 512w, https:\/\/foyer-laique-verfeil.fr\/wp-content\/uploads\/2024\/10\/IMG_20241010_164359597-768x1536.jpg 768w, https:\/\/foyer-laique-verfeil.fr\/wp-content\/uploads\/2024\/10\/IMG_20241010_164359597.jpg 1008w\" sizes=\"auto, (max-width: 150px) 100vw, 150px\" \/><\/a><\/figure>\n\n\n\n<figure class=\"wp-block-image size-medium\"><a href=\"https:\/\/foyer-laique-verfeil.fr\/wp-content\/uploads\/2024\/10\/IMG_20241010_164327647.jpg\" data-lbwps-gid=\"11\" data-lbwps-width=\"1008\" data-lbwps-height=\"2016\" data-lbwps-srcsmall=\"https:\/\/foyer-laique-verfeil.fr\/wp-content\/uploads\/2024\/10\/IMG_20241010_164327647-150x300.jpg\"><img loading=\"lazy\" decoding=\"async\" width=\"150\" height=\"300\" data-id=\"3405\" src=\"https:\/\/foyer-laique-verfeil.fr\/wp-content\/uploads\/2024\/10\/IMG_20241010_164327647-150x300.jpg\" alt=\"\" class=\"wp-image-3405\" srcset=\"https:\/\/foyer-laique-verfeil.fr\/wp-content\/uploads\/2024\/10\/IMG_20241010_164327647-150x300.jpg 150w, https:\/\/foyer-laique-verfeil.fr\/wp-content\/uploads\/2024\/10\/IMG_20241010_164327647-512x1024.jpg 512w, https:\/\/foyer-laique-verfeil.fr\/wp-content\/uploads\/2024\/10\/IMG_20241010_164327647-768x1536.jpg 768w, https:\/\/foyer-laique-verfeil.fr\/wp-content\/uploads\/2024\/10\/IMG_20241010_164327647.jpg 1008w\" sizes=\"auto, (max-width: 150px) 100vw, 150px\" \/><\/a><\/figure>\n\n\n\n<figure class=\"wp-block-image size-medium\"><a href=\"https:\/\/foyer-laique-verfeil.fr\/wp-content\/uploads\/2024\/10\/IMG_20241010_164152220.jpg\" data-lbwps-gid=\"11\" data-lbwps-width=\"1008\" data-lbwps-height=\"2016\" data-lbwps-srcsmall=\"https:\/\/foyer-laique-verfeil.fr\/wp-content\/uploads\/2024\/10\/IMG_20241010_164152220-150x300.jpg\"><img loading=\"lazy\" decoding=\"async\" width=\"150\" height=\"300\" data-id=\"3404\" src=\"https:\/\/foyer-laique-verfeil.fr\/wp-content\/uploads\/2024\/10\/IMG_20241010_164152220-150x300.jpg\" alt=\"\" class=\"wp-image-3404\" srcset=\"https:\/\/foyer-laique-verfeil.fr\/wp-content\/uploads\/2024\/10\/IMG_20241010_164152220-150x300.jpg 150w, https:\/\/foyer-laique-verfeil.fr\/wp-content\/uploads\/2024\/10\/IMG_20241010_164152220-512x1024.jpg 512w, https:\/\/foyer-laique-verfeil.fr\/wp-content\/uploads\/2024\/10\/IMG_20241010_164152220-768x1536.jpg 768w, https:\/\/foyer-laique-verfeil.fr\/wp-content\/uploads\/2024\/10\/IMG_20241010_164152220.jpg 1008w\" sizes=\"auto, (max-width: 150px) 100vw, 150px\" \/><\/a><\/figure>\n<\/figure>\n<\/div>\n<\/div>\n\n\n\n<div style=\"height:41px\" aria-hidden=\"true\" class=\"wp-block-spacer\"><\/div>\n\n\n\n<hr class=\"wp-block-separator has-alpha-channel-opacity is-style-wide\"\/>\n\n\n\n<h2 class=\"wp-block-heading has-text-align-center has-vivid-red-color has-text-color has-background has-link-color wp-elements-31bb1a4d373de02ec7ee195c22a7e5b8\" style=\"background-color:#f3f9b885\">C&rsquo;\u00e9tait <em>LA SAISON 2023 \/ 2024<\/em><\/h2>\n\n\n\n<div class=\"wp-block-columns is-layout-flex wp-container-core-columns-is-layout-9d6595d7 wp-block-columns-is-layout-flex\">\n<div class=\"wp-block-column is-layout-flow wp-block-column-is-layout-flow\" style=\"flex-basis:33.33%\">\n<h2 class=\"wp-block-heading\">16 Mai&#8230; bien peu nombreuses. Alors quartier libre !<br>A chacune son ouvrage personnel.<\/h2>\n<\/div>\n\n\n\n<div class=\"wp-block-column is-layout-flow wp-block-column-is-layout-flow\" style=\"flex-basis:66.66%\">\n<figure class=\"wp-block-gallery has-nested-images columns-2 is-cropped wp-block-gallery-11 is-layout-flex wp-block-gallery-is-layout-flex\">\n<figure class=\"wp-block-image size-large\"><img loading=\"lazy\" decoding=\"async\" width=\"771\" height=\"1024\" data-id=\"3120\" src=\"https:\/\/foyer-laique-verfeil.fr\/wp-content\/uploads\/2024\/05\/IMG_20240516_175942-771x1024.jpg\" alt=\"\" class=\"wp-image-3120\" srcset=\"https:\/\/foyer-laique-verfeil.fr\/wp-content\/uploads\/2024\/05\/IMG_20240516_175942-771x1024.jpg 771w, https:\/\/foyer-laique-verfeil.fr\/wp-content\/uploads\/2024\/05\/IMG_20240516_175942-226x300.jpg 226w, https:\/\/foyer-laique-verfeil.fr\/wp-content\/uploads\/2024\/05\/IMG_20240516_175942-768x1020.jpg 768w, https:\/\/foyer-laique-verfeil.fr\/wp-content\/uploads\/2024\/05\/IMG_20240516_175942-1157x1536.jpg 1157w, https:\/\/foyer-laique-verfeil.fr\/wp-content\/uploads\/2024\/05\/IMG_20240516_175942-1140x1514.jpg 1140w, https:\/\/foyer-laique-verfeil.fr\/wp-content\/uploads\/2024\/05\/IMG_20240516_175942.jpg 1204w\" sizes=\"auto, (max-width: 771px) 100vw, 771px\" \/><\/figure>\n\n\n\n<figure class=\"wp-block-image size-medium\"><img loading=\"lazy\" decoding=\"async\" width=\"226\" height=\"300\" data-id=\"3119\" src=\"https:\/\/foyer-laique-verfeil.fr\/wp-content\/uploads\/2024\/05\/IMG_20240516_175717-226x300.jpg\" alt=\"\" class=\"wp-image-3119\" srcset=\"https:\/\/foyer-laique-verfeil.fr\/wp-content\/uploads\/2024\/05\/IMG_20240516_175717-226x300.jpg 226w, https:\/\/foyer-laique-verfeil.fr\/wp-content\/uploads\/2024\/05\/IMG_20240516_175717-771x1024.jpg 771w, https:\/\/foyer-laique-verfeil.fr\/wp-content\/uploads\/2024\/05\/IMG_20240516_175717-768x1020.jpg 768w, https:\/\/foyer-laique-verfeil.fr\/wp-content\/uploads\/2024\/05\/IMG_20240516_175717-1157x1536.jpg 1157w, https:\/\/foyer-laique-verfeil.fr\/wp-content\/uploads\/2024\/05\/IMG_20240516_175717-1140x1514.jpg 1140w, https:\/\/foyer-laique-verfeil.fr\/wp-content\/uploads\/2024\/05\/IMG_20240516_175717.jpg 1204w\" sizes=\"auto, (max-width: 226px) 100vw, 226px\" \/><\/figure>\n\n\n\n<figure class=\"wp-block-image size-medium\"><img loading=\"lazy\" decoding=\"async\" width=\"226\" height=\"300\" data-id=\"3118\" src=\"https:\/\/foyer-laique-verfeil.fr\/wp-content\/uploads\/2024\/05\/IMG_20240516_175707-226x300.jpg\" alt=\"\" class=\"wp-image-3118\" srcset=\"https:\/\/foyer-laique-verfeil.fr\/wp-content\/uploads\/2024\/05\/IMG_20240516_175707-226x300.jpg 226w, https:\/\/foyer-laique-verfeil.fr\/wp-content\/uploads\/2024\/05\/IMG_20240516_175707-771x1024.jpg 771w, https:\/\/foyer-laique-verfeil.fr\/wp-content\/uploads\/2024\/05\/IMG_20240516_175707-768x1020.jpg 768w, https:\/\/foyer-laique-verfeil.fr\/wp-content\/uploads\/2024\/05\/IMG_20240516_175707-1157x1536.jpg 1157w, https:\/\/foyer-laique-verfeil.fr\/wp-content\/uploads\/2024\/05\/IMG_20240516_175707-1140x1514.jpg 1140w, https:\/\/foyer-laique-verfeil.fr\/wp-content\/uploads\/2024\/05\/IMG_20240516_175707.jpg 1204w\" sizes=\"auto, (max-width: 226px) 100vw, 226px\" \/><\/figure>\n\n\n\n<figure class=\"wp-block-image size-large\"><img loading=\"lazy\" decoding=\"async\" width=\"771\" height=\"1024\" data-id=\"3117\" src=\"https:\/\/foyer-laique-verfeil.fr\/wp-content\/uploads\/2024\/05\/IMG_20240516_175704-771x1024.jpg\" alt=\"\" class=\"wp-image-3117\" srcset=\"https:\/\/foyer-laique-verfeil.fr\/wp-content\/uploads\/2024\/05\/IMG_20240516_175704-771x1024.jpg 771w, https:\/\/foyer-laique-verfeil.fr\/wp-content\/uploads\/2024\/05\/IMG_20240516_175704-226x300.jpg 226w, https:\/\/foyer-laique-verfeil.fr\/wp-content\/uploads\/2024\/05\/IMG_20240516_175704-768x1020.jpg 768w, https:\/\/foyer-laique-verfeil.fr\/wp-content\/uploads\/2024\/05\/IMG_20240516_175704-1157x1536.jpg 1157w, https:\/\/foyer-laique-verfeil.fr\/wp-content\/uploads\/2024\/05\/IMG_20240516_175704-1140x1514.jpg 1140w, https:\/\/foyer-laique-verfeil.fr\/wp-content\/uploads\/2024\/05\/IMG_20240516_175704.jpg 1204w\" sizes=\"auto, (max-width: 771px) 100vw, 771px\" \/><\/figure>\n<\/figure>\n<\/div>\n<\/div>\n\n\n\n<h2 class=\"wp-block-heading\">Les \u00ab\u00a0Petites Mains\u00a0\u00bb font et ont LA BANANE&#8230;<\/h2>\n\n\n\n<h4 class=\"wp-block-heading has-text-align-center\">Si \u00e7a commence tranquillement avec les oreillettes de Nicole et un petit caf\u00e9, <br>on est l\u00e0 pour bosser et ce n&rsquo;est pas toujours simple&#8230;<\/h4>\n\n\n\n<figure class=\"wp-block-gallery has-nested-images columns-4 is-cropped wp-block-gallery-12 is-layout-flex wp-block-gallery-is-layout-flex\">\n<figure class=\"wp-block-image size-large\"><img loading=\"lazy\" decoding=\"async\" width=\"1024\" height=\"768\" data-id=\"3007\" src=\"https:\/\/foyer-laique-verfeil.fr\/wp-content\/uploads\/2024\/03\/IMG-20240229-WA0001-1024x768.jpg\" alt=\"\" class=\"wp-image-3007\" srcset=\"https:\/\/foyer-laique-verfeil.fr\/wp-content\/uploads\/2024\/03\/IMG-20240229-WA0001-1024x768.jpg 1024w, https:\/\/foyer-laique-verfeil.fr\/wp-content\/uploads\/2024\/03\/IMG-20240229-WA0001-300x225.jpg 300w, https:\/\/foyer-laique-verfeil.fr\/wp-content\/uploads\/2024\/03\/IMG-20240229-WA0001-768x576.jpg 768w, https:\/\/foyer-laique-verfeil.fr\/wp-content\/uploads\/2024\/03\/IMG-20240229-WA0001-1536x1152.jpg 1536w, https:\/\/foyer-laique-verfeil.fr\/wp-content\/uploads\/2024\/03\/IMG-20240229-WA0001-1140x855.jpg 1140w, https:\/\/foyer-laique-verfeil.fr\/wp-content\/uploads\/2024\/03\/IMG-20240229-WA0001.jpg 1600w\" sizes=\"auto, (max-width: 1024px) 100vw, 1024px\" \/><\/figure>\n\n\n\n<figure class=\"wp-block-image size-large\"><img loading=\"lazy\" decoding=\"async\" width=\"771\" height=\"1024\" data-id=\"3006\" src=\"https:\/\/foyer-laique-verfeil.fr\/wp-content\/uploads\/2024\/03\/7431898690393117619-771x1024.jpg\" alt=\"\" class=\"wp-image-3006\" srcset=\"https:\/\/foyer-laique-verfeil.fr\/wp-content\/uploads\/2024\/03\/7431898690393117619-771x1024.jpg 771w, https:\/\/foyer-laique-verfeil.fr\/wp-content\/uploads\/2024\/03\/7431898690393117619-226x300.jpg 226w, https:\/\/foyer-laique-verfeil.fr\/wp-content\/uploads\/2024\/03\/7431898690393117619-768x1020.jpg 768w, https:\/\/foyer-laique-verfeil.fr\/wp-content\/uploads\/2024\/03\/7431898690393117619-1157x1536.jpg 1157w, https:\/\/foyer-laique-verfeil.fr\/wp-content\/uploads\/2024\/03\/7431898690393117619-1140x1514.jpg 1140w, https:\/\/foyer-laique-verfeil.fr\/wp-content\/uploads\/2024\/03\/7431898690393117619.jpg 1204w\" sizes=\"auto, (max-width: 771px) 100vw, 771px\" \/><\/figure>\n\n\n\n<figure class=\"wp-block-image size-large\"><img loading=\"lazy\" decoding=\"async\" width=\"771\" height=\"1024\" data-id=\"3005\" src=\"https:\/\/foyer-laique-verfeil.fr\/wp-content\/uploads\/2024\/03\/2342505939802006351-771x1024.jpg\" alt=\"\" class=\"wp-image-3005\" srcset=\"https:\/\/foyer-laique-verfeil.fr\/wp-content\/uploads\/2024\/03\/2342505939802006351-771x1024.jpg 771w, https:\/\/foyer-laique-verfeil.fr\/wp-content\/uploads\/2024\/03\/2342505939802006351-226x300.jpg 226w, https:\/\/foyer-laique-verfeil.fr\/wp-content\/uploads\/2024\/03\/2342505939802006351-768x1020.jpg 768w, https:\/\/foyer-laique-verfeil.fr\/wp-content\/uploads\/2024\/03\/2342505939802006351-1157x1536.jpg 1157w, https:\/\/foyer-laique-verfeil.fr\/wp-content\/uploads\/2024\/03\/2342505939802006351-1140x1514.jpg 1140w, https:\/\/foyer-laique-verfeil.fr\/wp-content\/uploads\/2024\/03\/2342505939802006351.jpg 1204w\" sizes=\"auto, (max-width: 771px) 100vw, 771px\" \/><\/figure>\n\n\n\n<figure class=\"wp-block-image size-large\"><img loading=\"lazy\" decoding=\"async\" width=\"771\" height=\"1024\" data-id=\"3004\" src=\"https:\/\/foyer-laique-verfeil.fr\/wp-content\/uploads\/2024\/03\/1064904752223045718-771x1024.jpg\" alt=\"\" class=\"wp-image-3004\" srcset=\"https:\/\/foyer-laique-verfeil.fr\/wp-content\/uploads\/2024\/03\/1064904752223045718-771x1024.jpg 771w, https:\/\/foyer-laique-verfeil.fr\/wp-content\/uploads\/2024\/03\/1064904752223045718-226x300.jpg 226w, https:\/\/foyer-laique-verfeil.fr\/wp-content\/uploads\/2024\/03\/1064904752223045718-768x1020.jpg 768w, https:\/\/foyer-laique-verfeil.fr\/wp-content\/uploads\/2024\/03\/1064904752223045718-1157x1536.jpg 1157w, https:\/\/foyer-laique-verfeil.fr\/wp-content\/uploads\/2024\/03\/1064904752223045718-1140x1514.jpg 1140w, https:\/\/foyer-laique-verfeil.fr\/wp-content\/uploads\/2024\/03\/1064904752223045718.jpg 1204w\" sizes=\"auto, (max-width: 771px) 100vw, 771px\" \/><\/figure>\n<\/figure>\n\n\n\n<h4 class=\"wp-block-heading\">2 premi\u00e8res mais d&rsquo;autres \u00e0 venir&#8230;.<\/h4>\n\n\n\n<figure class=\"wp-block-gallery has-nested-images columns-4 is-cropped wp-block-gallery-13 is-layout-flex wp-block-gallery-is-layout-flex\">\n<figure class=\"wp-block-image size-large\"><a href=\"https:\/\/foyer-laique-verfeil.fr\/wp-content\/uploads\/2024\/02\/IMG_20240210_093145.jpg\" data-lbwps-gid=\"14\" data-lbwps-width=\"1204\" data-lbwps-height=\"1599\" data-lbwps-srcsmall=\"https:\/\/foyer-laique-verfeil.fr\/wp-content\/uploads\/2024\/02\/IMG_20240210_093145-226x300.jpg\"><img loading=\"lazy\" decoding=\"async\" width=\"771\" height=\"1024\" data-id=\"2972\" src=\"https:\/\/foyer-laique-verfeil.fr\/wp-content\/uploads\/2024\/02\/IMG_20240210_093145-771x1024.jpg\" alt=\"\" class=\"wp-image-2972\" srcset=\"https:\/\/foyer-laique-verfeil.fr\/wp-content\/uploads\/2024\/02\/IMG_20240210_093145-771x1024.jpg 771w, https:\/\/foyer-laique-verfeil.fr\/wp-content\/uploads\/2024\/02\/IMG_20240210_093145-226x300.jpg 226w, https:\/\/foyer-laique-verfeil.fr\/wp-content\/uploads\/2024\/02\/IMG_20240210_093145-768x1020.jpg 768w, https:\/\/foyer-laique-verfeil.fr\/wp-content\/uploads\/2024\/02\/IMG_20240210_093145-1157x1536.jpg 1157w, https:\/\/foyer-laique-verfeil.fr\/wp-content\/uploads\/2024\/02\/IMG_20240210_093145-1140x1514.jpg 1140w, https:\/\/foyer-laique-verfeil.fr\/wp-content\/uploads\/2024\/02\/IMG_20240210_093145.jpg 1204w\" sizes=\"auto, (max-width: 771px) 100vw, 771px\" \/><\/a><\/figure>\n\n\n\n<figure class=\"wp-block-image size-large\"><a href=\"https:\/\/foyer-laique-verfeil.fr\/wp-content\/uploads\/2024\/02\/IMG_20240210_093141.jpg\" data-lbwps-gid=\"14\" data-lbwps-width=\"1204\" data-lbwps-height=\"1599\" data-lbwps-srcsmall=\"https:\/\/foyer-laique-verfeil.fr\/wp-content\/uploads\/2024\/02\/IMG_20240210_093141-226x300.jpg\"><img loading=\"lazy\" decoding=\"async\" width=\"771\" height=\"1024\" data-id=\"2971\" src=\"https:\/\/foyer-laique-verfeil.fr\/wp-content\/uploads\/2024\/02\/IMG_20240210_093141-771x1024.jpg\" alt=\"\" class=\"wp-image-2971\" srcset=\"https:\/\/foyer-laique-verfeil.fr\/wp-content\/uploads\/2024\/02\/IMG_20240210_093141-771x1024.jpg 771w, https:\/\/foyer-laique-verfeil.fr\/wp-content\/uploads\/2024\/02\/IMG_20240210_093141-226x300.jpg 226w, https:\/\/foyer-laique-verfeil.fr\/wp-content\/uploads\/2024\/02\/IMG_20240210_093141-768x1020.jpg 768w, https:\/\/foyer-laique-verfeil.fr\/wp-content\/uploads\/2024\/02\/IMG_20240210_093141-1157x1536.jpg 1157w, https:\/\/foyer-laique-verfeil.fr\/wp-content\/uploads\/2024\/02\/IMG_20240210_093141-1140x1514.jpg 1140w, https:\/\/foyer-laique-verfeil.fr\/wp-content\/uploads\/2024\/02\/IMG_20240210_093141.jpg 1204w\" sizes=\"auto, (max-width: 771px) 100vw, 771px\" \/><\/a><\/figure>\n\n\n\n<figure class=\"wp-block-image size-medium\"><a href=\"https:\/\/foyer-laique-verfeil.fr\/wp-content\/uploads\/2024\/02\/IMG_20240210_093138.jpg\" data-lbwps-gid=\"14\" data-lbwps-width=\"1204\" data-lbwps-height=\"1599\" data-lbwps-srcsmall=\"https:\/\/foyer-laique-verfeil.fr\/wp-content\/uploads\/2024\/02\/IMG_20240210_093138-226x300.jpg\"><img loading=\"lazy\" decoding=\"async\" width=\"226\" height=\"300\" data-id=\"2970\" src=\"https:\/\/foyer-laique-verfeil.fr\/wp-content\/uploads\/2024\/02\/IMG_20240210_093138-226x300.jpg\" alt=\"\" class=\"wp-image-2970\" srcset=\"https:\/\/foyer-laique-verfeil.fr\/wp-content\/uploads\/2024\/02\/IMG_20240210_093138-226x300.jpg 226w, https:\/\/foyer-laique-verfeil.fr\/wp-content\/uploads\/2024\/02\/IMG_20240210_093138-771x1024.jpg 771w, https:\/\/foyer-laique-verfeil.fr\/wp-content\/uploads\/2024\/02\/IMG_20240210_093138-768x1020.jpg 768w, https:\/\/foyer-laique-verfeil.fr\/wp-content\/uploads\/2024\/02\/IMG_20240210_093138-1157x1536.jpg 1157w, https:\/\/foyer-laique-verfeil.fr\/wp-content\/uploads\/2024\/02\/IMG_20240210_093138-1140x1514.jpg 1140w, https:\/\/foyer-laique-verfeil.fr\/wp-content\/uploads\/2024\/02\/IMG_20240210_093138.jpg 1204w\" sizes=\"auto, (max-width: 226px) 100vw, 226px\" \/><\/a><\/figure>\n\n\n\n<figure class=\"wp-block-image size-large\"><a href=\"https:\/\/foyer-laique-verfeil.fr\/wp-content\/uploads\/2024\/02\/IMG_20240210_093135.jpg\" data-lbwps-gid=\"14\" data-lbwps-width=\"1599\" data-lbwps-height=\"1204\" data-lbwps-srcsmall=\"https:\/\/foyer-laique-verfeil.fr\/wp-content\/uploads\/2024\/02\/IMG_20240210_093135-300x226.jpg\"><img loading=\"lazy\" decoding=\"async\" width=\"1024\" height=\"771\" data-id=\"2969\" src=\"https:\/\/foyer-laique-verfeil.fr\/wp-content\/uploads\/2024\/02\/IMG_20240210_093135-1024x771.jpg\" alt=\"\" class=\"wp-image-2969\" srcset=\"https:\/\/foyer-laique-verfeil.fr\/wp-content\/uploads\/2024\/02\/IMG_20240210_093135-1024x771.jpg 1024w, https:\/\/foyer-laique-verfeil.fr\/wp-content\/uploads\/2024\/02\/IMG_20240210_093135-300x226.jpg 300w, https:\/\/foyer-laique-verfeil.fr\/wp-content\/uploads\/2024\/02\/IMG_20240210_093135-768x578.jpg 768w, https:\/\/foyer-laique-verfeil.fr\/wp-content\/uploads\/2024\/02\/IMG_20240210_093135-1536x1157.jpg 1536w, https:\/\/foyer-laique-verfeil.fr\/wp-content\/uploads\/2024\/02\/IMG_20240210_093135-1140x858.jpg 1140w, https:\/\/foyer-laique-verfeil.fr\/wp-content\/uploads\/2024\/02\/IMG_20240210_093135.jpg 1599w\" sizes=\"auto, (max-width: 1024px) 100vw, 1024px\" \/><\/a><\/figure>\n\n\n\n<figure class=\"wp-block-image size-large\"><a href=\"https:\/\/foyer-laique-verfeil.fr\/wp-content\/uploads\/2024\/02\/IMG_20240210_093119.jpg\" data-lbwps-gid=\"14\" data-lbwps-width=\"1600\" data-lbwps-height=\"1200\" data-lbwps-srcsmall=\"https:\/\/foyer-laique-verfeil.fr\/wp-content\/uploads\/2024\/02\/IMG_20240210_093119-300x225.jpg\"><img loading=\"lazy\" decoding=\"async\" width=\"1024\" height=\"768\" data-id=\"2968\" src=\"https:\/\/foyer-laique-verfeil.fr\/wp-content\/uploads\/2024\/02\/IMG_20240210_093119-1024x768.jpg\" alt=\"\" class=\"wp-image-2968\" srcset=\"https:\/\/foyer-laique-verfeil.fr\/wp-content\/uploads\/2024\/02\/IMG_20240210_093119-1024x768.jpg 1024w, https:\/\/foyer-laique-verfeil.fr\/wp-content\/uploads\/2024\/02\/IMG_20240210_093119-300x225.jpg 300w, https:\/\/foyer-laique-verfeil.fr\/wp-content\/uploads\/2024\/02\/IMG_20240210_093119-768x576.jpg 768w, https:\/\/foyer-laique-verfeil.fr\/wp-content\/uploads\/2024\/02\/IMG_20240210_093119-1536x1152.jpg 1536w, https:\/\/foyer-laique-verfeil.fr\/wp-content\/uploads\/2024\/02\/IMG_20240210_093119-1140x855.jpg 1140w, https:\/\/foyer-laique-verfeil.fr\/wp-content\/uploads\/2024\/02\/IMG_20240210_093119.jpg 1600w\" sizes=\"auto, (max-width: 1024px) 100vw, 1024px\" \/><\/a><\/figure>\n\n\n\n<figure class=\"wp-block-image size-large\"><a href=\"https:\/\/foyer-laique-verfeil.fr\/wp-content\/uploads\/2024\/02\/IMG_20240210_093116.jpg\" data-lbwps-gid=\"14\" data-lbwps-width=\"1600\" data-lbwps-height=\"1200\" data-lbwps-srcsmall=\"https:\/\/foyer-laique-verfeil.fr\/wp-content\/uploads\/2024\/02\/IMG_20240210_093116-300x225.jpg\"><img loading=\"lazy\" decoding=\"async\" width=\"1024\" height=\"768\" data-id=\"2967\" src=\"https:\/\/foyer-laique-verfeil.fr\/wp-content\/uploads\/2024\/02\/IMG_20240210_093116-1024x768.jpg\" alt=\"\" class=\"wp-image-2967\" srcset=\"https:\/\/foyer-laique-verfeil.fr\/wp-content\/uploads\/2024\/02\/IMG_20240210_093116-1024x768.jpg 1024w, https:\/\/foyer-laique-verfeil.fr\/wp-content\/uploads\/2024\/02\/IMG_20240210_093116-300x225.jpg 300w, https:\/\/foyer-laique-verfeil.fr\/wp-content\/uploads\/2024\/02\/IMG_20240210_093116-768x576.jpg 768w, https:\/\/foyer-laique-verfeil.fr\/wp-content\/uploads\/2024\/02\/IMG_20240210_093116-1536x1152.jpg 1536w, https:\/\/foyer-laique-verfeil.fr\/wp-content\/uploads\/2024\/02\/IMG_20240210_093116-1140x855.jpg 1140w, https:\/\/foyer-laique-verfeil.fr\/wp-content\/uploads\/2024\/02\/IMG_20240210_093116.jpg 1600w\" sizes=\"auto, (max-width: 1024px) 100vw, 1024px\" \/><\/a><\/figure>\n\n\n\n<figure class=\"wp-block-image size-large\"><a href=\"https:\/\/foyer-laique-verfeil.fr\/wp-content\/uploads\/2024\/02\/IMG_20240210_093110.jpg\" data-lbwps-gid=\"14\" data-lbwps-width=\"1600\" data-lbwps-height=\"1200\" data-lbwps-srcsmall=\"https:\/\/foyer-laique-verfeil.fr\/wp-content\/uploads\/2024\/02\/IMG_20240210_093110-300x225.jpg\"><img loading=\"lazy\" decoding=\"async\" width=\"1024\" height=\"768\" data-id=\"2966\" src=\"https:\/\/foyer-laique-verfeil.fr\/wp-content\/uploads\/2024\/02\/IMG_20240210_093110-1024x768.jpg\" alt=\"\" class=\"wp-image-2966\" srcset=\"https:\/\/foyer-laique-verfeil.fr\/wp-content\/uploads\/2024\/02\/IMG_20240210_093110-1024x768.jpg 1024w, https:\/\/foyer-laique-verfeil.fr\/wp-content\/uploads\/2024\/02\/IMG_20240210_093110-300x225.jpg 300w, https:\/\/foyer-laique-verfeil.fr\/wp-content\/uploads\/2024\/02\/IMG_20240210_093110-768x576.jpg 768w, https:\/\/foyer-laique-verfeil.fr\/wp-content\/uploads\/2024\/02\/IMG_20240210_093110-1536x1152.jpg 1536w, https:\/\/foyer-laique-verfeil.fr\/wp-content\/uploads\/2024\/02\/IMG_20240210_093110-1140x855.jpg 1140w, https:\/\/foyer-laique-verfeil.fr\/wp-content\/uploads\/2024\/02\/IMG_20240210_093110.jpg 1600w\" sizes=\"auto, (max-width: 1024px) 100vw, 1024px\" \/><\/a><\/figure>\n\n\n\n<figure class=\"wp-block-image size-large\"><a href=\"https:\/\/foyer-laique-verfeil.fr\/wp-content\/uploads\/2024\/02\/IMG_20240210_093029.jpg\" data-lbwps-gid=\"14\" data-lbwps-width=\"1600\" data-lbwps-height=\"1200\" data-lbwps-srcsmall=\"https:\/\/foyer-laique-verfeil.fr\/wp-content\/uploads\/2024\/02\/IMG_20240210_093029-300x225.jpg\"><img loading=\"lazy\" decoding=\"async\" width=\"1024\" height=\"768\" data-id=\"2965\" src=\"https:\/\/foyer-laique-verfeil.fr\/wp-content\/uploads\/2024\/02\/IMG_20240210_093029-1024x768.jpg\" alt=\"\" class=\"wp-image-2965\" srcset=\"https:\/\/foyer-laique-verfeil.fr\/wp-content\/uploads\/2024\/02\/IMG_20240210_093029-1024x768.jpg 1024w, https:\/\/foyer-laique-verfeil.fr\/wp-content\/uploads\/2024\/02\/IMG_20240210_093029-300x225.jpg 300w, https:\/\/foyer-laique-verfeil.fr\/wp-content\/uploads\/2024\/02\/IMG_20240210_093029-768x576.jpg 768w, https:\/\/foyer-laique-verfeil.fr\/wp-content\/uploads\/2024\/02\/IMG_20240210_093029-1536x1152.jpg 1536w, https:\/\/foyer-laique-verfeil.fr\/wp-content\/uploads\/2024\/02\/IMG_20240210_093029-1140x855.jpg 1140w, https:\/\/foyer-laique-verfeil.fr\/wp-content\/uploads\/2024\/02\/IMG_20240210_093029.jpg 1600w\" sizes=\"auto, (max-width: 1024px) 100vw, 1024px\" \/><\/a><\/figure>\n<\/figure>\n\n\n\n<h2 class=\"wp-block-heading\">Le cours du 25 Janvier, un cours pas comme les autres&#8230;.<\/h2>\n\n\n\n<div class=\"wp-block-columns is-layout-flex wp-container-core-columns-is-layout-9d6595d7 wp-block-columns-is-layout-flex\">\n<div class=\"wp-block-column is-layout-flow wp-block-column-is-layout-flow\" style=\"flex-basis:50%\">\n<p class=\"has-text-align-center has-medium-font-size\">S<strong><em>i Nicole a mis la barre \u00ab\u00a0un peu haut\u00a0\u00bb (c&rsquo;est rien de le dire) avec la confection d&rsquo;un sac banane, nous avons fait une pause dans notre mise en route.<br>Trop contentes de ses conseils, de sa bonne humeur et de son d\u00e9vouement, nous voulions le lui montrer.<br>Profitant de la p\u00e9riode de son anniversaire et en grand secret nous lui pr\u00e9parons un cadeau et un g\u00e2teau de remerciement.<br>Michel, venu faire une r\u00e9vision de machine, l&rsquo;occupe pendant la mise en place du caf\u00e9 un peu sp\u00e9cial.<br>Voici quelques clich\u00e9s souvenir&#8230; <\/em><\/strong><\/p>\n<\/div>\n\n\n\n<div class=\"wp-block-column is-layout-flow wp-block-column-is-layout-flow\" style=\"flex-basis:40%\">\n<figure class=\"wp-block-gallery has-nested-images columns-2 is-cropped wp-block-gallery-14 is-layout-flex wp-block-gallery-is-layout-flex\">\n<figure class=\"wp-block-image size-large\"><a href=\"https:\/\/foyer-laique-verfeil.fr\/wp-content\/uploads\/2024\/01\/IMG_20240125_143047_resized_20240126_084347552.jpg\" data-lbwps-gid=\"15\" data-lbwps-width=\"743\" data-lbwps-height=\"861\" data-lbwps-srcsmall=\"https:\/\/foyer-laique-verfeil.fr\/wp-content\/uploads\/2024\/01\/IMG_20240125_143047_resized_20240126_084347552-259x300.jpg\"><img loading=\"lazy\" decoding=\"async\" width=\"743\" height=\"861\" data-id=\"2914\" src=\"https:\/\/foyer-laique-verfeil.fr\/wp-content\/uploads\/2024\/01\/IMG_20240125_143047_resized_20240126_084347552.jpg\" alt=\"\" class=\"wp-image-2914\" srcset=\"https:\/\/foyer-laique-verfeil.fr\/wp-content\/uploads\/2024\/01\/IMG_20240125_143047_resized_20240126_084347552.jpg 743w, https:\/\/foyer-laique-verfeil.fr\/wp-content\/uploads\/2024\/01\/IMG_20240125_143047_resized_20240126_084347552-259x300.jpg 259w\" sizes=\"auto, (max-width: 743px) 100vw, 743px\" \/><\/a><\/figure>\n\n\n\n<figure class=\"wp-block-image size-large\"><a href=\"https:\/\/foyer-laique-verfeil.fr\/wp-content\/uploads\/2024\/01\/4748336845990983785-1.jpg\" data-lbwps-gid=\"15\" data-lbwps-width=\"674\" data-lbwps-height=\"457\" data-lbwps-srcsmall=\"https:\/\/foyer-laique-verfeil.fr\/wp-content\/uploads\/2024\/01\/4748336845990983785-1-300x203.jpg\"><img loading=\"lazy\" decoding=\"async\" width=\"674\" height=\"457\" data-id=\"2912\" src=\"https:\/\/foyer-laique-verfeil.fr\/wp-content\/uploads\/2024\/01\/4748336845990983785.jpg\" alt=\"\" class=\"wp-image-2912\" srcset=\"https:\/\/foyer-laique-verfeil.fr\/wp-content\/uploads\/2024\/01\/4748336845990983785.jpg 674w, https:\/\/foyer-laique-verfeil.fr\/wp-content\/uploads\/2024\/01\/4748336845990983785-300x203.jpg 300w\" sizes=\"auto, (max-width: 674px) 100vw, 674px\" \/><\/a><\/figure>\n\n\n\n<figure class=\"wp-block-image size-large\"><a href=\"https:\/\/foyer-laique-verfeil.fr\/wp-content\/uploads\/2024\/01\/IMG_20240125_143024_resized_20240126_084347852.jpg\" data-lbwps-gid=\"15\" data-lbwps-width=\"864\" data-lbwps-height=\"1152\" data-lbwps-srcsmall=\"https:\/\/foyer-laique-verfeil.fr\/wp-content\/uploads\/2024\/01\/IMG_20240125_143024_resized_20240126_084347852-225x300.jpg\"><img loading=\"lazy\" decoding=\"async\" width=\"768\" height=\"1024\" data-id=\"2913\" src=\"https:\/\/foyer-laique-verfeil.fr\/wp-content\/uploads\/2024\/01\/IMG_20240125_143024_resized_20240126_084347852-768x1024.jpg\" alt=\"\" class=\"wp-image-2913\" srcset=\"https:\/\/foyer-laique-verfeil.fr\/wp-content\/uploads\/2024\/01\/IMG_20240125_143024_resized_20240126_084347852-768x1024.jpg 768w, https:\/\/foyer-laique-verfeil.fr\/wp-content\/uploads\/2024\/01\/IMG_20240125_143024_resized_20240126_084347852-225x300.jpg 225w, https:\/\/foyer-laique-verfeil.fr\/wp-content\/uploads\/2024\/01\/IMG_20240125_143024_resized_20240126_084347852.jpg 864w\" sizes=\"auto, (max-width: 768px) 100vw, 768px\" \/><\/a><\/figure>\n\n\n\n<figure class=\"wp-block-image size-large\"><a href=\"https:\/\/foyer-laique-verfeil.fr\/wp-content\/uploads\/2024\/01\/4394070600502358260.jpg\" data-lbwps-gid=\"15\" data-lbwps-width=\"557\" data-lbwps-height=\"407\" data-lbwps-srcsmall=\"https:\/\/foyer-laique-verfeil.fr\/wp-content\/uploads\/2024\/01\/4394070600502358260-300x219.jpg\"><img loading=\"lazy\" decoding=\"async\" width=\"557\" height=\"407\" data-id=\"2911\" src=\"https:\/\/foyer-laique-verfeil.fr\/wp-content\/uploads\/2024\/01\/4394070600502358260.jpg\" alt=\"\" class=\"wp-image-2911\" srcset=\"https:\/\/foyer-laique-verfeil.fr\/wp-content\/uploads\/2024\/01\/4394070600502358260.jpg 557w, https:\/\/foyer-laique-verfeil.fr\/wp-content\/uploads\/2024\/01\/4394070600502358260-300x219.jpg 300w\" sizes=\"auto, (max-width: 557px) 100vw, 557px\" \/><\/a><\/figure>\n\n\n\n<figure class=\"wp-block-image size-large\"><a href=\"https:\/\/foyer-laique-verfeil.fr\/wp-content\/uploads\/2024\/01\/3729807984441890906.jpg\" data-lbwps-gid=\"15\" data-lbwps-width=\"480\" data-lbwps-height=\"640\" data-lbwps-srcsmall=\"https:\/\/foyer-laique-verfeil.fr\/wp-content\/uploads\/2024\/01\/3729807984441890906-225x300.jpg\"><img loading=\"lazy\" decoding=\"async\" width=\"480\" height=\"640\" data-id=\"2910\" src=\"https:\/\/foyer-laique-verfeil.fr\/wp-content\/uploads\/2024\/01\/3729807984441890906.jpg\" alt=\"\" class=\"wp-image-2910\" srcset=\"https:\/\/foyer-laique-verfeil.fr\/wp-content\/uploads\/2024\/01\/3729807984441890906.jpg 480w, https:\/\/foyer-laique-verfeil.fr\/wp-content\/uploads\/2024\/01\/3729807984441890906-225x300.jpg 225w\" sizes=\"auto, (max-width: 480px) 100vw, 480px\" \/><\/a><\/figure>\n<\/figure>\n<\/div>\n<\/div>\n\n\n\n<p class=\"has-text-align-center\" style=\"font-size:24px\"><strong>QUAND LES \u00ab\u00a0PETITES MAINS\u00a0\u00bb D\u00c9CORENT HALLOWEEN &#8211; NO\u00cbL &#8211; CADEAUX&#8230;<\/strong> <em><strong>ET SE COUVRENT POUR L&rsquo;HIVER<\/strong><\/em><\/p>\n\n\n\n<figure class=\"wp-block-gallery has-nested-images columns-4 is-cropped wp-block-gallery-15 is-layout-flex wp-block-gallery-is-layout-flex\">\n<figure class=\"wp-block-image size-large\"><img loading=\"lazy\" decoding=\"async\" width=\"186\" height=\"325\" data-id=\"2785\" src=\"https:\/\/foyer-laique-verfeil.fr\/wp-content\/uploads\/2023\/11\/ANONYME-1-2.jpg\" alt=\"\" class=\"wp-image-2785\" srcset=\"https:\/\/foyer-laique-verfeil.fr\/wp-content\/uploads\/2023\/11\/ANONYME-1-2.jpg 186w, https:\/\/foyer-laique-verfeil.fr\/wp-content\/uploads\/2023\/11\/ANONYME-1-2-172x300.jpg 172w\" sizes=\"auto, (max-width: 186px) 100vw, 186px\" \/><\/figure>\n\n\n\n<figure class=\"wp-block-image size-large\"><img loading=\"lazy\" decoding=\"async\" width=\"238\" height=\"367\" data-id=\"2781\" src=\"https:\/\/foyer-laique-verfeil.fr\/wp-content\/uploads\/2023\/11\/ANONYME-2-1.jpg\" alt=\"\" class=\"wp-image-2781\" srcset=\"https:\/\/foyer-laique-verfeil.fr\/wp-content\/uploads\/2023\/11\/ANONYME-2-1.jpg 238w, https:\/\/foyer-laique-verfeil.fr\/wp-content\/uploads\/2023\/11\/ANONYME-2-1-195x300.jpg 195w\" sizes=\"auto, (max-width: 238px) 100vw, 238px\" \/><\/figure>\n\n\n\n<figure class=\"wp-block-image size-large\"><img loading=\"lazy\" decoding=\"async\" width=\"202\" height=\"319\" data-id=\"2778\" src=\"https:\/\/foyer-laique-verfeil.fr\/wp-content\/uploads\/2023\/11\/ANONYME-4.jpg\" alt=\"\" class=\"wp-image-2778\" srcset=\"https:\/\/foyer-laique-verfeil.fr\/wp-content\/uploads\/2023\/11\/ANONYME-4.jpg 202w, https:\/\/foyer-laique-verfeil.fr\/wp-content\/uploads\/2023\/11\/ANONYME-4-190x300.jpg 190w\" sizes=\"auto, (max-width: 202px) 100vw, 202px\" \/><\/figure>\n\n\n\n<figure class=\"wp-block-image size-large\"><img loading=\"lazy\" decoding=\"async\" width=\"204\" height=\"310\" data-id=\"2779\" src=\"https:\/\/foyer-laique-verfeil.fr\/wp-content\/uploads\/2023\/11\/ANONYME-5.jpg\" alt=\"\" class=\"wp-image-2779\" srcset=\"https:\/\/foyer-laique-verfeil.fr\/wp-content\/uploads\/2023\/11\/ANONYME-5.jpg 204w, https:\/\/foyer-laique-verfeil.fr\/wp-content\/uploads\/2023\/11\/ANONYME-5-197x300.jpg 197w\" sizes=\"auto, (max-width: 204px) 100vw, 204px\" \/><\/figure>\n\n\n\n<figure class=\"wp-block-image size-large\"><img loading=\"lazy\" decoding=\"async\" width=\"253\" height=\"387\" data-id=\"2777\" src=\"https:\/\/foyer-laique-verfeil.fr\/wp-content\/uploads\/2023\/11\/ANONYME-3.jpg\" alt=\"\" class=\"wp-image-2777\" srcset=\"https:\/\/foyer-laique-verfeil.fr\/wp-content\/uploads\/2023\/11\/ANONYME-3.jpg 253w, https:\/\/foyer-laique-verfeil.fr\/wp-content\/uploads\/2023\/11\/ANONYME-3-196x300.jpg 196w\" sizes=\"auto, (max-width: 253px) 100vw, 253px\" \/><\/figure>\n\n\n\n<figure class=\"wp-block-image size-large\"><img loading=\"lazy\" decoding=\"async\" width=\"768\" height=\"1024\" data-id=\"2774\" src=\"https:\/\/foyer-laique-verfeil.fr\/wp-content\/uploads\/2023\/11\/DSCN9825-768x1024.jpg\" alt=\"\" class=\"wp-image-2774\" srcset=\"https:\/\/foyer-laique-verfeil.fr\/wp-content\/uploads\/2023\/11\/DSCN9825-768x1024.jpg 768w, https:\/\/foyer-laique-verfeil.fr\/wp-content\/uploads\/2023\/11\/DSCN9825-225x300.jpg 225w, https:\/\/foyer-laique-verfeil.fr\/wp-content\/uploads\/2023\/11\/DSCN9825-1152x1536.jpg 1152w, https:\/\/foyer-laique-verfeil.fr\/wp-content\/uploads\/2023\/11\/DSCN9825-1536x2048.jpg 1536w, https:\/\/foyer-laique-verfeil.fr\/wp-content\/uploads\/2023\/11\/DSCN9825-1140x1520.jpg 1140w, https:\/\/foyer-laique-verfeil.fr\/wp-content\/uploads\/2023\/11\/DSCN9825-scaled.jpg 1920w\" sizes=\"auto, (max-width: 768px) 100vw, 768px\" \/><\/figure>\n\n\n\n<figure class=\"wp-block-image size-large\"><img loading=\"lazy\" decoding=\"async\" width=\"768\" height=\"1024\" data-id=\"2773\" src=\"https:\/\/foyer-laique-verfeil.fr\/wp-content\/uploads\/2023\/11\/DSCN9824-768x1024.jpg\" alt=\"\" class=\"wp-image-2773\" srcset=\"https:\/\/foyer-laique-verfeil.fr\/wp-content\/uploads\/2023\/11\/DSCN9824-768x1024.jpg 768w, https:\/\/foyer-laique-verfeil.fr\/wp-content\/uploads\/2023\/11\/DSCN9824-225x300.jpg 225w, https:\/\/foyer-laique-verfeil.fr\/wp-content\/uploads\/2023\/11\/DSCN9824-1152x1536.jpg 1152w, https:\/\/foyer-laique-verfeil.fr\/wp-content\/uploads\/2023\/11\/DSCN9824-1536x2048.jpg 1536w, https:\/\/foyer-laique-verfeil.fr\/wp-content\/uploads\/2023\/11\/DSCN9824-1140x1520.jpg 1140w, https:\/\/foyer-laique-verfeil.fr\/wp-content\/uploads\/2023\/11\/DSCN9824-scaled.jpg 1920w\" sizes=\"auto, (max-width: 768px) 100vw, 768px\" \/><\/figure>\n\n\n\n<figure class=\"wp-block-image size-large\"><img loading=\"lazy\" decoding=\"async\" width=\"768\" height=\"1024\" data-id=\"2772\" src=\"https:\/\/foyer-laique-verfeil.fr\/wp-content\/uploads\/2023\/11\/DSCN9823-768x1024.jpg\" alt=\"\" class=\"wp-image-2772\" srcset=\"https:\/\/foyer-laique-verfeil.fr\/wp-content\/uploads\/2023\/11\/DSCN9823-768x1024.jpg 768w, https:\/\/foyer-laique-verfeil.fr\/wp-content\/uploads\/2023\/11\/DSCN9823-225x300.jpg 225w, https:\/\/foyer-laique-verfeil.fr\/wp-content\/uploads\/2023\/11\/DSCN9823-1152x1536.jpg 1152w, https:\/\/foyer-laique-verfeil.fr\/wp-content\/uploads\/2023\/11\/DSCN9823-1536x2048.jpg 1536w, https:\/\/foyer-laique-verfeil.fr\/wp-content\/uploads\/2023\/11\/DSCN9823-1140x1520.jpg 1140w, https:\/\/foyer-laique-verfeil.fr\/wp-content\/uploads\/2023\/11\/DSCN9823-scaled.jpg 1920w\" sizes=\"auto, (max-width: 768px) 100vw, 768px\" \/><\/figure>\n\n\n\n<figure class=\"wp-block-image size-large\"><a href=\"https:\/\/foyer-laique-verfeil.fr\/wp-content\/uploads\/2023\/12\/IMG_20231123_170529334.jpg\" data-lbwps-gid=\"16\" data-lbwps-width=\"517\" data-lbwps-height=\"1481\" data-lbwps-srcsmall=\"https:\/\/foyer-laique-verfeil.fr\/wp-content\/uploads\/2023\/12\/IMG_20231123_170529334-105x300.jpg\"><img loading=\"lazy\" decoding=\"async\" width=\"357\" height=\"1024\" data-id=\"2837\" src=\"https:\/\/foyer-laique-verfeil.fr\/wp-content\/uploads\/2023\/12\/IMG_20231123_170529334-357x1024.jpg\" alt=\"\" class=\"wp-image-2837\" srcset=\"https:\/\/foyer-laique-verfeil.fr\/wp-content\/uploads\/2023\/12\/IMG_20231123_170529334-357x1024.jpg 357w, https:\/\/foyer-laique-verfeil.fr\/wp-content\/uploads\/2023\/12\/IMG_20231123_170529334-105x300.jpg 105w, https:\/\/foyer-laique-verfeil.fr\/wp-content\/uploads\/2023\/12\/IMG_20231123_170529334.jpg 517w\" sizes=\"auto, (max-width: 357px) 100vw, 357px\" \/><\/a><\/figure>\n\n\n\n<figure class=\"wp-block-image size-large\"><a href=\"https:\/\/foyer-laique-verfeil.fr\/wp-content\/uploads\/2023\/12\/IMG_20231123_170459066.jpg\" data-lbwps-gid=\"16\" data-lbwps-width=\"573\" data-lbwps-height=\"1357\" data-lbwps-srcsmall=\"https:\/\/foyer-laique-verfeil.fr\/wp-content\/uploads\/2023\/12\/IMG_20231123_170459066-127x300.jpg\"><img loading=\"lazy\" decoding=\"async\" width=\"432\" height=\"1024\" data-id=\"2836\" src=\"https:\/\/foyer-laique-verfeil.fr\/wp-content\/uploads\/2023\/12\/IMG_20231123_170459066-432x1024.jpg\" alt=\"\" class=\"wp-image-2836\" srcset=\"https:\/\/foyer-laique-verfeil.fr\/wp-content\/uploads\/2023\/12\/IMG_20231123_170459066-432x1024.jpg 432w, https:\/\/foyer-laique-verfeil.fr\/wp-content\/uploads\/2023\/12\/IMG_20231123_170459066-127x300.jpg 127w, https:\/\/foyer-laique-verfeil.fr\/wp-content\/uploads\/2023\/12\/IMG_20231123_170459066.jpg 573w\" sizes=\"auto, (max-width: 432px) 100vw, 432px\" \/><\/a><\/figure>\n\n\n\n<figure class=\"wp-block-image size-large\"><a href=\"https:\/\/foyer-laique-verfeil.fr\/wp-content\/uploads\/2023\/12\/IMG_20231123_170055536.jpg\" data-lbwps-gid=\"16\" data-lbwps-width=\"489\" data-lbwps-height=\"1321\" data-lbwps-srcsmall=\"https:\/\/foyer-laique-verfeil.fr\/wp-content\/uploads\/2023\/12\/IMG_20231123_170055536-111x300.jpg\"><img loading=\"lazy\" decoding=\"async\" width=\"379\" height=\"1024\" data-id=\"2835\" src=\"https:\/\/foyer-laique-verfeil.fr\/wp-content\/uploads\/2023\/12\/IMG_20231123_170055536-379x1024.jpg\" alt=\"\" class=\"wp-image-2835\" srcset=\"https:\/\/foyer-laique-verfeil.fr\/wp-content\/uploads\/2023\/12\/IMG_20231123_170055536-379x1024.jpg 379w, https:\/\/foyer-laique-verfeil.fr\/wp-content\/uploads\/2023\/12\/IMG_20231123_170055536-111x300.jpg 111w, https:\/\/foyer-laique-verfeil.fr\/wp-content\/uploads\/2023\/12\/IMG_20231123_170055536.jpg 489w\" sizes=\"auto, (max-width: 379px) 100vw, 379px\" \/><\/a><\/figure>\n\n\n\n<figure class=\"wp-block-image size-large\"><a href=\"https:\/\/foyer-laique-verfeil.fr\/wp-content\/uploads\/2023\/12\/IMG_20231123_165926943.jpg\" data-lbwps-gid=\"16\" data-lbwps-width=\"1513\" data-lbwps-height=\"949\" data-lbwps-srcsmall=\"https:\/\/foyer-laique-verfeil.fr\/wp-content\/uploads\/2023\/12\/IMG_20231123_165926943-300x188.jpg\"><img loading=\"lazy\" decoding=\"async\" width=\"1024\" height=\"642\" data-id=\"2834\" src=\"https:\/\/foyer-laique-verfeil.fr\/wp-content\/uploads\/2023\/12\/IMG_20231123_165926943-1024x642.jpg\" alt=\"\" class=\"wp-image-2834\" srcset=\"https:\/\/foyer-laique-verfeil.fr\/wp-content\/uploads\/2023\/12\/IMG_20231123_165926943-1024x642.jpg 1024w, https:\/\/foyer-laique-verfeil.fr\/wp-content\/uploads\/2023\/12\/IMG_20231123_165926943-300x188.jpg 300w, https:\/\/foyer-laique-verfeil.fr\/wp-content\/uploads\/2023\/12\/IMG_20231123_165926943-768x482.jpg 768w, https:\/\/foyer-laique-verfeil.fr\/wp-content\/uploads\/2023\/12\/IMG_20231123_165926943-1140x715.jpg 1140w, https:\/\/foyer-laique-verfeil.fr\/wp-content\/uploads\/2023\/12\/IMG_20231123_165926943.jpg 1513w\" sizes=\"auto, (max-width: 1024px) 100vw, 1024px\" \/><\/a><\/figure>\n\n\n\n<figure class=\"wp-block-image size-large\"><a href=\"https:\/\/foyer-laique-verfeil.fr\/wp-content\/uploads\/2023\/12\/IMG_20231123_165912198.jpg\" data-lbwps-gid=\"16\" data-lbwps-width=\"1131\" data-lbwps-height=\"719\" data-lbwps-srcsmall=\"https:\/\/foyer-laique-verfeil.fr\/wp-content\/uploads\/2023\/12\/IMG_20231123_165912198-300x191.jpg\"><img loading=\"lazy\" decoding=\"async\" width=\"1024\" height=\"651\" data-id=\"2833\" src=\"https:\/\/foyer-laique-verfeil.fr\/wp-content\/uploads\/2023\/12\/IMG_20231123_165912198-1024x651.jpg\" alt=\"\" class=\"wp-image-2833\" srcset=\"https:\/\/foyer-laique-verfeil.fr\/wp-content\/uploads\/2023\/12\/IMG_20231123_165912198-1024x651.jpg 1024w, https:\/\/foyer-laique-verfeil.fr\/wp-content\/uploads\/2023\/12\/IMG_20231123_165912198-300x191.jpg 300w, https:\/\/foyer-laique-verfeil.fr\/wp-content\/uploads\/2023\/12\/IMG_20231123_165912198-768x488.jpg 768w, https:\/\/foyer-laique-verfeil.fr\/wp-content\/uploads\/2023\/12\/IMG_20231123_165912198.jpg 1131w\" sizes=\"auto, (max-width: 1024px) 100vw, 1024px\" \/><\/a><\/figure>\n\n\n\n<figure class=\"wp-block-image size-large\"><a href=\"https:\/\/foyer-laique-verfeil.fr\/wp-content\/uploads\/2023\/12\/DSCN9825.jpg\" data-lbwps-gid=\"16\" data-lbwps-width=\"2065\" data-lbwps-height=\"3017\" data-lbwps-srcsmall=\"https:\/\/foyer-laique-verfeil.fr\/wp-content\/uploads\/2023\/12\/DSCN9825-205x300.jpg\"><img loading=\"lazy\" decoding=\"async\" width=\"634\" height=\"1024\" data-id=\"2830\" src=\"https:\/\/foyer-laique-verfeil.fr\/wp-content\/uploads\/2023\/12\/DSCN9823-634x1024.jpg\" alt=\"\" class=\"wp-image-2830\" srcset=\"https:\/\/foyer-laique-verfeil.fr\/wp-content\/uploads\/2023\/12\/DSCN9823-634x1024.jpg 634w, https:\/\/foyer-laique-verfeil.fr\/wp-content\/uploads\/2023\/12\/DSCN9823-186x300.jpg 186w, https:\/\/foyer-laique-verfeil.fr\/wp-content\/uploads\/2023\/12\/DSCN9823-768x1241.jpg 768w, https:\/\/foyer-laique-verfeil.fr\/wp-content\/uploads\/2023\/12\/DSCN9823-950x1536.jpg 950w, https:\/\/foyer-laique-verfeil.fr\/wp-content\/uploads\/2023\/12\/DSCN9823-1267x2048.jpg 1267w, https:\/\/foyer-laique-verfeil.fr\/wp-content\/uploads\/2023\/12\/DSCN9823-1140x1842.jpg 1140w, https:\/\/foyer-laique-verfeil.fr\/wp-content\/uploads\/2023\/12\/DSCN9823-scaled.jpg 1584w\" sizes=\"auto, (max-width: 634px) 100vw, 634px\" \/><\/a><\/figure>\n\n\n\n<figure class=\"wp-block-image size-large\"><a href=\"https:\/\/foyer-laique-verfeil.fr\/wp-content\/uploads\/2023\/12\/7996738734039328175.jpg\" data-lbwps-gid=\"16\" data-lbwps-width=\"475\" data-lbwps-height=\"641\" data-lbwps-srcsmall=\"https:\/\/foyer-laique-verfeil.fr\/wp-content\/uploads\/2023\/12\/7996738734039328175-222x300.jpg\"><img loading=\"lazy\" decoding=\"async\" width=\"475\" height=\"641\" data-id=\"2829\" src=\"https:\/\/foyer-laique-verfeil.fr\/wp-content\/uploads\/2023\/12\/7996738734039328175.jpg\" alt=\"\" class=\"wp-image-2829\" srcset=\"https:\/\/foyer-laique-verfeil.fr\/wp-content\/uploads\/2023\/12\/7996738734039328175.jpg 475w, https:\/\/foyer-laique-verfeil.fr\/wp-content\/uploads\/2023\/12\/7996738734039328175-222x300.jpg 222w\" sizes=\"auto, (max-width: 475px) 100vw, 475px\" \/><\/a><\/figure>\n\n\n\n<figure class=\"wp-block-image size-large\"><a href=\"https:\/\/foyer-laique-verfeil.fr\/wp-content\/uploads\/2023\/12\/2967975528116405424.jpg\" data-lbwps-gid=\"16\" data-lbwps-width=\"768\" data-lbwps-height=\"1024\" data-lbwps-srcsmall=\"https:\/\/foyer-laique-verfeil.fr\/wp-content\/uploads\/2023\/12\/2967975528116405424-225x300.jpg\"><img loading=\"lazy\" decoding=\"async\" width=\"768\" height=\"1024\" data-id=\"2827\" src=\"https:\/\/foyer-laique-verfeil.fr\/wp-content\/uploads\/2023\/12\/2967975528116405424.jpg\" alt=\"\" class=\"wp-image-2827\" srcset=\"https:\/\/foyer-laique-verfeil.fr\/wp-content\/uploads\/2023\/12\/2967975528116405424.jpg 768w, https:\/\/foyer-laique-verfeil.fr\/wp-content\/uploads\/2023\/12\/2967975528116405424-225x300.jpg 225w\" sizes=\"auto, (max-width: 768px) 100vw, 768px\" \/><\/a><\/figure>\n\n\n\n<figure class=\"wp-block-image size-large\"><a href=\"https:\/\/foyer-laique-verfeil.fr\/wp-content\/uploads\/2023\/12\/3105960265823980368.jpg\" data-lbwps-gid=\"16\" data-lbwps-width=\"903\" data-lbwps-height=\"1599\" data-lbwps-srcsmall=\"https:\/\/foyer-laique-verfeil.fr\/wp-content\/uploads\/2023\/12\/3105960265823980368-169x300.jpg\"><img loading=\"lazy\" decoding=\"async\" width=\"578\" height=\"1024\" data-id=\"2828\" src=\"https:\/\/foyer-laique-verfeil.fr\/wp-content\/uploads\/2023\/12\/3105960265823980368-578x1024.jpg\" alt=\"\" class=\"wp-image-2828\" srcset=\"https:\/\/foyer-laique-verfeil.fr\/wp-content\/uploads\/2023\/12\/3105960265823980368-578x1024.jpg 578w, https:\/\/foyer-laique-verfeil.fr\/wp-content\/uploads\/2023\/12\/3105960265823980368-169x300.jpg 169w, https:\/\/foyer-laique-verfeil.fr\/wp-content\/uploads\/2023\/12\/3105960265823980368-768x1360.jpg 768w, https:\/\/foyer-laique-verfeil.fr\/wp-content\/uploads\/2023\/12\/3105960265823980368-867x1536.jpg 867w, https:\/\/foyer-laique-verfeil.fr\/wp-content\/uploads\/2023\/12\/3105960265823980368.jpg 903w\" sizes=\"auto, (max-width: 578px) 100vw, 578px\" \/><\/a><\/figure>\n<\/figure>\n\n\n\n<figure class=\"wp-block-image size-large\"><img loading=\"lazy\" decoding=\"async\" width=\"1024\" height=\"387\" src=\"https:\/\/foyer-laique-verfeil.fr\/wp-content\/uploads\/2023\/11\/IMG_20231019_170133030-1024x387.jpg\" alt=\"\" class=\"wp-image-2721\" srcset=\"https:\/\/foyer-laique-verfeil.fr\/wp-content\/uploads\/2023\/11\/IMG_20231019_170133030-1024x387.jpg 1024w, https:\/\/foyer-laique-verfeil.fr\/wp-content\/uploads\/2023\/11\/IMG_20231019_170133030-300x113.jpg 300w, https:\/\/foyer-laique-verfeil.fr\/wp-content\/uploads\/2023\/11\/IMG_20231019_170133030-768x290.jpg 768w, https:\/\/foyer-laique-verfeil.fr\/wp-content\/uploads\/2023\/11\/IMG_20231019_170133030-1140x431.jpg 1140w, https:\/\/foyer-laique-verfeil.fr\/wp-content\/uploads\/2023\/11\/IMG_20231019_170133030.jpg 1455w\" sizes=\"auto, (max-width: 1024px) 100vw, 1024px\" \/><\/figure>\n\n\n\n<h2 class=\"wp-block-heading\"><\/h2>\n\n\n\n<div style=\"height:45px\" aria-hidden=\"true\" class=\"wp-block-spacer\"><\/div>\n\n\n\n<div class=\"wp-block-columns is-layout-flex wp-container-core-columns-is-layout-9d6595d7 wp-block-columns-is-layout-flex\">\n<div class=\"wp-block-column is-layout-flow wp-block-column-is-layout-flow\" style=\"flex-basis:50%\">\n<p class=\"has-text-align-center\" style=\"font-size:30px\"><strong>La saison 2022 \/ 2023<\/strong><br><br><strong>s&rsquo;est termin\u00e9e avec de<\/strong><br><br><strong>magnifiques Kimonos<\/strong><br><br><strong>avec ou sans le pantalon.<\/strong><\/p>\n\n\n\n<p class=\"has-text-align-center has-large-font-size\"><em>Jugez vous-m\u00eame &#8230;<\/em><\/p>\n<\/div>\n\n\n\n<div class=\"wp-block-column is-layout-flow wp-block-column-is-layout-flow\" style=\"flex-basis:50%\">\n<figure class=\"wp-block-gallery has-nested-images columns-default is-cropped wp-block-gallery-16 is-layout-flex wp-block-gallery-is-layout-flex\">\n<figure class=\"wp-block-image size-large\"><a href=\"https:\/\/foyer-laique-verfeil.fr\/wp-content\/uploads\/2023\/11\/PANTALON-FIDES.jpg\" data-lbwps-gid=\"17\" data-lbwps-width=\"745\" data-lbwps-height=\"1053\" data-lbwps-srcsmall=\"https:\/\/foyer-laique-verfeil.fr\/wp-content\/uploads\/2023\/11\/PANTALON-FIDES-212x300.jpg\"><img loading=\"lazy\" decoding=\"async\" width=\"724\" height=\"1024\" data-id=\"2769\" src=\"https:\/\/foyer-laique-verfeil.fr\/wp-content\/uploads\/2023\/11\/PANTALON-FIDES-724x1024.jpg\" alt=\"\" class=\"wp-image-2769\" srcset=\"https:\/\/foyer-laique-verfeil.fr\/wp-content\/uploads\/2023\/11\/PANTALON-FIDES-724x1024.jpg 724w, https:\/\/foyer-laique-verfeil.fr\/wp-content\/uploads\/2023\/11\/PANTALON-FIDES-212x300.jpg 212w, https:\/\/foyer-laique-verfeil.fr\/wp-content\/uploads\/2023\/11\/PANTALON-FIDES.jpg 745w\" sizes=\"auto, (max-width: 724px) 100vw, 724px\" \/><\/a><\/figure>\n\n\n\n<figure class=\"wp-block-image size-large\"><a href=\"https:\/\/foyer-laique-verfeil.fr\/wp-content\/uploads\/2023\/11\/KIM-VERO.jpg\" data-lbwps-gid=\"17\" data-lbwps-width=\"713\" data-lbwps-height=\"1600\" data-lbwps-srcsmall=\"https:\/\/foyer-laique-verfeil.fr\/wp-content\/uploads\/2023\/11\/KIM-VERO-134x300.jpg\"><img loading=\"lazy\" decoding=\"async\" width=\"456\" height=\"1024\" data-id=\"2768\" src=\"https:\/\/foyer-laique-verfeil.fr\/wp-content\/uploads\/2023\/11\/KIM-VERO-456x1024.jpg\" alt=\"\" class=\"wp-image-2768\" srcset=\"https:\/\/foyer-laique-verfeil.fr\/wp-content\/uploads\/2023\/11\/KIM-VERO-456x1024.jpg 456w, https:\/\/foyer-laique-verfeil.fr\/wp-content\/uploads\/2023\/11\/KIM-VERO-134x300.jpg 134w, https:\/\/foyer-laique-verfeil.fr\/wp-content\/uploads\/2023\/11\/KIM-VERO-684x1536.jpg 684w, https:\/\/foyer-laique-verfeil.fr\/wp-content\/uploads\/2023\/11\/KIM-VERO.jpg 713w\" sizes=\"auto, (max-width: 456px) 100vw, 456px\" \/><\/a><\/figure>\n\n\n\n<figure class=\"wp-block-image size-large\"><a href=\"https:\/\/foyer-laique-verfeil.fr\/mde\/\" data-lbwps-gid=\"17\"><img loading=\"lazy\" decoding=\"async\" width=\"1024\" height=\"871\" data-id=\"2767\" src=\"https:\/\/foyer-laique-verfeil.fr\/wp-content\/uploads\/2023\/11\/KIM-CHANTAL-1024x871.jpg\" alt=\"\" class=\"wp-image-2767\" srcset=\"https:\/\/foyer-laique-verfeil.fr\/wp-content\/uploads\/2023\/11\/KIM-CHANTAL-1024x871.jpg 1024w, https:\/\/foyer-laique-verfeil.fr\/wp-content\/uploads\/2023\/11\/KIM-CHANTAL-300x255.jpg 300w, https:\/\/foyer-laique-verfeil.fr\/wp-content\/uploads\/2023\/11\/KIM-CHANTAL-768x653.jpg 768w, https:\/\/foyer-laique-verfeil.fr\/wp-content\/uploads\/2023\/11\/KIM-CHANTAL-1536x1306.jpg 1536w, https:\/\/foyer-laique-verfeil.fr\/wp-content\/uploads\/2023\/11\/KIM-CHANTAL-1140x969.jpg 1140w, https:\/\/foyer-laique-verfeil.fr\/wp-content\/uploads\/2023\/11\/KIM-CHANTAL.jpg 1909w\" sizes=\"auto, (max-width: 1024px) 100vw, 1024px\" \/><\/a><figcaption class=\"wp-element-caption\">mde<\/figcaption><\/figure>\n\n\n\n<figure class=\"wp-block-image size-large\"><a href=\"https:\/\/foyer-laique-verfeil.fr\/wp-content\/uploads\/2023\/11\/DSCN9811.jpg\" data-lbwps-gid=\"17\" data-lbwps-width=\"2448\" data-lbwps-height=\"3264\" data-lbwps-srcsmall=\"https:\/\/foyer-laique-verfeil.fr\/wp-content\/uploads\/2023\/11\/DSCN9811.jpg\"><img loading=\"lazy\" decoding=\"async\" width=\"768\" height=\"1024\" data-id=\"2766\" src=\"https:\/\/foyer-laique-verfeil.fr\/wp-content\/uploads\/2023\/11\/DSCN9811-768x1024.jpg\" alt=\"\" class=\"wp-image-2766\" srcset=\"https:\/\/foyer-laique-verfeil.fr\/wp-content\/uploads\/2023\/11\/DSCN9811-768x1024.jpg 768w, https:\/\/foyer-laique-verfeil.fr\/wp-content\/uploads\/2023\/11\/DSCN9811-225x300.jpg 225w, https:\/\/foyer-laique-verfeil.fr\/wp-content\/uploads\/2023\/11\/DSCN9811-1152x1536.jpg 1152w, https:\/\/foyer-laique-verfeil.fr\/wp-content\/uploads\/2023\/11\/DSCN9811-1536x2048.jpg 1536w, https:\/\/foyer-laique-verfeil.fr\/wp-content\/uploads\/2023\/11\/DSCN9811-1140x1520.jpg 1140w, https:\/\/foyer-laique-verfeil.fr\/wp-content\/uploads\/2023\/11\/DSCN9811-scaled.jpg 1920w\" sizes=\"auto, (max-width: 768px) 100vw, 768px\" \/><\/a><\/figure>\n\n\n\n<figure class=\"wp-block-image size-large\"><a href=\"https:\/\/foyer-laique-verfeil.fr\/wp-content\/uploads\/2023\/11\/DSCN9810.jpg\" data-lbwps-gid=\"17\" data-lbwps-width=\"2448\" data-lbwps-height=\"3264\" data-lbwps-srcsmall=\"https:\/\/foyer-laique-verfeil.fr\/wp-content\/uploads\/2023\/11\/DSCN9810.jpg\"><img loading=\"lazy\" decoding=\"async\" width=\"768\" height=\"1024\" data-id=\"2765\" src=\"https:\/\/foyer-laique-verfeil.fr\/wp-content\/uploads\/2023\/11\/DSCN9810-768x1024.jpg\" alt=\"\" class=\"wp-image-2765\" srcset=\"https:\/\/foyer-laique-verfeil.fr\/wp-content\/uploads\/2023\/11\/DSCN9810-768x1024.jpg 768w, https:\/\/foyer-laique-verfeil.fr\/wp-content\/uploads\/2023\/11\/DSCN9810-225x300.jpg 225w, https:\/\/foyer-laique-verfeil.fr\/wp-content\/uploads\/2023\/11\/DSCN9810-1152x1536.jpg 1152w, https:\/\/foyer-laique-verfeil.fr\/wp-content\/uploads\/2023\/11\/DSCN9810-1536x2048.jpg 1536w, https:\/\/foyer-laique-verfeil.fr\/wp-content\/uploads\/2023\/11\/DSCN9810-1140x1520.jpg 1140w, https:\/\/foyer-laique-verfeil.fr\/wp-content\/uploads\/2023\/11\/DSCN9810-scaled.jpg 1920w\" sizes=\"auto, (max-width: 768px) 100vw, 768px\" \/><\/a><\/figure>\n\n\n\n<figure class=\"wp-block-image size-large\"><a href=\"https:\/\/foyer-laique-verfeil.fr\/wp-content\/uploads\/2023\/11\/DSCN9809.jpg\" data-lbwps-gid=\"17\" data-lbwps-width=\"2448\" data-lbwps-height=\"3264\" data-lbwps-srcsmall=\"https:\/\/foyer-laique-verfeil.fr\/wp-content\/uploads\/2023\/11\/DSCN9809.jpg\"><img loading=\"lazy\" decoding=\"async\" width=\"768\" height=\"1024\" data-id=\"2764\" src=\"https:\/\/foyer-laique-verfeil.fr\/wp-content\/uploads\/2023\/11\/DSCN9809-768x1024.jpg\" alt=\"\" class=\"wp-image-2764\" srcset=\"https:\/\/foyer-laique-verfeil.fr\/wp-content\/uploads\/2023\/11\/DSCN9809-768x1024.jpg 768w, https:\/\/foyer-laique-verfeil.fr\/wp-content\/uploads\/2023\/11\/DSCN9809-225x300.jpg 225w, https:\/\/foyer-laique-verfeil.fr\/wp-content\/uploads\/2023\/11\/DSCN9809-1152x1536.jpg 1152w, https:\/\/foyer-laique-verfeil.fr\/wp-content\/uploads\/2023\/11\/DSCN9809-1536x2048.jpg 1536w, https:\/\/foyer-laique-verfeil.fr\/wp-content\/uploads\/2023\/11\/DSCN9809-1140x1520.jpg 1140w, https:\/\/foyer-laique-verfeil.fr\/wp-content\/uploads\/2023\/11\/DSCN9809-scaled.jpg 1920w\" sizes=\"auto, (max-width: 768px) 100vw, 768px\" \/><\/a><\/figure>\n\n\n\n<figure class=\"wp-block-image size-large\"><a href=\"https:\/\/foyer-laique-verfeil.fr\/wp-content\/uploads\/2023\/11\/ANONYME5.jpg\" data-lbwps-gid=\"17\" data-lbwps-width=\"385\" data-lbwps-height=\"390\" data-lbwps-srcsmall=\"https:\/\/foyer-laique-verfeil.fr\/wp-content\/uploads\/2023\/11\/ANONYME5-296x300.jpg\"><img loading=\"lazy\" decoding=\"async\" width=\"385\" height=\"390\" data-id=\"2762\" src=\"https:\/\/foyer-laique-verfeil.fr\/wp-content\/uploads\/2023\/11\/ANONYME5.jpg\" alt=\"\" class=\"wp-image-2762\" srcset=\"https:\/\/foyer-laique-verfeil.fr\/wp-content\/uploads\/2023\/11\/ANONYME5.jpg 385w, https:\/\/foyer-laique-verfeil.fr\/wp-content\/uploads\/2023\/11\/ANONYME5-296x300.jpg 296w, https:\/\/foyer-laique-verfeil.fr\/wp-content\/uploads\/2023\/11\/ANONYME5-75x75.jpg 75w\" sizes=\"auto, (max-width: 385px) 100vw, 385px\" \/><\/a><\/figure>\n\n\n\n<figure class=\"wp-block-image size-large\"><a href=\"https:\/\/foyer-laique-verfeil.fr\/wp-content\/uploads\/2023\/11\/ANONYME6.jpg\" data-lbwps-gid=\"17\" data-lbwps-width=\"300\" data-lbwps-height=\"487\" data-lbwps-srcsmall=\"https:\/\/foyer-laique-verfeil.fr\/wp-content\/uploads\/2023\/11\/ANONYME6-185x300.jpg\"><img loading=\"lazy\" decoding=\"async\" width=\"300\" height=\"487\" data-id=\"2763\" src=\"https:\/\/foyer-laique-verfeil.fr\/wp-content\/uploads\/2023\/11\/ANONYME6.jpg\" alt=\"\" class=\"wp-image-2763\" srcset=\"https:\/\/foyer-laique-verfeil.fr\/wp-content\/uploads\/2023\/11\/ANONYME6.jpg 300w, https:\/\/foyer-laique-verfeil.fr\/wp-content\/uploads\/2023\/11\/ANONYME6-185x300.jpg 185w\" sizes=\"auto, (max-width: 300px) 100vw, 300px\" \/><\/a><\/figure>\n\n\n\n<figure class=\"wp-block-image size-large\"><a href=\"https:\/\/foyer-laique-verfeil.fr\/wp-content\/uploads\/2023\/11\/ANONYME3.jpg\" data-lbwps-gid=\"17\" data-lbwps-width=\"339\" data-lbwps-height=\"507\" data-lbwps-srcsmall=\"https:\/\/foyer-laique-verfeil.fr\/wp-content\/uploads\/2023\/11\/ANONYME3-201x300.jpg\"><img loading=\"lazy\" decoding=\"async\" width=\"249\" height=\"370\" data-id=\"2761\" src=\"https:\/\/foyer-laique-verfeil.fr\/wp-content\/uploads\/2023\/11\/ANONYME4.jpg\" alt=\"\" class=\"wp-image-2761\" srcset=\"https:\/\/foyer-laique-verfeil.fr\/wp-content\/uploads\/2023\/11\/ANONYME4.jpg 249w, https:\/\/foyer-laique-verfeil.fr\/wp-content\/uploads\/2023\/11\/ANONYME4-202x300.jpg 202w\" sizes=\"auto, (max-width: 249px) 100vw, 249px\" \/><\/a><\/figure>\n\n\n\n<figure class=\"wp-block-image size-large\"><a href=\"https:\/\/foyer-laique-verfeil.fr\/wp-content\/uploads\/2023\/11\/ANONYME4.jpg\" data-lbwps-gid=\"17\" data-lbwps-width=\"249\" data-lbwps-height=\"370\" data-lbwps-srcsmall=\"https:\/\/foyer-laique-verfeil.fr\/wp-content\/uploads\/2023\/11\/ANONYME4-202x300.jpg\"><img loading=\"lazy\" decoding=\"async\" width=\"339\" height=\"507\" data-id=\"2760\" src=\"https:\/\/foyer-laique-verfeil.fr\/wp-content\/uploads\/2023\/11\/ANONYME3.jpg\" alt=\"\" class=\"wp-image-2760\" srcset=\"https:\/\/foyer-laique-verfeil.fr\/wp-content\/uploads\/2023\/11\/ANONYME3.jpg 339w, https:\/\/foyer-laique-verfeil.fr\/wp-content\/uploads\/2023\/11\/ANONYME3-201x300.jpg 201w\" sizes=\"auto, (max-width: 339px) 100vw, 339px\" \/><\/a><\/figure>\n\n\n\n<figure class=\"wp-block-image size-large\"><a href=\"https:\/\/foyer-laique-verfeil.fr\/wp-content\/uploads\/2023\/11\/ANONYME2.jpg\" data-lbwps-gid=\"17\" data-lbwps-width=\"363\" data-lbwps-height=\"514\" data-lbwps-srcsmall=\"https:\/\/foyer-laique-verfeil.fr\/wp-content\/uploads\/2023\/11\/ANONYME2-212x300.jpg\"><img loading=\"lazy\" decoding=\"async\" width=\"363\" height=\"514\" data-id=\"2759\" src=\"https:\/\/foyer-laique-verfeil.fr\/wp-content\/uploads\/2023\/11\/ANONYME2.jpg\" alt=\"\" class=\"wp-image-2759\" srcset=\"https:\/\/foyer-laique-verfeil.fr\/wp-content\/uploads\/2023\/11\/ANONYME2.jpg 363w, https:\/\/foyer-laique-verfeil.fr\/wp-content\/uploads\/2023\/11\/ANONYME2-212x300.jpg 212w\" sizes=\"auto, (max-width: 363px) 100vw, 363px\" \/><\/a><\/figure>\n\n\n\n<figure class=\"wp-block-image size-large\"><a href=\"https:\/\/foyer-laique-verfeil.fr\/wp-content\/uploads\/2023\/11\/ANONYME1.jpg\" data-lbwps-gid=\"17\" data-lbwps-width=\"276\" data-lbwps-height=\"529\" data-lbwps-srcsmall=\"https:\/\/foyer-laique-verfeil.fr\/wp-content\/uploads\/2023\/11\/ANONYME1-157x300.jpg\"><img loading=\"lazy\" decoding=\"async\" width=\"276\" height=\"529\" data-id=\"2758\" src=\"https:\/\/foyer-laique-verfeil.fr\/wp-content\/uploads\/2023\/11\/ANONYME1.jpg\" alt=\"\" class=\"wp-image-2758\" srcset=\"https:\/\/foyer-laique-verfeil.fr\/wp-content\/uploads\/2023\/11\/ANONYME1.jpg 276w, https:\/\/foyer-laique-verfeil.fr\/wp-content\/uploads\/2023\/11\/ANONYME1-157x300.jpg 157w\" sizes=\"auto, (max-width: 276px) 100vw, 276px\" \/><\/a><\/figure>\n<\/figure>\n<\/div>\n<\/div>\n\n\n\n<div style=\"height:100px\" aria-hidden=\"true\" class=\"wp-block-spacer\"><\/div>\n\n\n\n<hr class=\"wp-block-separator has-alpha-channel-opacity\"\/>\n\n\n\n<h2 class=\"wp-block-heading has-background\" style=\"background-color:#cffa8e8c\">C&rsquo;\u00e9tait la saison 2022 \/ 2023&#8230;<\/h2>\n\n\n\n<div class=\"wp-block-columns is-layout-flex wp-container-core-columns-is-layout-9d6595d7 wp-block-columns-is-layout-flex\">\n<div class=\"wp-block-column is-layout-flow wp-block-column-is-layout-flow\" style=\"font-size:18px;flex-basis:20%\">\n<h4 class=\"wp-block-heading has-text-align-center\">OUVRAGE en Mars pour pr\u00e9parer le printemps<\/h4>\n\n\n\n<p class=\"has-text-align-center\" style=\"font-size:16px\">Apr\u00e8s quantit\u00e9s de travaux \u00ab\u00a0utiles\u00a0\u00bb nous voici \u00e9quip\u00e9s et on entre maintenant dans le vif du sujet&#8230;<br><strong><em>VESTE KIMONO et PANTALON.<\/em><\/strong><br>Selon ses go\u00fbts, chacun choisira son ou ses tissus. Ensemble uni, assorti ou contrast\u00e9, les r\u00e9sultats resteront <strong><em>exclusifs<\/em><\/strong>.<br>Nous attendons les r\u00e9sultats avec impatience mais il faudra attendre un peu quand m\u00eame et nous serons pr\u00eats pour les beaux jours.<\/p>\n<\/div>\n\n\n\n<div class=\"wp-block-column is-layout-flow wp-block-column-is-layout-flow\" style=\"flex-basis:60%\">\n<p class=\"has-text-align-center has-black-color has-text-color has-background has-medium-font-size\" style=\"background-color:#f78da842\"><strong><em>Prochains rendez-vous <\/em><\/strong><br><strong><em>Jeudis <\/em><\/strong><br><strong><em>8 JUIN \u00e0 14H<\/em><\/strong> <br>(<strong><em>LE RDV DU 15 est ANNULE)<\/em><\/strong><\/p>\n\n\n\n<figure class=\"wp-block-gallery has-nested-images columns-2 is-cropped wp-block-gallery-17 is-layout-flex wp-block-gallery-is-layout-flex\">\n<figure class=\"wp-block-image size-large\"><img loading=\"lazy\" decoding=\"async\" width=\"768\" height=\"1024\" data-id=\"1920\" src=\"https:\/\/foyer-laique-verfeil.fr\/wp-content\/uploads\/2023\/03\/7659398163361645486-768x1024.jpg\" alt=\"\" class=\"wp-image-1920\" srcset=\"https:\/\/foyer-laique-verfeil.fr\/wp-content\/uploads\/2023\/03\/7659398163361645486-768x1024.jpg 768w, https:\/\/foyer-laique-verfeil.fr\/wp-content\/uploads\/2023\/03\/7659398163361645486-225x300.jpg 225w, https:\/\/foyer-laique-verfeil.fr\/wp-content\/uploads\/2023\/03\/7659398163361645486-1152x1536.jpg 1152w, https:\/\/foyer-laique-verfeil.fr\/wp-content\/uploads\/2023\/03\/7659398163361645486-1140x1520.jpg 1140w, https:\/\/foyer-laique-verfeil.fr\/wp-content\/uploads\/2023\/03\/7659398163361645486.jpg 1536w\" sizes=\"auto, (max-width: 768px) 100vw, 768px\" \/><\/figure>\n\n\n\n<figure class=\"wp-block-image size-large\"><img loading=\"lazy\" decoding=\"async\" width=\"768\" height=\"1024\" data-id=\"1919\" src=\"https:\/\/foyer-laique-verfeil.fr\/wp-content\/uploads\/2023\/03\/7428139653659842826-768x1024.jpg\" alt=\"\" class=\"wp-image-1919\" srcset=\"https:\/\/foyer-laique-verfeil.fr\/wp-content\/uploads\/2023\/03\/7428139653659842826-768x1024.jpg 768w, https:\/\/foyer-laique-verfeil.fr\/wp-content\/uploads\/2023\/03\/7428139653659842826-225x300.jpg 225w, https:\/\/foyer-laique-verfeil.fr\/wp-content\/uploads\/2023\/03\/7428139653659842826-1152x1536.jpg 1152w, https:\/\/foyer-laique-verfeil.fr\/wp-content\/uploads\/2023\/03\/7428139653659842826-1140x1520.jpg 1140w, https:\/\/foyer-laique-verfeil.fr\/wp-content\/uploads\/2023\/03\/7428139653659842826.jpg 1536w\" sizes=\"auto, (max-width: 768px) 100vw, 768px\" \/><\/figure>\n\n\n\n<figure class=\"wp-block-image size-large\"><img loading=\"lazy\" decoding=\"async\" width=\"1024\" height=\"768\" data-id=\"1918\" src=\"https:\/\/foyer-laique-verfeil.fr\/wp-content\/uploads\/2023\/03\/5729120442736412372-1-1024x768.jpg\" alt=\"\" class=\"wp-image-1918\" srcset=\"https:\/\/foyer-laique-verfeil.fr\/wp-content\/uploads\/2023\/03\/5729120442736412372-1-1024x768.jpg 1024w, https:\/\/foyer-laique-verfeil.fr\/wp-content\/uploads\/2023\/03\/5729120442736412372-1-300x225.jpg 300w, https:\/\/foyer-laique-verfeil.fr\/wp-content\/uploads\/2023\/03\/5729120442736412372-1-768x576.jpg 768w, https:\/\/foyer-laique-verfeil.fr\/wp-content\/uploads\/2023\/03\/5729120442736412372-1-1536x1152.jpg 1536w, https:\/\/foyer-laique-verfeil.fr\/wp-content\/uploads\/2023\/03\/5729120442736412372-1-1140x855.jpg 1140w, https:\/\/foyer-laique-verfeil.fr\/wp-content\/uploads\/2023\/03\/5729120442736412372-1.jpg 2048w\" sizes=\"auto, (max-width: 1024px) 100vw, 1024px\" \/><\/figure>\n\n\n\n<figure class=\"wp-block-image size-large\"><img loading=\"lazy\" decoding=\"async\" width=\"768\" height=\"1024\" data-id=\"1917\" src=\"https:\/\/foyer-laique-verfeil.fr\/wp-content\/uploads\/2023\/03\/5652969469018465307-768x1024.jpg\" alt=\"\" class=\"wp-image-1917\" srcset=\"https:\/\/foyer-laique-verfeil.fr\/wp-content\/uploads\/2023\/03\/5652969469018465307-768x1024.jpg 768w, https:\/\/foyer-laique-verfeil.fr\/wp-content\/uploads\/2023\/03\/5652969469018465307-225x300.jpg 225w, https:\/\/foyer-laique-verfeil.fr\/wp-content\/uploads\/2023\/03\/5652969469018465307-1152x1536.jpg 1152w, https:\/\/foyer-laique-verfeil.fr\/wp-content\/uploads\/2023\/03\/5652969469018465307-1140x1520.jpg 1140w, https:\/\/foyer-laique-verfeil.fr\/wp-content\/uploads\/2023\/03\/5652969469018465307.jpg 1536w\" sizes=\"auto, (max-width: 768px) 100vw, 768px\" \/><\/figure>\n<\/figure>\n\n\n\n<h3 class=\"wp-block-heading has-text-align-center\">L\u00e0 on est dans le s\u00e9rieux&#8230; \u00e7a bosse partout !<\/h3>\n<\/div>\n\n\n\n<div class=\"wp-block-column is-layout-flow wp-block-column-is-layout-flow\" style=\"flex-basis:20%\"><div class=\"wp-block-image\">\n<figure class=\"aligncenter size-large is-resized\"><a href=\"https:\/\/foyer-laique-verfeil.fr\/wp-content\/uploads\/2022\/10\/IMG_20220407_170509_resized_20220407_070113118.jpg\" data-lbwps-width=\"1152\" data-lbwps-height=\"864\" data-lbwps-srcsmall=\"https:\/\/foyer-laique-verfeil.fr\/wp-content\/uploads\/2022\/10\/IMG_20220407_170509_resized_20220407_070113118-300x225.jpg\"><img loading=\"lazy\" decoding=\"async\" width=\"1024\" height=\"768\" src=\"https:\/\/foyer-laique-verfeil.fr\/wp-content\/uploads\/2022\/10\/IMG_20220407_170509_resized_20220407_070113118-1024x768.jpg\" alt=\"\" class=\"wp-image-834\" style=\"width:156px;height:116px\" srcset=\"https:\/\/foyer-laique-verfeil.fr\/wp-content\/uploads\/2022\/10\/IMG_20220407_170509_resized_20220407_070113118-1024x768.jpg 1024w, https:\/\/foyer-laique-verfeil.fr\/wp-content\/uploads\/2022\/10\/IMG_20220407_170509_resized_20220407_070113118-300x225.jpg 300w, https:\/\/foyer-laique-verfeil.fr\/wp-content\/uploads\/2022\/10\/IMG_20220407_170509_resized_20220407_070113118-768x576.jpg 768w, https:\/\/foyer-laique-verfeil.fr\/wp-content\/uploads\/2022\/10\/IMG_20220407_170509_resized_20220407_070113118-1140x855.jpg 1140w, https:\/\/foyer-laique-verfeil.fr\/wp-content\/uploads\/2022\/10\/IMG_20220407_170509_resized_20220407_070113118.jpg 1152w\" sizes=\"auto, (max-width: 1024px) 100vw, 1024px\" \/><\/a><figcaption class=\"wp-element-caption\">Jolie petite manique pour ne plus se br\u00fbler les doigts. Printemps 2022<\/figcaption><\/figure>\n<\/div>\n\n\n<p class=\"has-text-align-center\"><strong><u>Contact infos et inscriptions<\/u><\/strong><\/p>\n\n\n\n<p class=\"has-text-align-center\"><strong><em>Martine S\u00c9BASTIEN<\/em><\/strong><\/p>\n\n\n\n<p class=\"has-text-align-center\"><strong><em>06 17 73 10 67<\/em><\/strong><\/p>\n<\/div>\n<\/div>\n\n\n\n<h2 class=\"wp-block-heading\">DIVERS SACS, TROUSSES, POCHETTES et autres&#8230;<\/h2>\n\n\n\n<p class=\"has-text-align-center has-medium-font-size\"><em>Un joli sac pani\u00e8re en alternative aux sacs plastiques.<\/em> 3 tailles au choix.<br>Bon, ce n&rsquo;est pas du \u00ab\u00a0tout cuit\u00a0\u00bb mais Nicole explique, <br>le groupe se soutient et on partage les acquis.<br>Chacun ach\u00e8te son tissu et sa mercerie pour cr\u00e9er <strong><em>SON SAC UNIQUE AU MONDE !<\/em><\/strong><br>Et dans la foul\u00e9e, pochettes, \u00e9tuis \u00e0 ce qu&rsquo;on veut, trousses de toutes tailles.<\/p>\n\n\n\n<h2 class=\"wp-block-heading\">QUELQUES OUVRAGES DE CETTE SAISON<\/h2>\n\n\n\n<figure class=\"wp-block-gallery has-nested-images columns-4 is-cropped wp-block-gallery-18 is-layout-flex wp-block-gallery-is-layout-flex\">\n<figure class=\"wp-block-image size-thumbnail\"><img loading=\"lazy\" decoding=\"async\" width=\"150\" height=\"150\" data-id=\"1858\" src=\"https:\/\/foyer-laique-verfeil.fr\/wp-content\/uploads\/2023\/02\/8042119334563872260-150x150.jpg\" alt=\"\" class=\"wp-image-1858\" srcset=\"https:\/\/foyer-laique-verfeil.fr\/wp-content\/uploads\/2023\/02\/8042119334563872260-150x150.jpg 150w, https:\/\/foyer-laique-verfeil.fr\/wp-content\/uploads\/2023\/02\/8042119334563872260-300x300.jpg 300w, https:\/\/foyer-laique-verfeil.fr\/wp-content\/uploads\/2023\/02\/8042119334563872260-75x75.jpg 75w\" sizes=\"auto, (max-width: 150px) 100vw, 150px\" \/><\/figure>\n\n\n\n<figure class=\"wp-block-image size-thumbnail\"><img loading=\"lazy\" decoding=\"async\" width=\"150\" height=\"150\" data-id=\"1857\" src=\"https:\/\/foyer-laique-verfeil.fr\/wp-content\/uploads\/2023\/02\/6705125919582027343-150x150.jpg\" alt=\"\" class=\"wp-image-1857\" srcset=\"https:\/\/foyer-laique-verfeil.fr\/wp-content\/uploads\/2023\/02\/6705125919582027343-150x150.jpg 150w, https:\/\/foyer-laique-verfeil.fr\/wp-content\/uploads\/2023\/02\/6705125919582027343-300x300.jpg 300w, https:\/\/foyer-laique-verfeil.fr\/wp-content\/uploads\/2023\/02\/6705125919582027343-75x75.jpg 75w\" sizes=\"auto, (max-width: 150px) 100vw, 150px\" \/><\/figure>\n\n\n\n<figure class=\"wp-block-image size-thumbnail\"><img loading=\"lazy\" decoding=\"async\" width=\"150\" height=\"150\" data-id=\"1856\" src=\"https:\/\/foyer-laique-verfeil.fr\/wp-content\/uploads\/2023\/02\/6519078093355902409-150x150.jpg\" alt=\"\" class=\"wp-image-1856\" srcset=\"https:\/\/foyer-laique-verfeil.fr\/wp-content\/uploads\/2023\/02\/6519078093355902409-150x150.jpg 150w, https:\/\/foyer-laique-verfeil.fr\/wp-content\/uploads\/2023\/02\/6519078093355902409-300x300.jpg 300w, https:\/\/foyer-laique-verfeil.fr\/wp-content\/uploads\/2023\/02\/6519078093355902409-75x75.jpg 75w\" sizes=\"auto, (max-width: 150px) 100vw, 150px\" \/><\/figure>\n\n\n\n<figure class=\"wp-block-image size-thumbnail\"><img loading=\"lazy\" decoding=\"async\" width=\"150\" height=\"150\" data-id=\"1855\" src=\"https:\/\/foyer-laique-verfeil.fr\/wp-content\/uploads\/2023\/02\/5188974677001396656-150x150.jpg\" alt=\"\" class=\"wp-image-1855\" srcset=\"https:\/\/foyer-laique-verfeil.fr\/wp-content\/uploads\/2023\/02\/5188974677001396656-150x150.jpg 150w, https:\/\/foyer-laique-verfeil.fr\/wp-content\/uploads\/2023\/02\/5188974677001396656-300x300.jpg 300w, https:\/\/foyer-laique-verfeil.fr\/wp-content\/uploads\/2023\/02\/5188974677001396656-75x75.jpg 75w\" sizes=\"auto, (max-width: 150px) 100vw, 150px\" \/><\/figure>\n\n\n\n<figure class=\"wp-block-image size-thumbnail\"><img loading=\"lazy\" decoding=\"async\" width=\"150\" height=\"150\" data-id=\"1854\" src=\"https:\/\/foyer-laique-verfeil.fr\/wp-content\/uploads\/2023\/02\/4852739237806445677-150x150.jpg\" alt=\"\" class=\"wp-image-1854\" srcset=\"https:\/\/foyer-laique-verfeil.fr\/wp-content\/uploads\/2023\/02\/4852739237806445677-150x150.jpg 150w, https:\/\/foyer-laique-verfeil.fr\/wp-content\/uploads\/2023\/02\/4852739237806445677-300x300.jpg 300w, https:\/\/foyer-laique-verfeil.fr\/wp-content\/uploads\/2023\/02\/4852739237806445677-75x75.jpg 75w\" sizes=\"auto, (max-width: 150px) 100vw, 150px\" \/><\/figure>\n\n\n\n<figure class=\"wp-block-image size-thumbnail\"><img loading=\"lazy\" decoding=\"async\" width=\"150\" height=\"150\" data-id=\"1853\" src=\"https:\/\/foyer-laique-verfeil.fr\/wp-content\/uploads\/2023\/02\/4772151978344628089-150x150.jpg\" alt=\"\" class=\"wp-image-1853\" srcset=\"https:\/\/foyer-laique-verfeil.fr\/wp-content\/uploads\/2023\/02\/4772151978344628089-150x150.jpg 150w, https:\/\/foyer-laique-verfeil.fr\/wp-content\/uploads\/2023\/02\/4772151978344628089-300x300.jpg 300w, https:\/\/foyer-laique-verfeil.fr\/wp-content\/uploads\/2023\/02\/4772151978344628089-75x75.jpg 75w\" sizes=\"auto, (max-width: 150px) 100vw, 150px\" \/><\/figure>\n\n\n\n<figure class=\"wp-block-image size-thumbnail\"><img loading=\"lazy\" decoding=\"async\" width=\"150\" height=\"150\" data-id=\"1852\" src=\"https:\/\/foyer-laique-verfeil.fr\/wp-content\/uploads\/2023\/02\/4266758709053056570-150x150.jpg\" alt=\"\" class=\"wp-image-1852\" srcset=\"https:\/\/foyer-laique-verfeil.fr\/wp-content\/uploads\/2023\/02\/4266758709053056570-150x150.jpg 150w, https:\/\/foyer-laique-verfeil.fr\/wp-content\/uploads\/2023\/02\/4266758709053056570-300x300.jpg 300w, https:\/\/foyer-laique-verfeil.fr\/wp-content\/uploads\/2023\/02\/4266758709053056570-75x75.jpg 75w\" sizes=\"auto, (max-width: 150px) 100vw, 150px\" \/><\/figure>\n\n\n\n<figure class=\"wp-block-image size-thumbnail\"><img loading=\"lazy\" decoding=\"async\" width=\"150\" height=\"150\" data-id=\"1851\" src=\"https:\/\/foyer-laique-verfeil.fr\/wp-content\/uploads\/2023\/02\/4040723107962324365-150x150.jpg\" alt=\"\" class=\"wp-image-1851\" srcset=\"https:\/\/foyer-laique-verfeil.fr\/wp-content\/uploads\/2023\/02\/4040723107962324365-150x150.jpg 150w, https:\/\/foyer-laique-verfeil.fr\/wp-content\/uploads\/2023\/02\/4040723107962324365-300x300.jpg 300w, https:\/\/foyer-laique-verfeil.fr\/wp-content\/uploads\/2023\/02\/4040723107962324365-75x75.jpg 75w\" sizes=\"auto, (max-width: 150px) 100vw, 150px\" \/><\/figure>\n\n\n\n<figure class=\"wp-block-image size-thumbnail\"><img loading=\"lazy\" decoding=\"async\" width=\"150\" height=\"150\" data-id=\"1850\" src=\"https:\/\/foyer-laique-verfeil.fr\/wp-content\/uploads\/2023\/02\/3746922046643375217-150x150.jpg\" alt=\"\" class=\"wp-image-1850\" srcset=\"https:\/\/foyer-laique-verfeil.fr\/wp-content\/uploads\/2023\/02\/3746922046643375217-150x150.jpg 150w, https:\/\/foyer-laique-verfeil.fr\/wp-content\/uploads\/2023\/02\/3746922046643375217-300x300.jpg 300w, https:\/\/foyer-laique-verfeil.fr\/wp-content\/uploads\/2023\/02\/3746922046643375217-75x75.jpg 75w\" sizes=\"auto, (max-width: 150px) 100vw, 150px\" \/><\/figure>\n\n\n\n<figure class=\"wp-block-image size-thumbnail\"><img loading=\"lazy\" decoding=\"async\" width=\"150\" height=\"150\" data-id=\"1849\" src=\"https:\/\/foyer-laique-verfeil.fr\/wp-content\/uploads\/2023\/02\/3640174328009992382-150x150.jpg\" alt=\"\" class=\"wp-image-1849\" srcset=\"https:\/\/foyer-laique-verfeil.fr\/wp-content\/uploads\/2023\/02\/3640174328009992382-150x150.jpg 150w, https:\/\/foyer-laique-verfeil.fr\/wp-content\/uploads\/2023\/02\/3640174328009992382-300x300.jpg 300w, https:\/\/foyer-laique-verfeil.fr\/wp-content\/uploads\/2023\/02\/3640174328009992382-75x75.jpg 75w\" sizes=\"auto, (max-width: 150px) 100vw, 150px\" \/><\/figure>\n\n\n\n<figure class=\"wp-block-image size-thumbnail\"><img loading=\"lazy\" decoding=\"async\" width=\"150\" height=\"150\" data-id=\"1848\" src=\"https:\/\/foyer-laique-verfeil.fr\/wp-content\/uploads\/2023\/02\/3150711488677908620-150x150.jpg\" alt=\"\" class=\"wp-image-1848\" srcset=\"https:\/\/foyer-laique-verfeil.fr\/wp-content\/uploads\/2023\/02\/3150711488677908620-150x150.jpg 150w, https:\/\/foyer-laique-verfeil.fr\/wp-content\/uploads\/2023\/02\/3150711488677908620-300x300.jpg 300w, https:\/\/foyer-laique-verfeil.fr\/wp-content\/uploads\/2023\/02\/3150711488677908620-75x75.jpg 75w\" sizes=\"auto, (max-width: 150px) 100vw, 150px\" \/><\/figure>\n\n\n\n<figure class=\"wp-block-image size-thumbnail\"><img loading=\"lazy\" decoding=\"async\" width=\"150\" height=\"150\" data-id=\"1847\" src=\"https:\/\/foyer-laique-verfeil.fr\/wp-content\/uploads\/2023\/02\/2492162056358496128-150x150.jpg\" alt=\"\" class=\"wp-image-1847\" srcset=\"https:\/\/foyer-laique-verfeil.fr\/wp-content\/uploads\/2023\/02\/2492162056358496128-150x150.jpg 150w, https:\/\/foyer-laique-verfeil.fr\/wp-content\/uploads\/2023\/02\/2492162056358496128-300x300.jpg 300w, https:\/\/foyer-laique-verfeil.fr\/wp-content\/uploads\/2023\/02\/2492162056358496128-75x75.jpg 75w\" sizes=\"auto, (max-width: 150px) 100vw, 150px\" \/><\/figure>\n\n\n\n<figure class=\"wp-block-image size-thumbnail\"><img loading=\"lazy\" decoding=\"async\" width=\"150\" height=\"150\" data-id=\"1846\" src=\"https:\/\/foyer-laique-verfeil.fr\/wp-content\/uploads\/2023\/02\/2407716251305223780-150x150.jpg\" alt=\"\" class=\"wp-image-1846\" srcset=\"https:\/\/foyer-laique-verfeil.fr\/wp-content\/uploads\/2023\/02\/2407716251305223780-150x150.jpg 150w, https:\/\/foyer-laique-verfeil.fr\/wp-content\/uploads\/2023\/02\/2407716251305223780-300x300.jpg 300w, https:\/\/foyer-laique-verfeil.fr\/wp-content\/uploads\/2023\/02\/2407716251305223780-75x75.jpg 75w\" sizes=\"auto, (max-width: 150px) 100vw, 150px\" \/><\/figure>\n\n\n\n<figure class=\"wp-block-image size-thumbnail\"><img loading=\"lazy\" decoding=\"async\" width=\"150\" height=\"150\" data-id=\"1845\" src=\"https:\/\/foyer-laique-verfeil.fr\/wp-content\/uploads\/2023\/02\/2186071745208538550-150x150.jpg\" alt=\"\" class=\"wp-image-1845\" srcset=\"https:\/\/foyer-laique-verfeil.fr\/wp-content\/uploads\/2023\/02\/2186071745208538550-150x150.jpg 150w, https:\/\/foyer-laique-verfeil.fr\/wp-content\/uploads\/2023\/02\/2186071745208538550-300x300.jpg 300w, https:\/\/foyer-laique-verfeil.fr\/wp-content\/uploads\/2023\/02\/2186071745208538550-75x75.jpg 75w\" sizes=\"auto, (max-width: 150px) 100vw, 150px\" \/><\/figure>\n\n\n\n<figure class=\"wp-block-image size-thumbnail\"><img loading=\"lazy\" decoding=\"async\" width=\"150\" height=\"150\" data-id=\"1844\" src=\"https:\/\/foyer-laique-verfeil.fr\/wp-content\/uploads\/2023\/02\/1781763233027205700-150x150.jpg\" alt=\"\" class=\"wp-image-1844\" srcset=\"https:\/\/foyer-laique-verfeil.fr\/wp-content\/uploads\/2023\/02\/1781763233027205700-150x150.jpg 150w, https:\/\/foyer-laique-verfeil.fr\/wp-content\/uploads\/2023\/02\/1781763233027205700-300x300.jpg 300w, https:\/\/foyer-laique-verfeil.fr\/wp-content\/uploads\/2023\/02\/1781763233027205700-75x75.jpg 75w\" sizes=\"auto, (max-width: 150px) 100vw, 150px\" \/><\/figure>\n\n\n\n<figure class=\"wp-block-image size-thumbnail\"><img loading=\"lazy\" decoding=\"async\" width=\"150\" height=\"150\" data-id=\"1843\" src=\"https:\/\/foyer-laique-verfeil.fr\/wp-content\/uploads\/2023\/02\/1457721764238065160-150x150.jpg\" alt=\"\" class=\"wp-image-1843\" srcset=\"https:\/\/foyer-laique-verfeil.fr\/wp-content\/uploads\/2023\/02\/1457721764238065160-150x150.jpg 150w, https:\/\/foyer-laique-verfeil.fr\/wp-content\/uploads\/2023\/02\/1457721764238065160-300x300.jpg 300w, https:\/\/foyer-laique-verfeil.fr\/wp-content\/uploads\/2023\/02\/1457721764238065160-75x75.jpg 75w\" sizes=\"auto, (max-width: 150px) 100vw, 150px\" \/><\/figure>\n\n\n\n<figure class=\"wp-block-image size-medium\"><img loading=\"lazy\" decoding=\"async\" width=\"300\" height=\"151\" data-id=\"1872\" src=\"https:\/\/foyer-laique-verfeil.fr\/wp-content\/uploads\/2023\/02\/IMG_20230216_162639343-300x151.jpg\" alt=\"\" class=\"wp-image-1872\" srcset=\"https:\/\/foyer-laique-verfeil.fr\/wp-content\/uploads\/2023\/02\/IMG_20230216_162639343-300x151.jpg 300w, https:\/\/foyer-laique-verfeil.fr\/wp-content\/uploads\/2023\/02\/IMG_20230216_162639343-768x386.jpg 768w, https:\/\/foyer-laique-verfeil.fr\/wp-content\/uploads\/2023\/02\/IMG_20230216_162639343.jpg 988w\" sizes=\"auto, (max-width: 300px) 100vw, 300px\" \/><\/figure>\n\n\n\n<figure class=\"wp-block-image size-thumbnail\"><img loading=\"lazy\" decoding=\"async\" width=\"150\" height=\"150\" data-id=\"1871\" src=\"https:\/\/foyer-laique-verfeil.fr\/wp-content\/uploads\/2023\/02\/IMG_20230216_161337479-150x150.jpg\" alt=\"\" class=\"wp-image-1871\" srcset=\"https:\/\/foyer-laique-verfeil.fr\/wp-content\/uploads\/2023\/02\/IMG_20230216_161337479-150x150.jpg 150w, https:\/\/foyer-laique-verfeil.fr\/wp-content\/uploads\/2023\/02\/IMG_20230216_161337479-300x300.jpg 300w, https:\/\/foyer-laique-verfeil.fr\/wp-content\/uploads\/2023\/02\/IMG_20230216_161337479-75x75.jpg 75w\" sizes=\"auto, (max-width: 150px) 100vw, 150px\" \/><\/figure>\n\n\n\n<figure class=\"wp-block-image size-thumbnail\"><img loading=\"lazy\" decoding=\"async\" width=\"150\" height=\"150\" data-id=\"1870\" src=\"https:\/\/foyer-laique-verfeil.fr\/wp-content\/uploads\/2023\/02\/IMG_20230216_155326081-150x150.jpg\" alt=\"\" class=\"wp-image-1870\" srcset=\"https:\/\/foyer-laique-verfeil.fr\/wp-content\/uploads\/2023\/02\/IMG_20230216_155326081-150x150.jpg 150w, https:\/\/foyer-laique-verfeil.fr\/wp-content\/uploads\/2023\/02\/IMG_20230216_155326081-300x300.jpg 300w, https:\/\/foyer-laique-verfeil.fr\/wp-content\/uploads\/2023\/02\/IMG_20230216_155326081-75x75.jpg 75w\" sizes=\"auto, (max-width: 150px) 100vw, 150px\" \/><\/figure>\n\n\n\n<figure class=\"wp-block-image size-thumbnail\"><img loading=\"lazy\" decoding=\"async\" width=\"150\" height=\"150\" data-id=\"1869\" src=\"https:\/\/foyer-laique-verfeil.fr\/wp-content\/uploads\/2023\/02\/IMG_20230216_163919845-150x150.jpg\" alt=\"\" class=\"wp-image-1869\" srcset=\"https:\/\/foyer-laique-verfeil.fr\/wp-content\/uploads\/2023\/02\/IMG_20230216_163919845-150x150.jpg 150w, https:\/\/foyer-laique-verfeil.fr\/wp-content\/uploads\/2023\/02\/IMG_20230216_163919845-300x300.jpg 300w, https:\/\/foyer-laique-verfeil.fr\/wp-content\/uploads\/2023\/02\/IMG_20230216_163919845-75x75.jpg 75w\" sizes=\"auto, (max-width: 150px) 100vw, 150px\" \/><\/figure>\n\n\n\n<figure class=\"wp-block-image size-thumbnail\"><img loading=\"lazy\" decoding=\"async\" width=\"150\" height=\"150\" data-id=\"2254\" src=\"https:\/\/foyer-laique-verfeil.fr\/wp-content\/uploads\/2023\/07\/IMG_20230531_074522_resized_20230705_025207060-150x150.jpg\" alt=\"\" class=\"wp-image-2254\" srcset=\"https:\/\/foyer-laique-verfeil.fr\/wp-content\/uploads\/2023\/07\/IMG_20230531_074522_resized_20230705_025207060-150x150.jpg 150w, https:\/\/foyer-laique-verfeil.fr\/wp-content\/uploads\/2023\/07\/IMG_20230531_074522_resized_20230705_025207060-300x300.jpg 300w, https:\/\/foyer-laique-verfeil.fr\/wp-content\/uploads\/2023\/07\/IMG_20230531_074522_resized_20230705_025207060-75x75.jpg 75w\" sizes=\"auto, (max-width: 150px) 100vw, 150px\" \/><\/figure>\n\n\n\n<figure class=\"wp-block-image size-thumbnail\"><img loading=\"lazy\" decoding=\"async\" width=\"150\" height=\"150\" data-id=\"2253\" src=\"https:\/\/foyer-laique-verfeil.fr\/wp-content\/uploads\/2023\/07\/IMG_20230526_093017_resized_20230705_025206718-150x150.jpg\" alt=\"\" class=\"wp-image-2253\" srcset=\"https:\/\/foyer-laique-verfeil.fr\/wp-content\/uploads\/2023\/07\/IMG_20230526_093017_resized_20230705_025206718-150x150.jpg 150w, https:\/\/foyer-laique-verfeil.fr\/wp-content\/uploads\/2023\/07\/IMG_20230526_093017_resized_20230705_025206718-300x300.jpg 300w, https:\/\/foyer-laique-verfeil.fr\/wp-content\/uploads\/2023\/07\/IMG_20230526_093017_resized_20230705_025206718-75x75.jpg 75w\" sizes=\"auto, (max-width: 150px) 100vw, 150px\" \/><\/figure>\n<\/figure>\n\n\n\n<div class=\"wp-block-columns is-layout-flex wp-container-core-columns-is-layout-9d6595d7 wp-block-columns-is-layout-flex\">\n<div class=\"wp-block-column is-layout-flow wp-block-column-is-layout-flow\">\n<p class=\"has-medium-font-size\">La saison derni\u00e8re cette activit\u00e9 a \u00e9t\u00e9 propos\u00e9e temporairement.<br>Essai transform\u00e9 avec une participation cons\u00e9quente et assidue.<br>Cette ann\u00e9e nous p\u00e9rennisons cet atelier, <br><strong>tous les 15 jours,<\/strong> hors vacances scolaires.<\/p>\n\n\n\n<figure class=\"wp-block-image size-large\"><a href=\"https:\/\/foyer-laique-verfeil.fr\/wp-content\/uploads\/2022\/10\/2022-04-08-12.19.39-2.jpg\" data-lbwps-width=\"4608\" data-lbwps-height=\"3456\" data-lbwps-srcsmall=\"https:\/\/foyer-laique-verfeil.fr\/wp-content\/uploads\/2022\/10\/2022-04-08-12.19.39-2-300x225.jpg\"><img loading=\"lazy\" decoding=\"async\" width=\"1024\" height=\"768\" src=\"https:\/\/foyer-laique-verfeil.fr\/wp-content\/uploads\/2022\/10\/2022-04-08-12.19.39-2-1024x768.jpg\" alt=\"\" class=\"wp-image-422\" srcset=\"https:\/\/foyer-laique-verfeil.fr\/wp-content\/uploads\/2022\/10\/2022-04-08-12.19.39-2-1024x768.jpg 1024w, https:\/\/foyer-laique-verfeil.fr\/wp-content\/uploads\/2022\/10\/2022-04-08-12.19.39-2-300x225.jpg 300w, https:\/\/foyer-laique-verfeil.fr\/wp-content\/uploads\/2022\/10\/2022-04-08-12.19.39-2-768x576.jpg 768w, https:\/\/foyer-laique-verfeil.fr\/wp-content\/uploads\/2022\/10\/2022-04-08-12.19.39-2-1536x1152.jpg 1536w, https:\/\/foyer-laique-verfeil.fr\/wp-content\/uploads\/2022\/10\/2022-04-08-12.19.39-2-2048x1536.jpg 2048w, https:\/\/foyer-laique-verfeil.fr\/wp-content\/uploads\/2022\/10\/2022-04-08-12.19.39-2-1140x855.jpg 1140w\" sizes=\"auto, (max-width: 1024px) 100vw, 1024px\" \/><\/a><figcaption class=\"wp-element-caption\">Sac \u00e0 tarte 2022<\/figcaption><\/figure>\n<\/div>\n\n\n\n<div class=\"wp-block-column is-layout-flow wp-block-column-is-layout-flow\" style=\"flex-basis:20%\">\n<p class=\"has-text-align-center\"><\/p>\n\n\n\n<figure class=\"wp-block-image size-large\"><a href=\"https:\/\/foyer-laique-verfeil.fr\/wp-content\/uploads\/2022\/10\/IMG_20220407_154337_resized_20220407_070113440.jpg\" data-lbwps-width=\"864\" data-lbwps-height=\"1152\" data-lbwps-srcsmall=\"https:\/\/foyer-laique-verfeil.fr\/wp-content\/uploads\/2022\/10\/IMG_20220407_154337_resized_20220407_070113440-225x300.jpg\"><img loading=\"lazy\" decoding=\"async\" width=\"768\" height=\"1024\" src=\"https:\/\/foyer-laique-verfeil.fr\/wp-content\/uploads\/2022\/10\/IMG_20220407_154337_resized_20220407_070113440-768x1024.jpg\" alt=\"\" class=\"wp-image-400\" srcset=\"https:\/\/foyer-laique-verfeil.fr\/wp-content\/uploads\/2022\/10\/IMG_20220407_154337_resized_20220407_070113440-768x1024.jpg 768w, https:\/\/foyer-laique-verfeil.fr\/wp-content\/uploads\/2022\/10\/IMG_20220407_154337_resized_20220407_070113440-225x300.jpg 225w, https:\/\/foyer-laique-verfeil.fr\/wp-content\/uploads\/2022\/10\/IMG_20220407_154337_resized_20220407_070113440.jpg 864w\" sizes=\"auto, (max-width: 768px) 100vw, 768px\" \/><\/a><\/figure>\n\n\n\n<p class=\"has-text-align-center has-background\" style=\"background-color:#fcb9002e\"><strong><em>RYTHME <\/em><\/strong><br><strong><em>DES COURS<\/em><\/strong><br>Le Jeudi <br>Tous les 15 jours<br>\u00e0 14H<br>Salle du Foyer<\/p>\n<\/div>\n<\/div>\n\n\n\n<p><\/p>\n","protected":false},"excerpt":{"rendered":"<p>Agenda Couture Infos Activit\u00e9 RDV : 1 jeudi sur 2de 14H \u00e0 17Hhors vacances scolairesSalle du Foyer Contact :Martine S\u00c9BASTIEN06 17 73 10 67 R\u00e9serv\u00e9 aux adh\u00e9rents (effectif limit\u00e9) PROCHAINSRENDEZ-VOUSJeudi 11 Septembre Comment venir au foyer ? Carnaval pour finir l&rsquo;hiver et toujours une bonne ambiance !Nous cherchons encore un(e) intervenant(e) pour la saison prochaine.Venez \u00e0 la rencontre du groupe pour vous convaincre de p\u00e9renniser cet atelier. Des paquets cadeaux, des centres de tables, une veste pour l&rsquo;hiveret un acompte de douceurs partag\u00e9 pour finir 2025 Plus que 2 s\u00e9ances pour les d\u00e9cos de No\u00ebl, \u00e7a bosse ! C&rsquo;est reparti &#8230;.. Les cousettes du Foyer La\u00efque se remettent au travail avec \u00e9nergie pourcette derni\u00e8re saison avec Nicole comme chef d&rsquo;orchestre.Cet atelier ne sera au programme la saison prochaineque si nous trouvons un(e) autre intervenant(e)&#8230; Les candidatures sont attendues avec impatience !!! C&rsquo;\u00e9tait LA SAISON 2024 \/ 2025 Le printemps nous met des fourmis dans les aiguilles&#8230; Notre petit groupe s&rsquo;en donne \u00e0 c\u0153ur joie. Si Nicole sugg\u00e8re toujours un ouvrage collectif, les cousettes se laissent aller \u00e0 des travaux plus individuels ou personnels.Admirez la petite veste de berger d&rsquo;Andr\u00e9e, les paniers-cocottes de P\u00e2ques pour les chasseurs d\u2019\u0153ufs en chocolat, des sacs divers et vari\u00e9s, vestes ou pantalons en tous genres&#8230; Et toujours pour bien d\u00e9marrer, un petit caf\u00e9 ou un th\u00e9, et &#8230; quelques douceurs&#8230; L&rsquo;atelier couture engage sa 3\u00e8me saison avec un effectif d\u00e9pass\u00e9 et une \u00ab\u00a0liste d&rsquo;attente\u00a0\u00bb assujettie au d\u00e9part des adh\u00e9rents des saisons pr\u00e9c\u00e9dentes.Si le FOYER est ouvert \u00e0 la cr\u00e9ation d&rsquo;un second cr\u00e9neau, maisNicole n&rsquo;\u00e9tant pas en mesure de l&rsquo;assurer, nous sommes \u00e0 la recherche d&rsquo;un(e) intervenant(e) susceptible d&rsquo;encadrer cette activit\u00e9.Vos offres de services, conditions et motivations sont \u00e0 adresser ICI Janvier 2025 On s&rsquo;est r\u00e9gal\u00e9es en 2024 et nous avons bien l&rsquo;intention d&rsquo;en faire autant en 2025&#8230; \u00c7a y est, tout est pr\u00eat et pour f\u00eater \u00e7a une super b\u00fbche concoct\u00e9e par Bernadette et une surprise pour Nicole.. Quand les \u00ab&nbsp;petites mains&nbsp;\u00bb pr\u00e9parent No\u00ebl on ne sait plus o\u00f9 donner de la t\u00eate.C\u2019est chacune pour soi et Nicole\u2026 pour toutes&nbsp;!!!Un petit en-cas avant de commencer, il leur faut bien un peu d\u2019\u00e9nergie.Des sets de table, une tenue pour les f\u00eates, des petits cadeaux pour les filles ou les copines\u2026Un joli brouhaha pour une p\u00e9riode sans th\u00e8me impos\u00e9\u2026 Et voil\u00e0, nos cousettes ont repris leur machine, leurs ciseaux et toutes sortes de tissus&#8230; L&rsquo;effectif est au maximum et il faudrait pousser les murs. Mais un second cr\u00e9neau pourrait s&rsquo;ouvrir si un(e) intervenant(e) nous contacte&#8230; Des couleurs partout pour les SACS ARLEQUINS On trie les tissus, on coupe, on assemble, on se trompe, on recommence&#8230; Mais on y arrive !!!Et ils sont r\u00e9versibles&#8230; C&rsquo;\u00e9tait LA SAISON 2023 \/ 2024 16 Mai&#8230; bien peu nombreuses. Alors quartier libre !A chacune son ouvrage personnel. Les \u00ab\u00a0Petites Mains\u00a0\u00bb font et ont LA BANANE&#8230; Si \u00e7a commence tranquillement avec les oreillettes de Nicole et un petit caf\u00e9, on est l\u00e0 pour bosser et ce n&rsquo;est pas toujours simple&#8230; 2 premi\u00e8res mais d&rsquo;autres \u00e0 venir&#8230;. Le cours du 25 Janvier, un cours pas comme les autres&#8230;. Si Nicole a mis la barre \u00ab\u00a0un peu haut\u00a0\u00bb (c&rsquo;est rien de le dire) avec la confection d&rsquo;un sac banane, nous avons fait une pause dans notre mise en route.Trop contentes de ses conseils, de sa bonne humeur et de son d\u00e9vouement, nous voulions le lui montrer.Profitant de la p\u00e9riode de son anniversaire et en grand secret nous lui pr\u00e9parons un cadeau et un g\u00e2teau de remerciement.Michel, venu faire une r\u00e9vision de machine, l&rsquo;occupe pendant la mise en place du caf\u00e9 un peu sp\u00e9cial.Voici quelques clich\u00e9s souvenir&#8230; QUAND LES \u00ab\u00a0PETITES MAINS\u00a0\u00bb D\u00c9CORENT HALLOWEEN &#8211; NO\u00cbL &#8211; CADEAUX&#8230; ET SE COUVRENT POUR L&rsquo;HIVER La saison 2022 \/ 2023 s&rsquo;est termin\u00e9e avec de magnifiques Kimonos avec ou sans le pantalon. Jugez vous-m\u00eame &#8230; C&rsquo;\u00e9tait la saison 2022 \/ 2023&#8230; OUVRAGE en Mars pour pr\u00e9parer le printemps Apr\u00e8s quantit\u00e9s de travaux \u00ab\u00a0utiles\u00a0\u00bb nous voici \u00e9quip\u00e9s et on entre maintenant dans le vif du sujet&#8230;VESTE KIMONO et PANTALON.Selon ses go\u00fbts, chacun choisira son ou ses tissus. Ensemble uni, assorti ou contrast\u00e9, les r\u00e9sultats resteront exclusifs.Nous attendons les r\u00e9sultats avec impatience mais il faudra attendre un peu quand m\u00eame et nous serons pr\u00eats pour les beaux jours. Prochains rendez-vous Jeudis 8 JUIN \u00e0 14H (LE RDV DU 15 est ANNULE) L\u00e0 on est dans le s\u00e9rieux&#8230; \u00e7a bosse partout ! Contact infos et inscriptions Martine S\u00c9BASTIEN 06 17 73 10 67 DIVERS SACS, TROUSSES, POCHETTES et autres&#8230; Un joli sac pani\u00e8re en alternative aux sacs plastiques. 3 tailles au choix.Bon, ce n&rsquo;est pas du \u00ab\u00a0tout cuit\u00a0\u00bb mais Nicole explique, le groupe se soutient et on partage les acquis.Chacun ach\u00e8te son tissu et sa mercerie pour cr\u00e9er SON SAC UNIQUE AU MONDE !Et dans la foul\u00e9e, pochettes, \u00e9tuis \u00e0 ce qu&rsquo;on veut, trousses de toutes tailles. QUELQUES OUVRAGES DE CETTE SAISON La saison derni\u00e8re cette activit\u00e9 a \u00e9t\u00e9 propos\u00e9e temporairement.Essai transform\u00e9 avec une participation cons\u00e9quente et assidue.Cette ann\u00e9e nous p\u00e9rennisons cet atelier, tous les 15 jours, hors vacances scolaires. RYTHME DES COURSLe Jeudi Tous les 15 jours\u00e0 14HSalle du Foyer<\/p>\n","protected":false},"author":1,"featured_media":0,"parent":0,"menu_order":0,"comment_status":"closed","ping_status":"closed","template":"","meta":{"footnotes":""},"class_list":["post-88","page","type-page","status-publish","hentry"],"_links":{"self":[{"href":"https:\/\/foyer-laique-verfeil.fr\/index.php\/wp-json\/wp\/v2\/pages\/88","targetHints":{"allow":["GET"]}}],"collection":[{"href":"https:\/\/foyer-laique-verfeil.fr\/index.php\/wp-json\/wp\/v2\/pages"}],"about":[{"href":"https:\/\/foyer-laique-verfeil.fr\/index.php\/wp-json\/wp\/v2\/types\/page"}],"author":[{"embeddable":true,"href":"https:\/\/foyer-laique-verfeil.fr\/index.php\/wp-json\/wp\/v2\/users\/1"}],"replies":[{"embeddable":true,"href":"https:\/\/foyer-laique-verfeil.fr\/index.php\/wp-json\/wp\/v2\/comments?post=88"}],"version-history":[{"count":184,"href":"https:\/\/foyer-laique-verfeil.fr\/index.php\/wp-json\/wp\/v2\/pages\/88\/revisions"}],"predecessor-version":[{"id":40259,"href":"https:\/\/foyer-laique-verfeil.fr\/index.php\/wp-json\/wp\/v2\/pages\/88\/revisions\/40259"}],"wp:attachment":[{"href":"https:\/\/foyer-laique-verfeil.fr\/index.php\/wp-json\/wp\/v2\/media?parent=88"}],"curies":[{"name":"wp","href":"https:\/\/api.w.org\/{rel}","templated":true}]}}