{"id":10,"date":"2022-10-01T14:15:07","date_gmt":"2022-10-01T12:15:07","guid":{"rendered":"http:\/\/foyer.test\/?page_id=5"},"modified":"2026-03-23T13:04:42","modified_gmt":"2026-03-23T12:04:42","slug":"accueil","status":"publish","type":"page","link":"https:\/\/foyer-laique-verfeil.fr\/","title":{"rendered":"Accueil"},"content":{"rendered":"\n<div class=\"wp-block-columns is-layout-flex wp-container-core-columns-is-layout-9d6595d7 wp-block-columns-is-layout-flex\">\n<div class=\"wp-block-column is-layout-flow wp-block-column-is-layout-flow\" style=\"flex-basis:8%\">\n<figure class=\"wp-block-image size-full is-resized\"><img loading=\"lazy\" decoding=\"async\" width=\"406\" height=\"482\" src=\"https:\/\/foyer-laique-verfeil.fr\/wp-content\/uploads\/2022\/10\/feuille-figuier-1.jpg\" alt=\"\" class=\"wp-image-357\" style=\"width:109px;height:129px\" srcset=\"https:\/\/foyer-laique-verfeil.fr\/wp-content\/uploads\/2022\/10\/feuille-figuier-1.jpg 406w, https:\/\/foyer-laique-verfeil.fr\/wp-content\/uploads\/2022\/10\/feuille-figuier-1-253x300.jpg 253w\" sizes=\"auto, (max-width: 406px) 100vw, 406px\" \/><\/figure>\n<\/div>\n\n\n\n<div class=\"wp-block-column is-layout-flow wp-block-column-is-layout-flow\" style=\"flex-basis:92%\">\n<p class=\"has-text-align-center\" style=\"font-size:34px\"><em><strong>Bienvenue sur le site du Foyer La\u00efque de Verfei<\/strong><\/em><strong><em>l !<\/em><\/strong><\/p>\n<\/div>\n<\/div>\n\n\n\n<h2 class=\"wp-block-heading has-text-align-center has-background\" style=\"background-color:#05f5cd3d\"><strong><em>Les inscriptions au RALLYE sont OUVERTES<\/em><\/strong><\/h2>\n\n\n\n<div class=\"wp-block-columns is-layout-flex wp-container-core-columns-is-layout-9d6595d7 wp-block-columns-is-layout-flex\">\n<div class=\"wp-block-column is-layout-flow wp-block-column-is-layout-flow\" style=\"flex-basis:66.66%\">\n<figure class=\"wp-block-image size-large\"><a href=\"https:\/\/foyer-laique-verfeil.fr\/wp-content\/uploads\/2026\/03\/2026-INSCRIPTION-RALLYE-1XA5.jpg\" data-lbwps-width=\"1754\" data-lbwps-height=\"1240\" data-lbwps-srcsmall=\"https:\/\/foyer-laique-verfeil.fr\/wp-content\/uploads\/2026\/03\/2026-INSCRIPTION-RALLYE-1XA5-300x212.jpg\"><img loading=\"lazy\" decoding=\"async\" width=\"1024\" height=\"724\" src=\"https:\/\/foyer-laique-verfeil.fr\/wp-content\/uploads\/2026\/03\/2026-INSCRIPTION-RALLYE-1XA5-1024x724.jpg\" alt=\"\" class=\"wp-image-40232\" style=\"aspect-ratio:1.414347671011013\" srcset=\"https:\/\/foyer-laique-verfeil.fr\/wp-content\/uploads\/2026\/03\/2026-INSCRIPTION-RALLYE-1XA5-1024x724.jpg 1024w, https:\/\/foyer-laique-verfeil.fr\/wp-content\/uploads\/2026\/03\/2026-INSCRIPTION-RALLYE-1XA5-300x212.jpg 300w, https:\/\/foyer-laique-verfeil.fr\/wp-content\/uploads\/2026\/03\/2026-INSCRIPTION-RALLYE-1XA5-768x543.jpg 768w, https:\/\/foyer-laique-verfeil.fr\/wp-content\/uploads\/2026\/03\/2026-INSCRIPTION-RALLYE-1XA5-1536x1086.jpg 1536w, https:\/\/foyer-laique-verfeil.fr\/wp-content\/uploads\/2026\/03\/2026-INSCRIPTION-RALLYE-1XA5-1140x806.jpg 1140w, https:\/\/foyer-laique-verfeil.fr\/wp-content\/uploads\/2026\/03\/2026-INSCRIPTION-RALLYE-1XA5.jpg 1754w\" sizes=\"auto, (max-width: 1024px) 100vw, 1024px\" \/><\/a><\/figure>\n\n\n\n<p><em><strong>Cliquer sur l&rsquo;image pour l&rsquo;agrandir<\/strong><\/em><\/p>\n<\/div>\n\n\n\n<div class=\"wp-block-column is-layout-flow wp-block-column-is-layout-flow\" style=\"flex-basis:25%\">\n<h3 class=\"wp-block-heading has-text-align-center\"><span style=\"text-decoration: underline;\">Dernier d\u00e9lai<\/span> pour vous inscrire :<br>le <span style=\"text-decoration: underline;\">12 AVRIL 2026<\/span><\/h3>\n\n\n\n<h5 class=\"wp-block-heading\">T\u00e9l\u00e9charger le bulletin d&rsquo;inscription (<strong><em>sous le fichier)<\/em><\/strong><br>\u00e0 joindre \u00e0 votre r\u00e8glement.<br>Les r\u00e9servations seront prises dans l&rsquo;ordre de leur arriv\u00e9e <br>(70 personnes maximum).<\/h5>\n\n\n\n<div data-wp-interactive=\"core\/file\" class=\"wp-block-file\"><object data-wp-bind--hidden=\"!state.hasPdfPreview\" hidden class=\"wp-block-file__embed\" data=\"https:\/\/foyer-laique-verfeil.fr\/wp-content\/uploads\/2026\/03\/2026-INSCRIPTION-RALLYE-1XA5.pdf\" type=\"application\/pdf\" style=\"width:100%;height:280px\" aria-label=\"Contenu embarqu\u00e9 2026 INSCRIPTION RALLYE 1XA5.\"><\/object><a id=\"wp-block-file--media-acd2834b-0a66-4505-8d75-c78c425388ac\" href=\"https:\/\/foyer-laique-verfeil.fr\/2026-inscription-rallye-1xa5-2\/\">2026 INSCRIPTION RALLYE 1XA5<\/a><a href=\"https:\/\/foyer-laique-verfeil.fr\/wp-content\/uploads\/2026\/03\/2026-INSCRIPTION-RALLYE-1XA5.pdf\" class=\"wp-block-file__button wp-element-button\" download aria-describedby=\"wp-block-file--media-acd2834b-0a66-4505-8d75-c78c425388ac\">T\u00e9l\u00e9charger<\/a><\/div>\n<\/div>\n<\/div>\n\n\n\n<h2 class=\"wp-block-heading has-text-align-center has-background\" style=\"background-color:#f0fc7c6e\">NOTRE GRAND LOTO ANNUEL DIMANCHE 8 F\u00c9VRIER <br>14H Salle d&rsquo;En SOLOMIAC<\/h2>\n\n\n<div class=\"wp-block-image\">\n<figure class=\"aligncenter size-full\"><a href=\"https:\/\/foyer-laique-verfeil.fr\/wp-content\/uploads\/2026\/02\/LOTO-2026.jpg\" data-lbwps-width=\"612\" data-lbwps-height=\"835\" data-lbwps-srcsmall=\"https:\/\/foyer-laique-verfeil.fr\/wp-content\/uploads\/2026\/02\/LOTO-2026-220x300.jpg\"><img loading=\"lazy\" decoding=\"async\" width=\"612\" height=\"835\" src=\"https:\/\/foyer-laique-verfeil.fr\/wp-content\/uploads\/2026\/02\/LOTO-2026.jpg\" alt=\"\" class=\"wp-image-40137\" srcset=\"https:\/\/foyer-laique-verfeil.fr\/wp-content\/uploads\/2026\/02\/LOTO-2026.jpg 612w, https:\/\/foyer-laique-verfeil.fr\/wp-content\/uploads\/2026\/02\/LOTO-2026-220x300.jpg 220w\" sizes=\"auto, (max-width: 612px) 100vw, 612px\" \/><\/a><\/figure>\n<\/div>\n\n\n<div class=\"wp-block-columns is-layout-flex wp-container-core-columns-is-layout-9d6595d7 wp-block-columns-is-layout-flex\">\n<div class=\"wp-block-column is-vertically-aligned-top is-layout-flow wp-block-column-is-layout-flow\">\n<p class=\"has-pale-ocean-gradient-background has-background\">La plupart des <strong>photos <\/strong>peuvent \u00eatre \u00ab&nbsp;<strong>zoom\u00e9es&nbsp;<\/strong>\u00bb par simple clic. En suivant les fl\u00e8ches, s\u2019affichent toutes les photos de la page.<\/p>\n<\/div>\n\n\n\n<div class=\"wp-block-column is-layout-flow wp-block-column-is-layout-flow\">\n<p class=\"has-background\" style=\"background-color:#f5f5c9cc\">Un lien de \u00ab&nbsp;<strong>contact&nbsp;<\/strong>\u00bb pour toute question, demande d\u2019info ou simplement pour nous donner votre avis.<\/p>\n<\/div>\n\n\n\n<div class=\"wp-block-column is-layout-flow wp-block-column-is-layout-flow\">\n<p class=\"has-pale-ocean-gradient-background has-background\">Un <strong>conseil <\/strong>: visionner le site en <strong>plein \u00e9cran <\/strong>pour que la mise en page soit respect\u00e9e et la lecture facilit\u00e9e.<\/p>\n<\/div>\n\n\n\n<div class=\"wp-block-column is-layout-flow wp-block-column-is-layout-flow\">\n<p class=\"has-background\" style=\"background-color:#fceb5133\">Le <strong>calendrier <\/strong>propre \u00e0 l&rsquo;activit\u00e9 affiche dans sa page.<br>L&rsquo;agenda dans la page d&rsquo;accueil regroupe tous les ateliers.<\/p>\n<\/div>\n<\/div>\n\n\n\n<hr class=\"wp-block-separator has-alpha-channel-opacity\"\/>\n\n\n\n<h2 class=\"wp-block-heading has-text-align-center has-text-color has-background has-link-color wp-elements-ef6ae453d9f3c76e94988dddf88dbaed\" style=\"color:#b72828;background-color:#affc8d5c\"><strong><em>CI-DESSOUS LE PROGRAMME DES ACTIVIT\u00c9S 2025 \/ 2026<\/em><\/strong><\/h2>\n\n\n\n<figure class=\"wp-block-image size-large\"><img loading=\"lazy\" decoding=\"async\" width=\"1024\" height=\"724\" src=\"https:\/\/foyer-laique-verfeil.fr\/wp-content\/uploads\/2025\/08\/DEPLIANT-P1-FOYER-2025-2026-1024x724.jpg\" alt=\"\" class=\"wp-image-39695\" srcset=\"https:\/\/foyer-laique-verfeil.fr\/wp-content\/uploads\/2025\/08\/DEPLIANT-P1-FOYER-2025-2026-1024x724.jpg 1024w, https:\/\/foyer-laique-verfeil.fr\/wp-content\/uploads\/2025\/08\/DEPLIANT-P1-FOYER-2025-2026-300x212.jpg 300w, https:\/\/foyer-laique-verfeil.fr\/wp-content\/uploads\/2025\/08\/DEPLIANT-P1-FOYER-2025-2026-768x543.jpg 768w, https:\/\/foyer-laique-verfeil.fr\/wp-content\/uploads\/2025\/08\/DEPLIANT-P1-FOYER-2025-2026-1536x1086.jpg 1536w, https:\/\/foyer-laique-verfeil.fr\/wp-content\/uploads\/2025\/08\/DEPLIANT-P1-FOYER-2025-2026-1140x806.jpg 1140w, https:\/\/foyer-laique-verfeil.fr\/wp-content\/uploads\/2025\/08\/DEPLIANT-P1-FOYER-2025-2026.jpg 1754w\" sizes=\"auto, (max-width: 1024px) 100vw, 1024px\" \/><\/figure>\n\n\n\n<figure class=\"wp-block-image size-large\"><img loading=\"lazy\" decoding=\"async\" width=\"1024\" height=\"724\" src=\"https:\/\/foyer-laique-verfeil.fr\/wp-content\/uploads\/2025\/08\/DEPLIANT-P2-FOYER-2025-2026-1024x724.jpg\" alt=\"\" class=\"wp-image-39696\" srcset=\"https:\/\/foyer-laique-verfeil.fr\/wp-content\/uploads\/2025\/08\/DEPLIANT-P2-FOYER-2025-2026-1024x724.jpg 1024w, https:\/\/foyer-laique-verfeil.fr\/wp-content\/uploads\/2025\/08\/DEPLIANT-P2-FOYER-2025-2026-300x212.jpg 300w, https:\/\/foyer-laique-verfeil.fr\/wp-content\/uploads\/2025\/08\/DEPLIANT-P2-FOYER-2025-2026-768x543.jpg 768w, https:\/\/foyer-laique-verfeil.fr\/wp-content\/uploads\/2025\/08\/DEPLIANT-P2-FOYER-2025-2026-1536x1086.jpg 1536w, https:\/\/foyer-laique-verfeil.fr\/wp-content\/uploads\/2025\/08\/DEPLIANT-P2-FOYER-2025-2026-1140x806.jpg 1140w, https:\/\/foyer-laique-verfeil.fr\/wp-content\/uploads\/2025\/08\/DEPLIANT-P2-FOYER-2025-2026.jpg 1754w\" sizes=\"auto, (max-width: 1024px) 100vw, 1024px\" \/><\/figure>\n\n\n\n<div class=\"wp-block-columns is-layout-flex wp-container-core-columns-is-layout-9d6595d7 wp-block-columns-is-layout-flex\">\n<div class=\"wp-block-column is-layout-flow wp-block-column-is-layout-flow\">\n<h4 class=\"wp-block-heading has-text-align-center\">Renouvellement d&rsquo;adh\u00e9sion<\/h4>\n\n\n\n<p>Si vous \u00e9tiez adh\u00e9rent la saison derni\u00e8re 2024\/25 Nous pouvons vous adresser votre fiche d&rsquo;inscription pr\u00e9-remplie sur simple demande. <a href=\"https:\/\/foyer-laique-verfeil.fr\/index.php\/contact\/\">CONTACT<\/a><\/p>\n\n\n\n<h4 class=\"wp-block-heading has-text-align-center\">Fiche d&rsquo;inscription nouvel adh\u00e9rent<\/h4>\n\n\n\n<div class=\"wp-block-file\"><a id=\"wp-block-file--media-d27453e9-953e-4b40-b6af-f1c8ff96d275\" href=\"https:\/\/foyer-laique-verfeil.fr\/wp-content\/uploads\/2025\/08\/fiche-adh-A5-VIERGE-R-V-2025-26.docx\">fiche adh A5 VIERGE R-V 2025-26<\/a><a href=\"https:\/\/foyer-laique-verfeil.fr\/wp-content\/uploads\/2025\/08\/fiche-adh-A5-VIERGE-R-V-2025-26.docx\" class=\"wp-block-file__button wp-element-button\" download aria-describedby=\"wp-block-file--media-d27453e9-953e-4b40-b6af-f1c8ff96d275\">T\u00e9l\u00e9charger<\/a><\/div>\n<\/div>\n<\/div>\n\n\n<div class=\"wp-block-image\">\n<figure class=\"aligncenter size-full\"><img loading=\"lazy\" decoding=\"async\" width=\"684\" height=\"577\" src=\"https:\/\/foyer-laique-verfeil.fr\/wp-content\/uploads\/2025\/06\/Appel-benevoles.jpg\" alt=\"\" class=\"wp-image-39564\" srcset=\"https:\/\/foyer-laique-verfeil.fr\/wp-content\/uploads\/2025\/06\/Appel-benevoles.jpg 684w, https:\/\/foyer-laique-verfeil.fr\/wp-content\/uploads\/2025\/06\/Appel-benevoles-300x253.jpg 300w\" sizes=\"auto, (max-width: 684px) 100vw, 684px\" \/><\/figure>\n<\/div>\n\n\n<div class=\"wp-block-columns is-layout-flex wp-container-core-columns-is-layout-9d6595d7 wp-block-columns-is-layout-flex\">\n<div class=\"wp-block-column is-layout-flow wp-block-column-is-layout-flow\" style=\"flex-basis:33.33%\">\n<h2 class=\"wp-block-heading\">Agenda du Foyer<\/h2>\n\n\n\n<p class=\"has-text-align-center has-background\" style=\"background:linear-gradient(186deg,rgb(255,245,203) 0%,rgb(182,227,212) 50%,rgb(51,167,181) 100%)\">Cet Agenda regroupe <strong>toutes <\/strong>les <br>activit\u00e9s du Foyer. <br><br>Chaque <em>rubrique <\/em>a son <strong><em>propre agenda<\/em><\/strong> dans \u00ab\u00a0sa\u00a0\u00bb <strong><em>page<\/em><\/strong>.<br><br>Pour plus de clart\u00e9, <strong><em>cliquer sur l&rsquo;onglet<\/em><\/strong> \u00ab\u00a0<em>SEMAINE<\/em>\u00a0\u00bb ou \u00ab\u00a0<em>PLANNING<\/em>\u00a0\u00bb <br>(en haut \u00e0 droite).<\/p>\n<\/div>\n\n\n\n<div class=\"wp-block-column is-layout-flow wp-block-column-is-layout-flow\" style=\"flex-basis:75%\">\n<iframe loading=\"lazy\" src=\"https:\/\/calendar.google.com\/calendar\/embed?src=verfeil.foyer%40gmail.com&amp;ctz=Europe%2FParis\" style=\"border: 0\" scrolling=\"no\" width=\"800\" height=\"600\" frameborder=\"0\"><\/iframe>\n<\/div>\n<\/div>\n\n\n\n<div class=\"wp-block-columns is-layout-flex wp-container-core-columns-is-layout-9d6595d7 wp-block-columns-is-layout-flex\">\n<div class=\"wp-block-column is-layout-flow wp-block-column-is-layout-flow\">\n<p class=\"has-text-align-center has-vivid-red-color has-text-color\" style=\"font-size:26px\"><strong><em>Vous pouvez faire un cours d&rsquo;essai dans toutes les activit\u00e9s<\/em><\/strong><\/p>\n\n\n\n<p class=\"has-text-align-center has-vivid-red-color has-pale-ocean-gradient-background has-text-color has-background\" style=\"font-size:24px\"><strong><em>L&rsquo;<strong><em>inscription aux ateliers<\/em><\/strong> implique votre adh\u00e9sion au Foyer La\u00efque  <br>Elle est annuelle, personnelle et valable<\/em><\/strong> <strong><em>jusqu&rsquo;en septembre.<br>Les activit\u00e9s anim\u00e9es par des b\u00e9n\u00e9voles sont accessibles gratuitement (Biblioth\u00e8que et Jeux, Couture&#8230;),  ou avec une faible participation (Danse, Gourmands&#8230;). <\/em><\/strong><\/p>\n\n\n\n<p>I<\/p>\n\n\n\n<h2 class=\"wp-block-heading\">Comment venir au foyer ?<\/h2>\n\n\n\n<iframe src=\"https:\/\/www.google.com\/maps\/embed?pb=!1m18!1m12!1m3!1d2886.4609011493276!2d1.6619259154979529!3d43.65938337912113!2m3!1f0!2f0!3f0!3m2!1i1024!2i768!4f13.1!3m3!1m2!1s0xb73404760218077%3A0xed2cdbc176974289!2sFOYER%20LAIQUE!5e0!3m2!1sfr!2sfr!4v1664627997095!5m2!1sfr!2sfr\" style=\"border:0;\" allowfullscreen=\"\" loading=\"lazy\" referrerpolicy=\"no-referrer-when-downgrade\" width=\"600\" height=\"450\"><\/iframe>\n\n\n\n<div style=\"height:147px\" aria-hidden=\"true\" class=\"wp-block-spacer\"><\/div>\n<\/div>\n<\/div>\n\n\n\n<h2 class=\"wp-block-heading has-text-align-center has-text-color has-background has-link-color wp-elements-84fd77ac21ff0a895fc29603ce3ac556\" style=\"color:#05079f;background-color:#f5db9a91\">ASSEMBL\u00c9E G\u00c9N\u00c9RALE<br>SAMEDI 30 AO\u00dbT 2025 15H.<\/h2>\n\n\n\n<h2 class=\"wp-block-heading has-text-align-center has-text-color has-background has-link-color wp-elements-2bd201681298abc1b184f5eb8d8a5492\" style=\"color:#a80505;background:linear-gradient(135deg,rgb(213,246,161) 0%,rgba(171,237,180,0.57) 100%)\">LE PROGRAMME 2024 \/ 2025<\/h2>\n\n\n\n<h4 class=\"wp-block-heading has-text-align-center\">Ces informations sont toujours susceptibles d&rsquo;\u00e9voluer en cours d&rsquo;ann\u00e9e<\/h4>\n\n\n\n<figure class=\"wp-block-image size-large\"><a href=\"https:\/\/foyer-laique-verfeil.fr\/wp-content\/uploads\/2024\/07\/DEPLIANT-FOYER-p1-2024-2025.jpg\" data-lbwps-width=\"1754\" data-lbwps-height=\"1240\" data-lbwps-srcsmall=\"https:\/\/foyer-laique-verfeil.fr\/wp-content\/uploads\/2024\/07\/DEPLIANT-FOYER-p1-2024-2025-300x212.jpg\"><img loading=\"lazy\" decoding=\"async\" width=\"1024\" height=\"724\" src=\"https:\/\/foyer-laique-verfeil.fr\/wp-content\/uploads\/2024\/07\/DEPLIANT-FOYER-p1-2024-2025-1024x724.jpg\" alt=\"\" class=\"wp-image-3316\" srcset=\"https:\/\/foyer-laique-verfeil.fr\/wp-content\/uploads\/2024\/07\/DEPLIANT-FOYER-p1-2024-2025-1024x724.jpg 1024w, https:\/\/foyer-laique-verfeil.fr\/wp-content\/uploads\/2024\/07\/DEPLIANT-FOYER-p1-2024-2025-300x212.jpg 300w, https:\/\/foyer-laique-verfeil.fr\/wp-content\/uploads\/2024\/07\/DEPLIANT-FOYER-p1-2024-2025-768x543.jpg 768w, https:\/\/foyer-laique-verfeil.fr\/wp-content\/uploads\/2024\/07\/DEPLIANT-FOYER-p1-2024-2025-1536x1086.jpg 1536w, https:\/\/foyer-laique-verfeil.fr\/wp-content\/uploads\/2024\/07\/DEPLIANT-FOYER-p1-2024-2025-1140x806.jpg 1140w, https:\/\/foyer-laique-verfeil.fr\/wp-content\/uploads\/2024\/07\/DEPLIANT-FOYER-p1-2024-2025.jpg 1754w\" sizes=\"auto, (max-width: 1024px) 100vw, 1024px\" \/><\/a><\/figure>\n\n\n\n<figure class=\"wp-block-image size-large\"><a href=\"https:\/\/foyer-laique-verfeil.fr\/wp-content\/uploads\/2024\/07\/DEPLIANT-FOYER-p2-2024-2025.jpg\" data-lbwps-width=\"1754\" data-lbwps-height=\"1240\" data-lbwps-srcsmall=\"https:\/\/foyer-laique-verfeil.fr\/wp-content\/uploads\/2024\/07\/DEPLIANT-FOYER-p2-2024-2025-300x212.jpg\"><img loading=\"lazy\" decoding=\"async\" width=\"1024\" height=\"724\" src=\"https:\/\/foyer-laique-verfeil.fr\/wp-content\/uploads\/2024\/07\/DEPLIANT-FOYER-p2-2024-2025-1024x724.jpg\" alt=\"\" class=\"wp-image-3317\" srcset=\"https:\/\/foyer-laique-verfeil.fr\/wp-content\/uploads\/2024\/07\/DEPLIANT-FOYER-p2-2024-2025-1024x724.jpg 1024w, https:\/\/foyer-laique-verfeil.fr\/wp-content\/uploads\/2024\/07\/DEPLIANT-FOYER-p2-2024-2025-300x212.jpg 300w, https:\/\/foyer-laique-verfeil.fr\/wp-content\/uploads\/2024\/07\/DEPLIANT-FOYER-p2-2024-2025-768x543.jpg 768w, https:\/\/foyer-laique-verfeil.fr\/wp-content\/uploads\/2024\/07\/DEPLIANT-FOYER-p2-2024-2025-1536x1086.jpg 1536w, https:\/\/foyer-laique-verfeil.fr\/wp-content\/uploads\/2024\/07\/DEPLIANT-FOYER-p2-2024-2025-1140x806.jpg 1140w, https:\/\/foyer-laique-verfeil.fr\/wp-content\/uploads\/2024\/07\/DEPLIANT-FOYER-p2-2024-2025.jpg 1754w\" sizes=\"auto, (max-width: 1024px) 100vw, 1024px\" \/><\/a><\/figure>\n\n\n\n<figure class=\"wp-block-image size-large\"><img loading=\"lazy\" decoding=\"async\" width=\"724\" height=\"1024\" src=\"https:\/\/foyer-laique-verfeil.fr\/wp-content\/uploads\/2025\/01\/AFFICHE-LOTO-2025-A3-jpeg-724x1024.jpg\" alt=\"\" class=\"wp-image-39332\" srcset=\"https:\/\/foyer-laique-verfeil.fr\/wp-content\/uploads\/2025\/01\/AFFICHE-LOTO-2025-A3-jpeg-724x1024.jpg 724w, https:\/\/foyer-laique-verfeil.fr\/wp-content\/uploads\/2025\/01\/AFFICHE-LOTO-2025-A3-jpeg-212x300.jpg 212w, https:\/\/foyer-laique-verfeil.fr\/wp-content\/uploads\/2025\/01\/AFFICHE-LOTO-2025-A3-jpeg-768x1086.jpg 768w, https:\/\/foyer-laique-verfeil.fr\/wp-content\/uploads\/2025\/01\/AFFICHE-LOTO-2025-A3-jpeg-1086x1536.jpg 1086w, https:\/\/foyer-laique-verfeil.fr\/wp-content\/uploads\/2025\/01\/AFFICHE-LOTO-2025-A3-jpeg-1448x2048.jpg 1448w, https:\/\/foyer-laique-verfeil.fr\/wp-content\/uploads\/2025\/01\/AFFICHE-LOTO-2025-A3-jpeg-1140x1612.jpg 1140w, https:\/\/foyer-laique-verfeil.fr\/wp-content\/uploads\/2025\/01\/AFFICHE-LOTO-2025-A3-jpeg.jpg 1754w\" sizes=\"auto, (max-width: 724px) 100vw, 724px\" \/><\/figure>\n\n\n\n<h2 class=\"wp-block-heading has-text-align-center\">Pas de Vacances pour les Administrateurs<\/h2>\n\n\n\n<p class=\"has-text-align-center\"><strong>Nous travaillons tout l&rsquo;\u00e9t\u00e9 \u00e0 organiser les activit\u00e9s et \u00e0 g\u00e9rer les plannings.<br>Le site s&rsquo;alimente au fur et \u00e0 mesure des concr\u00e9tisations.<br>Nous serons pr\u00eats pour la rentr\u00e9e de septembre, promis.<\/strong><\/p>\n\n\n\n<div style=\"height:32px\" aria-hidden=\"true\" class=\"wp-block-spacer\"><\/div>\n\n\n\n<hr class=\"wp-block-separator has-alpha-channel-opacity is-style-wide\"\/>\n\n\n\n<h2 class=\"wp-block-heading has-text-align-center has-vivid-red-color has-text-color has-background has-link-color wp-elements-31bb1a4d373de02ec7ee195c22a7e5b8\" style=\"background-color:#f3f9b885\">C&rsquo;\u00e9tait <em>LA SAISON 2023 \/ 2024<\/em><\/h2>\n\n\n\n<h2 class=\"wp-block-heading has-text-align-center has-vivid-red-color has-text-color\">LE PROGRAMME 2023 \/ 2024 (cliquer sur l&rsquo;image pour zoomer)<\/h2>\n\n\n\n<div class=\"wp-block-columns is-layout-flex wp-container-core-columns-is-layout-9d6595d7 wp-block-columns-is-layout-flex\">\n<div class=\"wp-block-column is-layout-flow wp-block-column-is-layout-flow\">\n<figure class=\"wp-block-image size-large\"><a href=\"https:\/\/foyer-laique-verfeil.fr\/wp-content\/uploads\/2023\/08\/DEPLIANT-FOYER-2023-2024-1.jpg\" data-lbwps-width=\"1754\" data-lbwps-height=\"1240\" data-lbwps-srcsmall=\"https:\/\/foyer-laique-verfeil.fr\/wp-content\/uploads\/2023\/08\/DEPLIANT-FOYER-2023-2024-1-300x212.jpg\"><img loading=\"lazy\" decoding=\"async\" width=\"1024\" height=\"724\" src=\"https:\/\/foyer-laique-verfeil.fr\/wp-content\/uploads\/2023\/08\/DEPLIANT-FOYER-2023-2024-1-1024x724.jpg\" alt=\"\" class=\"wp-image-2641\" srcset=\"https:\/\/foyer-laique-verfeil.fr\/wp-content\/uploads\/2023\/08\/DEPLIANT-FOYER-2023-2024-1-1024x724.jpg 1024w, https:\/\/foyer-laique-verfeil.fr\/wp-content\/uploads\/2023\/08\/DEPLIANT-FOYER-2023-2024-1-300x212.jpg 300w, https:\/\/foyer-laique-verfeil.fr\/wp-content\/uploads\/2023\/08\/DEPLIANT-FOYER-2023-2024-1-768x543.jpg 768w, https:\/\/foyer-laique-verfeil.fr\/wp-content\/uploads\/2023\/08\/DEPLIANT-FOYER-2023-2024-1-1536x1086.jpg 1536w, https:\/\/foyer-laique-verfeil.fr\/wp-content\/uploads\/2023\/08\/DEPLIANT-FOYER-2023-2024-1-1140x806.jpg 1140w, https:\/\/foyer-laique-verfeil.fr\/wp-content\/uploads\/2023\/08\/DEPLIANT-FOYER-2023-2024-1.jpg 1754w\" sizes=\"auto, (max-width: 1024px) 100vw, 1024px\" \/><\/a><\/figure>\n<\/div>\n\n\n\n<div class=\"wp-block-column is-layout-flow wp-block-column-is-layout-flow\">\n<figure class=\"wp-block-image size-large\"><a href=\"https:\/\/foyer-laique-verfeil.fr\/wp-content\/uploads\/2023\/08\/DEPLIANT-FOYER-2023-2024.jpg\" data-lbwps-width=\"1754\" data-lbwps-height=\"1240\" data-lbwps-srcsmall=\"https:\/\/foyer-laique-verfeil.fr\/wp-content\/uploads\/2023\/08\/DEPLIANT-FOYER-2023-2024-300x212.jpg\"><img loading=\"lazy\" decoding=\"async\" width=\"1024\" height=\"724\" src=\"https:\/\/foyer-laique-verfeil.fr\/wp-content\/uploads\/2023\/08\/DEPLIANT-FOYER-2023-2024-1024x724.jpg\" alt=\"\" class=\"wp-image-2642\" srcset=\"https:\/\/foyer-laique-verfeil.fr\/wp-content\/uploads\/2023\/08\/DEPLIANT-FOYER-2023-2024-1024x724.jpg 1024w, https:\/\/foyer-laique-verfeil.fr\/wp-content\/uploads\/2023\/08\/DEPLIANT-FOYER-2023-2024-300x212.jpg 300w, https:\/\/foyer-laique-verfeil.fr\/wp-content\/uploads\/2023\/08\/DEPLIANT-FOYER-2023-2024-768x543.jpg 768w, https:\/\/foyer-laique-verfeil.fr\/wp-content\/uploads\/2023\/08\/DEPLIANT-FOYER-2023-2024-1536x1086.jpg 1536w, https:\/\/foyer-laique-verfeil.fr\/wp-content\/uploads\/2023\/08\/DEPLIANT-FOYER-2023-2024-1140x806.jpg 1140w, https:\/\/foyer-laique-verfeil.fr\/wp-content\/uploads\/2023\/08\/DEPLIANT-FOYER-2023-2024.jpg 1754w\" sizes=\"auto, (max-width: 1024px) 100vw, 1024px\" \/><\/a><\/figure>\n<\/div>\n<\/div>\n\n\n\n<h2 class=\"wp-block-heading has-text-align-center has-vivid-red-color has-text-color has-background\" style=\"background-color:#f0e03052\">Les Nouveaut\u00e9s de cette Saison <br>2 s\u00e9ances de QI GONG par semaine <a href=\"https:\/\/foyer-laique-verfeil.fr\/index.php\/qi-gong-saison-2023-2024-nouveau\/\">ICI<\/a><br>plus 1 s\u00e9ance de TA\u00cf CHI CHUAN chaque semaine <a href=\"https:\/\/foyer-laique-verfeil.fr\/index.php\/tai-chi-chuan-saison-2023-2024-nouveau\/\">ICI<\/a><\/h2>\n\n\n\n<h3 class=\"wp-block-heading\">Le mot du Pr\u00e9sident (octobre 2022)<\/h3>\n\n\n\n<div style=\"height:19px\" aria-hidden=\"true\" class=\"wp-block-spacer\"><\/div>\n\n\n\n<p>Une nouvelle saison d\u2019activit\u00e9 du Foyer La\u00efque a d\u00e9marr\u00e9, c\u2019est la soixanti\u00e8me&nbsp;!<br>Notre association aura soixante ans en 2023. Ceux qui l\u2019ont cr\u00e9\u00e9e ne sont plus l\u00e0 mais les id\u00e9es qui ont \u00e9t\u00e9 \u00e0 l\u2019origine de sa cr\u00e9ation animent encore l\u2019esprit du Foyer.<br>En soixante ans bien des changements se sont produits, la soci\u00e9t\u00e9 dans laquelle nous vivons n\u2019est plus la m\u00eame mais les principes fondateurs dont le principal reste la la\u00efcit\u00e9 sont plus que jamais d\u2019actualit\u00e9. Le Foyer a \u00e9volu\u00e9, il continuera \u00e0 \u00e9voluer pour r\u00e9pondre au mieux \u00e0 l\u2019attente de ses adh\u00e9rents tout en restant fid\u00e8le \u00e0 ses origines.<br>Notre association a besoin de communiquer avec ses adh\u00e9rents et&nbsp; au-del\u00e0 faire conna\u00eetre ses activit\u00e9s le plus largement possible. Le site dont la construction est bien avanc\u00e9e doit r\u00e9pondre \u00e0 cet objectif.<br>Je vous invite \u00e0 le consulter r\u00e9guli\u00e8rement vous y trouverez tout ce qui fait la vie du Foyer et, je l\u2019esp\u00e8re, cela donnera envie \u00e0 ceux qui y participent de continuer et \u00e0 d\u2019autres de venir nous rejoindre.<br>Claude VILESPY<\/p>\n\n\n\n<div class=\"wp-block-columns is-layout-flex wp-container-core-columns-is-layout-9d6595d7 wp-block-columns-is-layout-flex\">\n<div class=\"wp-block-column is-layout-flow wp-block-column-is-layout-flow\"><\/div>\n\n\n\n<div class=\"wp-block-column is-layout-flow wp-block-column-is-layout-flow\"><\/div>\n<\/div>\n","protected":false},"excerpt":{"rendered":"<p>Bienvenue sur le site du Foyer La\u00efque de Verfeil ! Les inscriptions au RALLYE sont OUVERTES Cliquer sur l&rsquo;image pour l&rsquo;agrandir Dernier d\u00e9lai pour vous inscrire :le 12 AVRIL 2026 T\u00e9l\u00e9charger le bulletin d&rsquo;inscription (sous le fichier)\u00e0 joindre \u00e0 votre r\u00e8glement.Les r\u00e9servations seront prises dans l&rsquo;ordre de leur arriv\u00e9e (70 personnes maximum). NOTRE GRAND LOTO ANNUEL DIMANCHE 8 F\u00c9VRIER 14H Salle d&rsquo;En SOLOMIAC La plupart des photos peuvent \u00eatre \u00ab&nbsp;zoom\u00e9es&nbsp;\u00bb par simple clic. En suivant les fl\u00e8ches, s\u2019affichent toutes les photos de la page. Un lien de \u00ab&nbsp;contact&nbsp;\u00bb pour toute question, demande d\u2019info ou simplement pour nous donner votre avis. Un conseil : visionner le site en plein \u00e9cran pour que la mise en page soit respect\u00e9e et la lecture facilit\u00e9e. Le calendrier propre \u00e0 l&rsquo;activit\u00e9 affiche dans sa page.L&rsquo;agenda dans la page d&rsquo;accueil regroupe tous les ateliers. CI-DESSOUS LE PROGRAMME DES ACTIVIT\u00c9S 2025 \/ 2026 Renouvellement d&rsquo;adh\u00e9sion Si vous \u00e9tiez adh\u00e9rent la saison derni\u00e8re 2024\/25 Nous pouvons vous adresser votre fiche d&rsquo;inscription pr\u00e9-remplie sur simple demande. CONTACT Fiche d&rsquo;inscription nouvel adh\u00e9rent Agenda du Foyer Cet Agenda regroupe toutes les activit\u00e9s du Foyer. Chaque rubrique a son propre agenda dans \u00ab\u00a0sa\u00a0\u00bb page. Pour plus de clart\u00e9, cliquer sur l&rsquo;onglet \u00ab\u00a0SEMAINE\u00a0\u00bb ou \u00ab\u00a0PLANNING\u00a0\u00bb (en haut \u00e0 droite). Vous pouvez faire un cours d&rsquo;essai dans toutes les activit\u00e9s L&rsquo;inscription aux ateliers implique votre adh\u00e9sion au Foyer La\u00efque Elle est annuelle, personnelle et valable jusqu&rsquo;en septembre.Les activit\u00e9s anim\u00e9es par des b\u00e9n\u00e9voles sont accessibles gratuitement (Biblioth\u00e8que et Jeux, Couture&#8230;), ou avec une faible participation (Danse, Gourmands&#8230;). I Comment venir au foyer ? ASSEMBL\u00c9E G\u00c9N\u00c9RALESAMEDI 30 AO\u00dbT 2025 15H. LE PROGRAMME 2024 \/ 2025 Ces informations sont toujours susceptibles d&rsquo;\u00e9voluer en cours d&rsquo;ann\u00e9e Pas de Vacances pour les Administrateurs Nous travaillons tout l&rsquo;\u00e9t\u00e9 \u00e0 organiser les activit\u00e9s et \u00e0 g\u00e9rer les plannings.Le site s&rsquo;alimente au fur et \u00e0 mesure des concr\u00e9tisations.Nous serons pr\u00eats pour la rentr\u00e9e de septembre, promis. C&rsquo;\u00e9tait LA SAISON 2023 \/ 2024 LE PROGRAMME 2023 \/ 2024 (cliquer sur l&rsquo;image pour zoomer) Les Nouveaut\u00e9s de cette Saison 2 s\u00e9ances de QI GONG par semaine ICIplus 1 s\u00e9ance de TA\u00cf CHI CHUAN chaque semaine ICI Le mot du Pr\u00e9sident (octobre 2022) Une nouvelle saison d\u2019activit\u00e9 du Foyer La\u00efque a d\u00e9marr\u00e9, c\u2019est la soixanti\u00e8me&nbsp;!Notre association aura soixante ans en 2023. Ceux qui l\u2019ont cr\u00e9\u00e9e ne sont plus l\u00e0 mais les id\u00e9es qui ont \u00e9t\u00e9 \u00e0 l\u2019origine de sa cr\u00e9ation animent encore l\u2019esprit du Foyer.En soixante ans bien des changements se sont produits, la soci\u00e9t\u00e9 dans laquelle nous vivons n\u2019est plus la m\u00eame mais les principes fondateurs dont le principal reste la la\u00efcit\u00e9 sont plus que jamais d\u2019actualit\u00e9. Le Foyer a \u00e9volu\u00e9, il continuera \u00e0 \u00e9voluer pour r\u00e9pondre au mieux \u00e0 l\u2019attente de ses adh\u00e9rents tout en restant fid\u00e8le \u00e0 ses origines.Notre association a besoin de communiquer avec ses adh\u00e9rents et&nbsp; au-del\u00e0 faire conna\u00eetre ses activit\u00e9s le plus largement possible. Le site dont la construction est bien avanc\u00e9e doit r\u00e9pondre \u00e0 cet objectif.Je vous invite \u00e0 le consulter r\u00e9guli\u00e8rement vous y trouverez tout ce qui fait la vie du Foyer et, je l\u2019esp\u00e8re, cela donnera envie \u00e0 ceux qui y participent de continuer et \u00e0 d\u2019autres de venir nous rejoindre.Claude VILESPY<\/p>\n","protected":false},"author":1,"featured_media":0,"parent":0,"menu_order":0,"comment_status":"closed","ping_status":"closed","template":"","meta":{"footnotes":""},"class_list":["post-10","page","type-page","status-publish","hentry"],"_links":{"self":[{"href":"https:\/\/foyer-laique-verfeil.fr\/index.php\/wp-json\/wp\/v2\/pages\/10","targetHints":{"allow":["GET"]}}],"collection":[{"href":"https:\/\/foyer-laique-verfeil.fr\/index.php\/wp-json\/wp\/v2\/pages"}],"about":[{"href":"https:\/\/foyer-laique-verfeil.fr\/index.php\/wp-json\/wp\/v2\/types\/page"}],"author":[{"embeddable":true,"href":"https:\/\/foyer-laique-verfeil.fr\/index.php\/wp-json\/wp\/v2\/users\/1"}],"replies":[{"embeddable":true,"href":"https:\/\/foyer-laique-verfeil.fr\/index.php\/wp-json\/wp\/v2\/comments?post=10"}],"version-history":[{"count":114,"href":"https:\/\/foyer-laique-verfeil.fr\/index.php\/wp-json\/wp\/v2\/pages\/10\/revisions"}],"predecessor-version":[{"id":40243,"href":"https:\/\/foyer-laique-verfeil.fr\/index.php\/wp-json\/wp\/v2\/pages\/10\/revisions\/40243"}],"wp:attachment":[{"href":"https:\/\/foyer-laique-verfeil.fr\/index.php\/wp-json\/wp\/v2\/media?parent=10"}],"curies":[{"name":"wp","href":"https:\/\/api.w.org\/{rel}","templated":true}]}}